{"id":5,"date":"2020-09-01T22:03:42","date_gmt":"2020-09-01T20:03:42","guid":{"rendered":"https:\/\/montessorimondial.se\/kopieringsunderlag\/?page_id=5"},"modified":"2026-08-03T14:55:32","modified_gmt":"2026-08-03T12:55:32","slug":"startsida","status":"publish","type":"page","link":"https:\/\/montessorimondial.se\/kristianstad\/","title":{"rendered":"Startsida"},"content":{"rendered":"\n\t\n\t\n\t\n\t\n\t\n\n<section \n\tclass=\"ams-hero ams-hero--classic ams-hero--75 c-block l-stacked  \"\n\tdata-color-scheme=\"hero\"\n\tstyle=\"\">\n\t<div class=\"ams-hero__container u-items-center u-justify-center\">\n\t\t<div\n\t\t\tclass=\"ams-hero__content l-stack l-stack-xl is-center is-center@md\" >\n\t\t\t<div class=\"l-stack l-stack-lg\">\n\t\t\t\t\t\n\t<h1\n\tclass=\"c-heading u-font-large \"\n\tstyle=\"\">\n\t\t\n\t\t\t\t\t\t\t\t\tMontessori Mondial Kristianstad\n\t\t\t\t<span class=\"c-heading__sub is-below u-font-title-3\">\n\t\t\t\t\tEn skola i Kristianstad med montessoripedagogik\n\t\t\t\t<\/span>\n\t\t\t\t\t\t\t\n\t<\/h1>\n\n\t\t\t\t\t\t\t\t\t<div class=\"text l-stack u-font-body\">\n\t\t\t\t\t\t<p>P\u00e5 Montessori Mondial Kristianstad arbetar vi med \u00e5ldersblandade klasser. Hos oss f\u00e5r eleverna m\u00f6jlighet att l\u00e4ra av varandra. H\u00e4r g\u00e5r drygt 400 elever fr\u00e5n f\u00f6rskoleklass upp till \u00e5rskurs 9. Vi str\u00e4var efter att alla elever ska bli sj\u00e4lvst\u00e4ndiga med h\u00f6g sj\u00e4lvk\u00e4nsla och hj\u00e4lper dem finna gl\u00e4djen i att l\u00e4ra i sin egen takt. V\u00e5r skola pr\u00e4glas av respekt f\u00f6r varandra, f\u00f6r arbetsmilj\u00f6n och f\u00f6r v\u00e4rlden runt omkring oss.<\/p>\n\n\t\t\t\t\t<\/div>\n\t\t\t\t\t\t\t<\/div>\n\n\t\t\t\t<div class=\"ams-hero__action u-inline-items\">\n\t\t\t\t\t\t\t\n\n\n\n<a href=\"https:\/\/montessorimondial.se\/kristianstad\/om\/grundskola\/\"\n\t\n\tclass=\"c-btn \"\n\tdata-style=\"rounded\"\n\tdata-size=\"md\"\n\tdata-width=\"full-mobile\"\n\tdata-variant=\"default\"\n\ttarget=\"_self\">\n\t\t\t<span class=\"label\"> L\u00e4s mer om v\u00e5r skola<\/span>\n\t\t\t\t\t\t\n\t<\/a>\n\t\t\t\t\t\t\t\n\n\n\n<a href=\"https:\/\/montessorimondial.se\/kristianstad\/montessoripedagogik\/\"\n\t\n\tclass=\"c-btn \"\n\tdata-style=\"rounded\"\n\tdata-size=\"md\"\n\tdata-width=\"full-mobile\"\n\tdata-variant=\"outline\"\n\ttarget=\"_self\">\n\t\t\t<span class=\"label\"> Om montessoripedagogiken<\/span>\n\t\t\t\t\t\t\n\t<\/a>\n\t\t\t<\/div>\n\t\t<\/div>\n\t<\/div>\n\n\t\n\t\t\t\n\t\t\t\t\t\t\t\n\t\t\t\t<div class=\"c-bg c-bg--img\" data-settings=\"{&quot;desktop_settings&quot;:{&quot;size&quot;:&quot;cover&quot;,&quot;position&quot;:&quot;middle-center&quot;},&quot;mobile_settings&quot;:{&quot;size&quot;:&quot;cover&quot;,&quot;position&quot;:&quot;middle-center&quot;}}\" data-position=\"middle-center\" data-size=\"cover\">\n\t\t\t<img decoding=\"async\" width=\"1920\" height=\"1080\" src=\"https:\/\/montessorimondial.se\/wp-content\/uploads\/sites\/8\/2024\/02\/montessori-mondial-kristianstad-202305-1920x1080.jpg\" class=\"attachment-hero-lg size-hero-lg\" alt=\"Tv\u00e5 elever p\u00e5 Montessori Mondial Kristianstad sitter vid ett bord och tittar p\u00e5 en jordglob.\" sizes=\"(max-width: 1920px) 100vw, 1920px\" \/>\n\t\t<\/div>\n\t\t\t\n\t\t\t\t\t\t\t\n\t\t\t\t<div class=\"c-bg c-bg--img\" data-settings=\"{&quot;desktop_settings&quot;:{&quot;size&quot;:&quot;auto&quot;,&quot;position&quot;:&quot;top-right&quot;},&quot;mobile_settings&quot;:{&quot;size&quot;:&quot;auto&quot;,&quot;position&quot;:&quot;top-right&quot;}}\" data-position=\"middle-center\" data-size=\"cover\">\n\t\t\t<picture><source media=\"(min-width: 48em)\" srcset=\"https:\/\/montessorimondial.se\/wp-content\/uploads\/sites\/8\/2024\/02\/montessori-mondial-triangel-orange-hoger-topp-150x150-1.png\" sizes=\"(max-width: 150px) 100vw, 150px\" \/><source srcset=\"https:\/\/montessorimondial.se\/wp-content\/uploads\/sites\/8\/2024\/02\/montessori-mondial-triangel-orange-hoger-topp-75x75-1.png\" sizes=\"(max-width: 75px) 100vw, 75px\" \/><img decoding=\"async\" width=\"150\" height=\"150\" src=\"https:\/\/montessorimondial.se\/wp-content\/uploads\/sites\/8\/2024\/02\/montessori-mondial-triangel-orange-hoger-topp-150x150-1.png\" class=\"attachment-hero-lg size-hero-lg\" alt=\"Geometrisk form.\" sizes=\"(max-width: 150px) 100vw, 150px\" \/><\/picture>\n\t\t<\/div>\n\t\t\t\n\t\t\t\t\t\t\t\n\t\t\t\t<div class=\"c-bg c-bg--img\" data-settings=\"{&quot;desktop_settings&quot;:{&quot;size&quot;:&quot;auto&quot;,&quot;position&quot;:&quot;bottom-left&quot;},&quot;mobile_settings&quot;:{&quot;size&quot;:&quot;auto&quot;,&quot;position&quot;:&quot;bottom-left&quot;}}\" data-position=\"middle-center\" data-size=\"cover\">\n\t\t\t<picture><source media=\"(min-width: 48em)\" srcset=\"https:\/\/montessorimondial.se\/wp-content\/uploads\/sites\/8\/2024\/02\/montessori-mondial-ring-orange-vanster-botten-150x150-1.png\" sizes=\"(max-width: 150px) 100vw, 150px\" \/><source srcset=\"https:\/\/montessorimondial.se\/wp-content\/uploads\/sites\/8\/2024\/02\/montessori-mondial-ring-orange-vanster-botten-75x75-1.png\" sizes=\"(max-width: 75px) 100vw, 75px\" \/><img decoding=\"async\" width=\"150\" height=\"150\" src=\"https:\/\/montessorimondial.se\/wp-content\/uploads\/sites\/8\/2024\/02\/montessori-mondial-ring-orange-vanster-botten-150x150-1.png\" class=\"attachment-hero-lg size-hero-lg\" alt=\"Geometrisk form.\" sizes=\"(max-width: 150px) 100vw, 150px\" \/><\/picture>\n\t\t<\/div>\n\t\n<\/section>\n\n\n\n<section  class=\"ams-usp c-block l-stacked\" data-color-scheme=\"2\">\n\t<div class=\"l-container l-stack l-stack-fluid-2xl u-pt-fluid-3xl-6xl u-pb-fluid-3xl-6xl is-center is-center@md\">\n\t\t\t\t\t<div class=\"ams-usp__intro l-stack l-stack-lg\">\n\t\t\t\t\t\n\t<h2\n\tclass=\"c-heading u-font-title-1 \"\n\tstyle=\"\">\n\t\t\n\t\t\t\t\tDet h\u00e4r \u00e4r Montessori Mondial Kristianstad\n\t\t\t\t\n\t<\/h2>\n\n\t\t\t\t\t\t\t<\/div>\n\t\t\n\t\t\t<ul class=\"ams-usp__list l-grid u-justify-center u-gap-fluid-2xl-4xl\">\n\t\t\t\t\t<li class=\"l-col-6@md l-col-4@lg\">\n\t\t\t\t<article\n\t\t\t\t\tclass=\"\n\t\t\t\t\tc-card\n\t\t\t\t\thas-media-zoom\n\t\t\t\t\t\n\t\t\t\t\t\n\t\t\t\t\t\"\n\t\t\t\t\tdata-variant=\"neutral\"\n\t\t\t\t\tdata-style=\"square\"\n\t\t\t\t\t\n\t\t\t\t\t>\n\t\t\t\t\t\t\t\t\t\t\t<div class=\"c-card__content l-stack l-stack-sm u-text-center\">\n\t\t\t\t\t\t\t\t\t\t\t\t\t\t\t<h3 class=\"c-card__title u-font-title-3\">\n\t\t\t\t\t\t\t\t\t\t\t\t\t\t\t\t\t\t\t\t\t\t\t\t\t\t\t\t\t\tResultatinriktad pedagogik\n\t\t\t\t\t\t\t\t\t\t\t\t\t\t\t\t\t\t\t\t\t\t\t\t\t\t\t<\/h3>\n\t\t\t\t\t\t\t\n\t\t\t\t\t\t\t\t\t\t\t\t\t\t\t<div class=\"c-card__text l-stack-xs u-font-body\">\n\t\t\t\t\t\t\t\t\t<p>Hos oss jobbar engagerade l\u00e4rare, som genom resultatinriktad montessoripedagogik ser till att varje elev f\u00e5r uppt\u00e4cka kraften i att l\u00e4ra. V\u00e5ra pedagoger fokuserar p\u00e5 elevernas unika f\u00f6ruts\u00e4ttningar f\u00f6r utveckling.<\/p>\n\n\t\t\t\t\t\t\t\t<\/div>\n\t\t\t\t\t\t\t\t\t\t\t\t\t<\/div>\n\t\t\t\t\t\n\t\t\t\t\t<div class=\"c-card__media\">\n\t\t\t\t\t\t\t\t\t\t\t\t\t<img decoding=\"async\" width=\"400\" height=\"267\" src=\"https:\/\/montessorimondial.se\/wp-content\/uploads\/2020\/09\/montessori-mondialmalarhojden202305-2028-05-1-400x267.jpg\" class=\"u-radius-round u-ratio-landscape  ams_icon_size_usp\" alt=\"Pedagog st\u00e5r bakom tv\u00e5 elever och pratar med dem\" srcset=\"https:\/\/montessorimondial.se\/wp-content\/uploads\/2020\/09\/montessori-mondialmalarhojden202305-2028-05-1-400x267.jpg 400w, https:\/\/montessorimondial.se\/wp-content\/uploads\/2020\/09\/montessori-mondialmalarhojden202305-2028-05-1-300x200.jpg 300w, https:\/\/montessorimondial.se\/wp-content\/uploads\/2020\/09\/montessori-mondialmalarhojden202305-2028-05-1-600x400.jpg 600w, https:\/\/montessorimondial.se\/wp-content\/uploads\/2020\/09\/montessori-mondialmalarhojden202305-2028-05-1-800x533.jpg 800w, https:\/\/montessorimondial.se\/wp-content\/uploads\/2020\/09\/montessori-mondialmalarhojden202305-2028-05-1-1024x683.jpg 1024w, https:\/\/montessorimondial.se\/wp-content\/uploads\/2020\/09\/montessori-mondialmalarhojden202305-2028-05-1-1200x800.jpg 1200w, https:\/\/montessorimondial.se\/wp-content\/uploads\/2020\/09\/montessori-mondialmalarhojden202305-2028-05-1.jpg 2048w\" sizes=\"(max-width: 400px) 100vw, 400px\" \/>\n\t\t\t\t\t\t\t\t\t\t\t<\/div>\n\t\t\t\t<\/article>\n\t\t\t<\/li>\n\n\t\t\t\t\t<li class=\"l-col-6@md l-col-4@lg\">\n\t\t\t\t<article\n\t\t\t\t\tclass=\"\n\t\t\t\t\tc-card\n\t\t\t\t\thas-media-zoom\n\t\t\t\t\t\n\t\t\t\t\t\n\t\t\t\t\t\"\n\t\t\t\t\tdata-variant=\"neutral\"\n\t\t\t\t\tdata-style=\"square\"\n\t\t\t\t\t\n\t\t\t\t\t>\n\t\t\t\t\t\t\t\t\t\t\t<div class=\"c-card__content l-stack l-stack-sm u-text-center\">\n\t\t\t\t\t\t\t\t\t\t\t\t\t\t\t<h3 class=\"c-card__title u-font-title-3\">\n\t\t\t\t\t\t\t\t\t\t\t\t\t\t\t\t\t\t\t\t\t\t\t\t\t\t\t\t\t\tH\u00f6g m\u00e5luppfyllelse\n\t\t\t\t\t\t\t\t\t\t\t\t\t\t\t\t\t\t\t\t\t\t\t\t\t\t\t<\/h3>\n\t\t\t\t\t\t\t\n\t\t\t\t\t\t\t\t\t\t\t\t\t\t\t<div class=\"c-card__text l-stack-xs u-font-body\">\n\t\t\t\t\t\t\t\t\t<p>F\u00f6r oss \u00e4r det viktigt att eleverna utvecklas under hela sin skolg\u00e5ng. D\u00e4rf\u00f6r arbetar vi tillsammans med barn och v\u00e5rdnadshavare f\u00f6r att alla v\u00e5ra elever ska ha 100% m\u00e5luppfyllelse genom hela sin tid hos oss.<\/p>\n\n\t\t\t\t\t\t\t\t<\/div>\n\t\t\t\t\t\t\t\t\t\t\t\t\t<\/div>\n\t\t\t\t\t\n\t\t\t\t\t<div class=\"c-card__media\">\n\t\t\t\t\t\t\t\t\t\t\t\t\t<img decoding=\"async\" width=\"400\" height=\"267\" src=\"https:\/\/montessorimondial.se\/wp-content\/uploads\/2023\/08\/montessori-mondialmalarhojden202305elevmaterial78-400x267.jpg\" class=\"u-radius-round u-ratio-landscape  ams_icon_size_usp\" alt=\"Fem elever sitter och studerar\" srcset=\"https:\/\/montessorimondial.se\/wp-content\/uploads\/2023\/08\/montessori-mondialmalarhojden202305elevmaterial78-400x267.jpg 400w, https:\/\/montessorimondial.se\/wp-content\/uploads\/2023\/08\/montessori-mondialmalarhojden202305elevmaterial78-300x200.jpg 300w, https:\/\/montessorimondial.se\/wp-content\/uploads\/2023\/08\/montessori-mondialmalarhojden202305elevmaterial78-600x400.jpg 600w, https:\/\/montessorimondial.se\/wp-content\/uploads\/2023\/08\/montessori-mondialmalarhojden202305elevmaterial78-800x533.jpg 800w, https:\/\/montessorimondial.se\/wp-content\/uploads\/2023\/08\/montessori-mondialmalarhojden202305elevmaterial78-1024x683.jpg 1024w, https:\/\/montessorimondial.se\/wp-content\/uploads\/2023\/08\/montessori-mondialmalarhojden202305elevmaterial78-1200x800.jpg 1200w, https:\/\/montessorimondial.se\/wp-content\/uploads\/2023\/08\/montessori-mondialmalarhojden202305elevmaterial78.jpg 2048w\" sizes=\"(max-width: 400px) 100vw, 400px\" \/>\n\t\t\t\t\t\t\t\t\t\t\t<\/div>\n\t\t\t\t<\/article>\n\t\t\t<\/li>\n\n\t\t\t\t\t<li class=\"l-col-6@md l-col-4@lg\">\n\t\t\t\t<article\n\t\t\t\t\tclass=\"\n\t\t\t\t\tc-card\n\t\t\t\t\thas-media-zoom\n\t\t\t\t\t\n\t\t\t\t\t\n\t\t\t\t\t\"\n\t\t\t\t\tdata-variant=\"neutral\"\n\t\t\t\t\tdata-style=\"square\"\n\t\t\t\t\t\n\t\t\t\t\t>\n\t\t\t\t\t\t\t\t\t\t\t<div class=\"c-card__content l-stack l-stack-sm u-text-center\">\n\t\t\t\t\t\t\t\t\t\t\t\t\t\t\t<h3 class=\"c-card__title u-font-title-3\">\n\t\t\t\t\t\t\t\t\t\t\t\t\t\t\t\t\t\t\t\t\t\t\t\t\t\t\t\t\t\tEn optimal milj\u00f6 f\u00f6r eleverna\n\t\t\t\t\t\t\t\t\t\t\t\t\t\t\t\t\t\t\t\t\t\t\t\t\t\t\t<\/h3>\n\t\t\t\t\t\t\t\n\t\t\t\t\t\t\t\t\t\t\t\t\t\t\t<div class=\"c-card__text l-stack-xs u-font-body\">\n\t\t\t\t\t\t\t\t\t<p>V\u00e5ra elever f\u00e5r jobba med material d\u00e4r de utvecklar sina sinnen. Genom att arbeta fr\u00e5n det konkreta till det abstrakta anv\u00e4nder de olika sinnen f\u00f6r \u00f6kad f\u00f6rst\u00e5else, hela v\u00e4gen fr\u00e5n f\u00f6rskoleklass till \u00e5rskurs nio.<\/p>\n\n\t\t\t\t\t\t\t\t<\/div>\n\t\t\t\t\t\t\t\t\t\t\t\t\t<\/div>\n\t\t\t\t\t\n\t\t\t\t\t<div class=\"c-card__media\">\n\t\t\t\t\t\t\t\t\t\t\t\t\t<img decoding=\"async\" width=\"400\" height=\"376\" src=\"https:\/\/montessorimondial.se\/wp-content\/uploads\/2025\/06\/montessori-mondialsjostaden202504forskeklasswebb9-e1750317820751-400x376.jpg\" class=\"u-radius-round u-ratio-landscape  ams_icon_size_usp\" alt=\"Tv\u00e5 elever sitter p\u00e5 golvet och l\u00e4r med montessorimaterial.\" srcset=\"https:\/\/montessorimondial.se\/wp-content\/uploads\/2025\/06\/montessori-mondialsjostaden202504forskeklasswebb9-e1750317820751-400x376.jpg 400w, https:\/\/montessorimondial.se\/wp-content\/uploads\/2025\/06\/montessori-mondialsjostaden202504forskeklasswebb9-e1750317820751-300x282.jpg 300w, https:\/\/montessorimondial.se\/wp-content\/uploads\/2025\/06\/montessori-mondialsjostaden202504forskeklasswebb9-e1750317820751-600x564.jpg 600w, https:\/\/montessorimondial.se\/wp-content\/uploads\/2025\/06\/montessori-mondialsjostaden202504forskeklasswebb9-e1750317820751.jpg 708w\" sizes=\"(max-width: 400px) 100vw, 400px\" \/>\n\t\t\t\t\t\t\t\t\t\t\t<\/div>\n\t\t\t\t<\/article>\n\t\t\t<\/li>\n\n\t\t\t<\/ul>\n\n\t\t\t<div class=\"ams-usp__action u-inline-items\">\n\t\t\t\t\t\t\t\n\n\n\n<a href=\"https:\/\/montessorimondial.se\/kristianstad\/om\/\"\n\t\n\tclass=\"c-btn \"\n\tdata-style=\"rounded\"\n\tdata-size=\"md\"\n\tdata-width=\"full-mobile\"\n\tdata-variant=\"outline\"\n\ttarget=\"_self\">\n\t\t\t<span class=\"label\"> Mer om oss<\/span>\n\t\t\t\t\t\t\n\t<\/a>\n\t\t\t<\/div>\n\t<\/div>\n\n\t\t\n\n<\/section>\n\n\n\n\t\n\t\n\t\n\n\t\n\t\n\t\t\n<section  class=\"c-block l-stacked  \" data-color-scheme=\"beige\">\n\t<div class=\"ams-fifty ams-fifty--container ams-fifty--left ams-fifty--bottom l-container u-pt-fluid-3xl-6xl u-pb-fluid-3xl-6xl\">\n\t\t<div class=\"ams-fifty__content l-stack l-stack-xl is-left is-left@lg\">\n\t\t\t<div class=\"ams-fifty__text l-stack l-stack-lg\">\n\t\t\t\t\t\n\t<h2\n\tclass=\"c-heading u-font-title-1 \"\n\tstyle=\"\">\n\t\t\n\t\t\t\t\tResultat att vara stolt \u00f6ver\n\t\t\t\t\n\t<\/h2>\n\n\t\t\t\t\t\t\t\t\t<div class=\"text l-stack u-font-body\">\n\t\t\t\t\t\t<p><span style=\"font-weight: 400;\">Vi bedriver en skola d\u00e4r barnen st\u00e5r i centrum. H\u00e4r ges barnen frihet samtidigt som de l\u00e4r sig att ta ansvar. Vi vet n\u00e4mligen att n\u00e4r naturliga drivkrafter f\u00e5r spelrum v\u00e4xer starka och trygga individer. Att tro p\u00e5 sig sj\u00e4lv och lita till sin egen f\u00f6rm\u00e5ga \u00e4r den b\u00e4sta grunden f\u00f6r ett livsl\u00e5ngt l\u00e4rande.<\/span><\/p>\n\n\t\t\t\t\t<\/div>\n\t\t\t\t\t\t\t<\/div>\n\n\t\t\t\t\t<\/div>\n\n\t\t <div class=\"ams-fifty__media u-ratio-widescreen\">\n\t\t \t\n\t\t\t\n\t\t\t\t\t\t\t<lite-youtube videoid=\"uh-j6kRZ5kw\" style=\"background-image: url('https:\/\/i.ytimg.com\/vi\/uh-j6kRZ5kw\/hqdefault.jpg');\">\n\t\t\t\t\t\t<button href=\"https:\/\/youtube.com\/watch?v=uh-j6kRZ5kw\" class=\"lty-playbtn\" title=\"Play Video\">\n\t\t\t\t\t\t\t<span class=\"lyt-visually-hidden\">Play Video<\/span>\n\t\t\t\t\t\t<\/button>\n\t\t\t\t\t<\/lite-youtube>\n\t\t\t\t\t<\/div>\n\t<\/div>\n\n\t\t\n\n<\/section>\n\n\n\n<section  class=\"ams-quote c-block l-stacked\" data-color-scheme=\"lila\">\n\t<div class=\"l-container l-stack l-stack-fluid-2xl u-pt-fluid-3xl-6xl u-pb-fluid-3xl-6xl is-center is-center@md\">\n\t\t\n\t\t\t\t\t\t\t\t\t<ul class=\"ams-quote__list l-grid u-gap-fluid-2xl-4xl u-justify-center\"\n\taria-label=\"Citat\">\n\t\t\t<li class=\"l-col-12@md\">\n\t\t\t<article class=\"c-card\" data-variant=\"neutral\" >\n\t\t\t\t<div class=\"c-card__content l-stack u-text-center\">\n\t\t\t\t\t\t\t\t\t\t\t<blockquote class=\"c-card__title u-font-title-1\">\n\t\t\t\t\t\t\t\t\t\t\t\t\t\t\t<p class=\"u-quote-marks\">Imponera p\u00e5 dig sj\u00e4lv \u2013 ett citat myntat av Christian Johansson som \u00e4r SO-l\u00e4rare p\u00e5 h\u00f6gstadiet.<\/p>\n\t\t\t\t\t\t\t\t\t\t\t\t\t<\/blockquote>\n\t\t\t\t\t\n\t\t\t\t\t\t\t\t\t\t\t<p class=\"c-card__text\">\n\t\t\t\t\t\t\t<span class=\"author u-font-body\">Martin Stenberg<\/span>\n\t\t\t\t\t\t\t<span class=\"title u-font-body\">Rektor Montessori Mondial Kristianstad<\/span>\n\t\t\t\t\t\t<\/p>\n\t\t\t\t\t\t\t\t\t<\/div>\n\n\t\t\t\t\t\t\t<\/article>\n\t\t<\/li>\n\t<\/ul>\n\t\n\t\n\t\t\t<\/div>\n\n\t\t\n\n<\/section>\n\n\n\n<section  class=\"ams-social-media-feed c-block l-stacked\">\n\t<div class=\"l-container l-stack l-stack-fluid-2xl u-pt-fluid-3xl-6xl u-pb-fluid-3xl-6xl is-center is-center@md\">\n\t\t\t\t\t<div class=\"ams-social-media-feed__intro l-stack l-stack-lg\">\n\t\t\t\t\t\n\t<h2\n\tclass=\"c-heading u-font-title-1 \"\n\tstyle=\"\">\n\t\t\n\t\t\t\t\tSE VAD SOM H\u00c4NDER HOS OSS\n\t\t\t\t\n\t<\/h2>\n\n\t\t\t\t\t\t\t<\/div>\n\t\t\n\t\t\t\t\t<div class=\"elfsight-app-ba53393b-91fc-49c3-9584-a350ee374e54\"><\/div>\n\t\n\t\t\t<\/div>\n\n\t\t\n\n<\/section>\n","protected":false},"excerpt":{"rendered":"","protected":false},"author":1,"featured_media":0,"parent":0,"menu_order":0,"comment_status":"closed","ping_status":"closed","template":"","meta":{"footnotes":""},"yoast_head":"<!-- This site is optimized with the Yoast SEO plugin v22.0 - https:\/\/yoast.com\/wordpress\/plugins\/seo\/ -->\n<title>V\u00e4lkommen till Montessori Mondial Kristianstad!<\/title>\n<meta name=\"description\" content=\"Det h\u00e4r \u00e4r Montessori Mondial, grundskolan med fokus p\u00e5 att undervisa i resultatinriktad montessoripedagogik och ta vara p\u00e5 elevernas lust till l\u00e4rande.\" \/>\n<meta name=\"robots\" content=\"index, follow, max-snippet:-1, max-image-preview:large, max-video-preview:-1\" \/>\n<link rel=\"canonical\" href=\"https:\/\/montessorimondial.se\/kristianstad\/\" \/>\n<meta property=\"og:locale\" content=\"sv_SE\" \/>\n<meta property=\"og:type\" content=\"article\" \/>\n<meta property=\"og:title\" content=\"V\u00e4lkommen till Montessori Mondial Kristianstad!\" \/>\n<meta property=\"og:description\" content=\"Det h\u00e4r \u00e4r Montessori Mondial, grundskolan med fokus p\u00e5 att undervisa i resultatinriktad montessoripedagogik och ta vara p\u00e5 elevernas lust till l\u00e4rande.\" \/>\n<meta property=\"og:url\" content=\"https:\/\/montessorimondial.se\/kristianstad\/\" \/>\n<meta property=\"og:site_name\" content=\"Kristianstad\" \/>\n<meta property=\"article:modified_time\" content=\"2026-08-03T12:55:32+00:00\" \/>\n<meta name=\"twitter:card\" content=\"summary_large_image\" \/>\n<meta name=\"twitter:title\" content=\"V\u00e4lkommen till Montessori Mondial Kristianstad!\" \/>\n<meta name=\"twitter:description\" content=\"Det h\u00e4r \u00e4r Montessori Mondial, grundskolan med fokus p\u00e5 att undervisa i resultatinriktad montessoripedagogik och ta vara p\u00e5 elevernas lust till l\u00e4rande.\" \/>\n<meta name=\"twitter:label1\" content=\"Ber\u00e4knad l\u00e4stid\" \/>\n\t<meta name=\"twitter:data1\" content=\"2 minuter\" \/>\n<script type=\"application\/ld+json\" class=\"yoast-schema-graph\">{\"@context\":\"https:\/\/schema.org\",\"@graph\":[{\"@type\":\"WebPage\",\"@id\":\"https:\/\/montessorimondial.se\/kristianstad\/\",\"url\":\"https:\/\/montessorimondial.se\/kristianstad\/\",\"name\":\"V\u00e4lkommen till Montessori Mondial Kristianstad!\",\"isPartOf\":{\"@id\":\"https:\/\/montessorimondial.se\/kristianstad\/#website\"},\"datePublished\":\"2020-09-01T20:03:42+00:00\",\"dateModified\":\"2026-08-03T12:55:32+00:00\",\"description\":\"Det h\u00e4r \u00e4r Montessori Mondial, grundskolan med fokus p\u00e5 att undervisa i resultatinriktad montessoripedagogik och ta vara p\u00e5 elevernas lust till l\u00e4rande.\",\"breadcrumb\":{\"@id\":\"https:\/\/montessorimondial.se\/kristianstad\/#breadcrumb\"},\"inLanguage\":\"sv-SE\",\"potentialAction\":[{\"@type\":\"ReadAction\",\"target\":[\"https:\/\/montessorimondial.se\/kristianstad\/\"]}]},{\"@type\":\"BreadcrumbList\",\"@id\":\"https:\/\/montessorimondial.se\/kristianstad\/#breadcrumb\",\"itemListElement\":[{\"@type\":\"ListItem\",\"position\":1,\"name\":\"Start\",\"item\":\"https:\/\/montessorimondial.se\/kristianstad\/\"},{\"@type\":\"ListItem\",\"position\":2,\"name\":\"Startsida\"}]},{\"@type\":\"WebSite\",\"@id\":\"https:\/\/montessorimondial.se\/kristianstad\/#website\",\"url\":\"https:\/\/montessorimondial.se\/kristianstad\/\",\"name\":\"Kristianstad\",\"description\":\"Montessorimondial Kristianstad\",\"potentialAction\":[{\"@type\":\"SearchAction\",\"target\":{\"@type\":\"EntryPoint\",\"urlTemplate\":\"https:\/\/montessorimondial.se\/kristianstad\/?s={search_term_string}\"},\"query-input\":\"required name=search_term_string\"}],\"inLanguage\":\"sv-SE\"}]}<\/script>\n<!-- \/ Yoast SEO plugin. -->","yoast_head_json":{"title":"V\u00e4lkommen till Montessori Mondial Kristianstad!","description":"Det h\u00e4r \u00e4r Montessori Mondial, grundskolan med fokus p\u00e5 att undervisa i resultatinriktad montessoripedagogik och ta vara p\u00e5 elevernas lust till l\u00e4rande.","robots":{"index":"index","follow":"follow","max-snippet":"max-snippet:-1","max-image-preview":"max-image-preview:large","max-video-preview":"max-video-preview:-1"},"canonical":"https:\/\/montessorimondial.se\/kristianstad\/","og_locale":"sv_SE","og_type":"article","og_title":"V\u00e4lkommen till Montessori Mondial Kristianstad!","og_description":"Det h\u00e4r \u00e4r Montessori Mondial, grundskolan med fokus p\u00e5 att undervisa i resultatinriktad montessoripedagogik och ta vara p\u00e5 elevernas lust till l\u00e4rande.","og_url":"https:\/\/montessorimondial.se\/kristianstad\/","og_site_name":"Kristianstad","article_modified_time":"2026-08-03T12:55:32+00:00","twitter_card":"summary_large_image","twitter_title":"V\u00e4lkommen till Montessori Mondial Kristianstad!","twitter_description":"Det h\u00e4r \u00e4r Montessori Mondial, grundskolan med fokus p\u00e5 att undervisa i resultatinriktad montessoripedagogik och ta vara p\u00e5 elevernas lust till l\u00e4rande.","twitter_misc":{"Ber\u00e4knad l\u00e4stid":"2 minuter"},"schema":{"@context":"https:\/\/schema.org","@graph":[{"@type":"WebPage","@id":"https:\/\/montessorimondial.se\/kristianstad\/","url":"https:\/\/montessorimondial.se\/kristianstad\/","name":"V\u00e4lkommen till Montessori Mondial Kristianstad!","isPartOf":{"@id":"https:\/\/montessorimondial.se\/kristianstad\/#website"},"datePublished":"2020-09-01T20:03:42+00:00","dateModified":"2026-08-03T12:55:32+00:00","description":"Det h\u00e4r \u00e4r Montessori Mondial, grundskolan med fokus p\u00e5 att undervisa i resultatinriktad montessoripedagogik och ta vara p\u00e5 elevernas lust till l\u00e4rande.","breadcrumb":{"@id":"https:\/\/montessorimondial.se\/kristianstad\/#breadcrumb"},"inLanguage":"sv-SE","potentialAction":[{"@type":"ReadAction","target":["https:\/\/montessorimondial.se\/kristianstad\/"]}]},{"@type":"BreadcrumbList","@id":"https:\/\/montessorimondial.se\/kristianstad\/#breadcrumb","itemListElement":[{"@type":"ListItem","position":1,"name":"Start","item":"https:\/\/montessorimondial.se\/kristianstad\/"},{"@type":"ListItem","position":2,"name":"Startsida"}]},{"@type":"WebSite","@id":"https:\/\/montessorimondial.se\/kristianstad\/#website","url":"https:\/\/montessorimondial.se\/kristianstad\/","name":"Kristianstad","description":"Montessorimondial Kristianstad","potentialAction":[{"@type":"SearchAction","target":{"@type":"EntryPoint","urlTemplate":"https:\/\/montessorimondial.se\/kristianstad\/?s={search_term_string}"},"query-input":"required name=search_term_string"}],"inLanguage":"sv-SE"}]}},"_links":{"self":[{"href":"https:\/\/montessorimondial.se\/kristianstad\/wp-json\/wp\/v2\/pages\/5"}],"collection":[{"href":"https:\/\/montessorimondial.se\/kristianstad\/wp-json\/wp\/v2\/pages"}],"about":[{"href":"https:\/\/montessorimondial.se\/kristianstad\/wp-json\/wp\/v2\/types\/page"}],"author":[{"embeddable":true,"href":"https:\/\/montessorimondial.se\/kristianstad\/wp-json\/wp\/v2\/users\/1"}],"replies":[{"embeddable":true,"href":"https:\/\/montessorimondial.se\/kristianstad\/wp-json\/wp\/v2\/comments?post=5"}],"version-history":[{"count":10,"href":"https:\/\/montessorimondial.se\/kristianstad\/wp-json\/wp\/v2\/pages\/5\/revisions"}],"predecessor-version":[{"id":1619,"href":"https:\/\/montessorimondial.se\/kristianstad\/wp-json\/wp\/v2\/pages\/5\/revisions\/1619"}],"wp:attachment":[{"href":"https:\/\/montessorimondial.se\/kristianstad\/wp-json\/wp\/v2\/media?parent=5"}],"curies":[{"name":"wp","href":"https:\/\/api.w.org\/{rel}","templated":true}]}}