{"id":1799,"date":"2021-08-19T17:52:57","date_gmt":"2021-08-19T15:52:57","guid":{"rendered":"https:\/\/montessorimondial.se\/lidingo\/?page_id=1799"},"modified":"2025-06-24T09:33:16","modified_gmt":"2025-06-24T07:33:16","slug":"forskola","status":"publish","type":"page","link":"https:\/\/montessorimondial.se\/lidingo\/om\/forskola\/","title":{"rendered":"F\u00f6rskola"},"content":{"rendered":"\n<div class=\"wp-block-columns is-layout-flex wp-container-core-columns-layout-1 wp-block-columns-is-layout-flex\">\n<div class=\"wp-block-column is-layout-flow wp-block-column-is-layout-flow\" style=\"flex-basis:100%\">\n<h1 class=\"wp-block-heading\">Om f\u00f6rskolan p\u00e5 Montessori Mondial Liding\u00f6<\/h1>\n\n\n\n<p   class=\"site__ingress container text-left  site__text-color--dark  site__free_text--ingress p-0\">\n\tP\u00e5 v\u00e5r moderna montessorif\u00f6rskola st\u00e5r barnets nyfikenhet och lust att l\u00e4ra i centrum. F\u00f6rskolans milj\u00f6er \u00e4r anpassade utifr\u00e5n barnets behov och intressen d\u00e4r varje individ f\u00e5r m\u00f6jlighet att utveckla ansvarstagande och tillit till sin egen f\u00f6rm\u00e5ga.<\/p>\n\n\n\n\n\t<div\n\t\t class=\"module_wrapper container-fluid images-module\" >\n\t\t<div class=\"row\">\n\t\t\t<div\n\t\t\t\t\tclass=\"col-12 m-0 p-0 position-relative images_module__slideshow images_module__slideshow-container module-expand \">\n\n\t\t\t\t<div class=\"images_module__slide \" data-slide=\"\"\n\t\t\t\t\t data-duration=\"\"><\/div>\n\t\t\t\t\t\t\t\t\t<div\n\t\t\t\t\t\t class=\"images_module__slides \">\n\n\n\t\t\t\t\t\t<div class=\"images__wrapper\"\n\t\t\t\t\t\t\t style=\"aspect-ratio: 1441 \/ 531;\">\n\t\t\t\t\t\t\t<img decoding=\"async\" width=\"1000\" height=\"667\" src=\"https:\/\/montessorimondial.se\/wp-content\/uploads\/sites\/16\/2025\/06\/montessori-mondialsjostaden202504forskolawebb2.jpg\" class=\"images__image_ratio  \" alt=\"Barn i f\u00f6rskolan l\u00e4r med klossar.\" style=\"aspect-ratio: 1441 \/ 531;object-position: center center;\" srcset=\"https:\/\/montessorimondial.se\/wp-content\/uploads\/sites\/16\/2025\/06\/montessori-mondialsjostaden202504forskolawebb2.jpg 1000w, https:\/\/montessorimondial.se\/wp-content\/uploads\/sites\/16\/2025\/06\/montessori-mondialsjostaden202504forskolawebb2-300x200.jpg 300w, https:\/\/montessorimondial.se\/wp-content\/uploads\/sites\/16\/2025\/06\/montessori-mondialsjostaden202504forskolawebb2-400x267.jpg 400w, https:\/\/montessorimondial.se\/wp-content\/uploads\/sites\/16\/2025\/06\/montessori-mondialsjostaden202504forskolawebb2-600x400.jpg 600w, https:\/\/montessorimondial.se\/wp-content\/uploads\/sites\/16\/2025\/06\/montessori-mondialsjostaden202504forskolawebb2-800x534.jpg 800w\" sizes=\"(max-width: 1000px) 100vw, 1000px\" \/>\t\t\t\t\t\t<\/div>\n\n\t\t\t\t\t\t\n\t\t\t\t\t\t\t\t\t\t\t<\/div>\n\t\t\t\t\n\t\t\t\t<div class=\"images_module__container_dot \">\n\t\t\t\t\t<div style=\"text-align:center\">\n\t\t\t\t\t\t\t\t\t\t\t\t\t<span   data-i=\"0\"\n\t\t\t\t\t\t\t\t  class=\"images_module__dot\n\t\t\t\t\t\t\t\t\t\t\t\t\t  \"><\/span>\n\t\t\t\t\t\t\t\t\t\t\t<\/div>\n\t\t\t\t<\/div>\n\n\t\t\t<\/div>\n\t\t<\/div>\n\t<\/div>\n\n\n\t\n\n\n<script>\n\tvar images_display_descriptive_text = \"\";\n<\/script>\n\n\n\n<h2 class=\"wp-block-heading\">V\u00e5r montessorif\u00f6rskola<\/h2>\n\n\n\n<p>Montessori Mondial Liding\u00f6s f\u00f6rskola best\u00e5r av fyra avdelningar. Tv\u00e5 f\u00f6r de yngsta barnen 1-3 \u00e5r samt tv\u00e5 f\u00f6r de \u00e4ldre barnen 3-5 \u00e5r.<\/p>\n\n\n\n<p>Vi \u00f6ppnar och b\u00f6rjar alltid dagen utomhus. Barnen \u00e4r sedan ute under f\u00f6rmiddagen om de inte har en aktivitet i mindre grupper inomhus fr\u00e5n kl. 9:15. Beroende p\u00e5 v\u00e4der och barnens intresse och behov kan vi \u00e4ven g\u00e5 ut efter lunch samt efter mellanm\u00e5let. Minst en dag i veckan g\u00e5r barnen p\u00e5 utflykt. Vi h\u00e5ller oss oftast i n\u00e4romr\u00e5det d\u00e4r vi utforskar skogen, n\u00e4rliggande parker och \u00f6var p\u00e5 att g\u00e5 i trafiken.<\/p>\n\n\n\n<p>De yngre barnen \u00e4ter lunch inne p\u00e5 sin avdelning. De \u00e4ldre barnen g\u00e5r iv\u00e4g till skolans matsal d\u00e4r de \u00e4ter sin lunch. D\u00e4r delas barnen upp s\u00e5 att de som ska b\u00f6rja skolan i h\u00f6st sitter ute i den st\u00f6rsta delen medan barnen som \u00e4r 3-4 \u00e5r \u00e4ter inne i ett eget rum.<\/p>\n<\/div>\n<\/div>\n\n\n\n<div class=\"wp-block-columns is-layout-flex wp-container-core-columns-layout-2 wp-block-columns-is-layout-flex\">\n<div class=\"wp-block-column is-layout-flow wp-block-column-is-layout-flow\">\t<div\n\t\t class=\"container-fluid images-module\" >\n\t\t<div class=\"row my-2\">\n\t\t\t<div\n\t\t\t\t\tclass=\"col-md-12 order-md-1 images_module__img_l images_module__content_spacing_img_l_m  images-module__color-plate-left-bg_site__secondary-bg--100 \">\n\t\t\t\t<div class=\"d-inline-block position-relative\">\n\n\n\t\t\t\t\t<div class=\"images__wrapper\" style=\"\n\t\t\t\t\tmax-width: 440px;\t\t\t\t\tmax-height: 494px;\">\n\t\t\t\t\t\t<img decoding=\"async\" width=\"665\" height=\"666\" src=\"https:\/\/montessorimondial.se\/wp-content\/uploads\/sites\/16\/2025\/06\/montessori-mondialkungsholmen202504forskolawebb17-e1750749888364.jpg\" class=\"d-block images__image_ratio  \" alt=\"F\u00f6rskolebarn \u00f6var p\u00e5 att greppa med pincett.\" style=\"aspect-ratio: 440 \/ 494;object-position: center center;\" srcset=\"https:\/\/montessorimondial.se\/wp-content\/uploads\/sites\/16\/2025\/06\/montessori-mondialkungsholmen202504forskolawebb17-e1750749888364.jpg 665w, https:\/\/montessorimondial.se\/wp-content\/uploads\/sites\/16\/2025\/06\/montessori-mondialkungsholmen202504forskolawebb17-e1750749888364-150x150.jpg 150w, https:\/\/montessorimondial.se\/wp-content\/uploads\/sites\/16\/2025\/06\/montessori-mondialkungsholmen202504forskolawebb17-e1750749888364-300x300.jpg 300w, https:\/\/montessorimondial.se\/wp-content\/uploads\/sites\/16\/2025\/06\/montessori-mondialkungsholmen202504forskolawebb17-e1750749888364-400x401.jpg 400w, https:\/\/montessorimondial.se\/wp-content\/uploads\/sites\/16\/2025\/06\/montessori-mondialkungsholmen202504forskolawebb17-e1750749888364-600x601.jpg 600w\" sizes=\"(max-width: 665px) 100vw, 665px\" \/>\t\t\t\t\t<\/div>\n\n\t\t\t\t\t\n\n\t\t\t\t\t\t\t\t\t<\/div>\n\t\t\t<\/div>\n\t\t<\/div>\n\t<\/div>\n\t\n\n\n<script>\n\tvar images_display_descriptive_text = \"\";\n<\/script>\n<\/div>\n\n\n\n<div class=\"wp-block-column is-layout-flow wp-block-column-is-layout-flow\">\n<h2 class=\"wp-block-heading\">F\u00f6rskolans l\u00e4roplan<\/h2>\n\n\n\n<p>I enlighet med f\u00f6rskolans l\u00e4roplan str\u00e4var vi efter att varje barn utvecklar \u00f6ppenhet, respekt, solidaritet och ansvar f\u00f6r sig sj\u00e4lv, sina kompisar och sin omgivning. Montessoripedagogiken hj\u00e4lper barnet att f\u00f6rst\u00e5 omv\u00e4rlden och blir en v\u00e4g till nya kunskaper genom att arbetsg\u00e5ngen g\u00e5r fr\u00e5n det konkreta till det abstrakta.<\/p>\n\n\n\n<h2 class=\"wp-block-heading\">Inskolning p\u00e5 f\u00f6rskolan<\/h2>\n\n\n\n<p>N\u00e4r du tackat ja till din plats skickar vi hem all information kring inskolningen.<\/p>\n\n\n\n<p>Vi har en 3-dagars f\u00f6r\u00e4ldraaktiv inskolning. Det inneb\u00e4r att du som f\u00f6r\u00e4lder \u00e4r med ditt barn 9:00\u201315:00 under inskolningens f\u00f6rsta tre dagar, s\u00e5 att ditt barn kan l\u00e4ra k\u00e4nna pedagogerna och blir trygg i milj\u00f6n. Du \u00e4r d\u00e5 aktiv i verksamheten, tar hand om ditt barn och till exempel byter bl\u00f6jor. Resterande dagar, av den totalt tv\u00e5 veckor l\u00e5nga inskolningen, vill vi att du \u00e4r p\u00e5 stand-by p\u00e5 telefon.<\/p>\n\n\n\n<p>Ta med extrakl\u00e4der, exempelvis regnkl\u00e4der och gummist\u00f6vlar och ett ombyte (strumpor, underkl\u00e4der, \u00f6verdel och underdel). Ta \u00e4ven med en snuttefilt och napp om ditt barn anv\u00e4nder det.<\/p>\n\n\n\n<h2 class=\"wp-block-heading\">\u00d6ppettider<\/h2>\n\n\n\n<p>Vi f\u00f6ljer Liding\u00f6 stads riktlinjer om \u00f6ppettider f\u00f6r f\u00f6rskolan, fr\u00e5n tidigast 06.30 till senast 18.30, utifr\u00e5n v\u00e5rdnadshavares behov.<\/p>\n<\/div>\n<\/div>\n\n\n\n\n<section  class=\"ams-cta ams-cta--stacked c-block l-stacked\" data-color-scheme=\"beige\">\n\t<div class=\"l-container l-stack l-stack-fluid-2xl u-pt-fluid-3xl-6xl u-pb-fluid-3xl-6xl is-center is-center@md\">\n\t\t\t\t\t<div class=\"ams-cta__intro l-stack l-stack-lg\">\n\t\t\t\t\t\n\t<h2\n\tclass=\"c-heading u-font-title-1 \"\n\tstyle=\"\">\n\t\t\n\t\t\t\t\tS\u00f6ka f\u00f6rskola\n\t\t\t\t\n\t<\/h2>\n\n\t\t\t\t\t\t\t\t\t<div class=\"c-text l-stack u-cs-xl u-font-body\">\n\t\t\t\t\t\t<p>Du som bor p\u00e5 Liding\u00f6 st\u00e4ller ditt barn i k\u00f6 till f\u00f6rskolan via kommunens hemsida. Bor du inte p\u00e5 Liding\u00f6 men \u00e4nd\u00e5 vill st\u00e4lla ditt barn i k\u00f6 till f\u00f6rskolan hos oss s\u00e5 g\u00f6r du det via v\u00e5rt k\u00f6system. L\u00e4s mer genom att klicka p\u00e5 knappen nedan.<\/p>\n\n\t\t\t\t\t<\/div>\n\t\t\t\t\t\t\t<\/div>\n\t\t\n\t\t\n\t\t\t<div class=\"ams-cta__action u-inline-items\">\n\t\t\t\t\t\t\t\n\n\n<a href=\"https:\/\/montessorimondial.se\/lidingo\/koanmalan\/\"\n\t\n\tclass=\"c-btn \"\n\tdata-style=\"rounded\"\n\tdata-size=\"md\"\n\tdata-width=\"full-mobile\"\n\tdata-variant=\"default\"\n\ttarget=\"_self\">\n\t\t\t<span class=\"label\"> Till k\u00f6anm\u00e4lan<\/span>\n\t\t\t<\/a>\n\t\t\t<\/div>\n\t<\/div>\n\n\t\t\n\t\t\t\n\t\t\t\t\t\t\t\n\t\t\t\t<div class=\"c-bg c-bg--img\" data-settings=\"{&quot;desktop_settings&quot;:{&quot;size&quot;:&quot;auto&quot;,&quot;position&quot;:&quot;bottom-left&quot;},&quot;mobile_settings&quot;:{&quot;size&quot;:&quot;auto&quot;,&quot;position&quot;:&quot;bottom-left&quot;}}\" data-position=\"middle-center\" data-size=\"cover\">\n\t\t\t<picture><source media=\"(min-width: 48em)\" srcset=\"https:\/\/montessorimondial.se\/wp-content\/uploads\/sites\/16\/2024\/02\/montessori-mondial-kvartscirkel-lila-vanster-botten-150x150-1.png\" sizes=\"(max-width: 150px) 100vw, 150px\" \/><source srcset=\"https:\/\/montessorimondial.se\/wp-content\/uploads\/sites\/16\/2024\/02\/montessori-mondial-kvartscirkel-lila-vanster-botten-75x75-1.png\" sizes=\"(max-width: 75px) 100vw, 75px\" \/><img decoding=\"async\" width=\"150\" height=\"150\" src=\"https:\/\/montessorimondial.se\/wp-content\/uploads\/sites\/16\/2024\/02\/montessori-mondial-kvartscirkel-lila-vanster-botten-150x150-1.png\" class=\"attachment-hero-lg size-hero-lg\" alt=\"Geometrisk form.\" sizes=\"(max-width: 150px) 100vw, 150px\" \/><\/picture>\n\t\t<\/div>\n\t\t\t\n\t\t\t\t\t\t\t\n\t\t\t\t<div class=\"c-bg c-bg--img\" data-settings=\"{&quot;desktop_settings&quot;:{&quot;size&quot;:&quot;auto&quot;,&quot;position&quot;:&quot;top-right&quot;},&quot;mobile_settings&quot;:{&quot;size&quot;:&quot;auto&quot;,&quot;position&quot;:&quot;top-right&quot;}}\" data-position=\"middle-center\" data-size=\"cover\">\n\t\t\t<picture><source media=\"(min-width: 48em)\" srcset=\"https:\/\/montessorimondial.se\/wp-content\/uploads\/sites\/16\/2024\/02\/montessori-mondial-triangel-orange-hoger-topp-150x150-1.png\" sizes=\"(max-width: 150px) 100vw, 150px\" \/><source srcset=\"https:\/\/montessorimondial.se\/wp-content\/uploads\/sites\/16\/2024\/02\/montessori-mondial-triangel-orange-hoger-topp-75x75-1.png\" sizes=\"(max-width: 75px) 100vw, 75px\" \/><img decoding=\"async\" width=\"150\" height=\"150\" src=\"https:\/\/montessorimondial.se\/wp-content\/uploads\/sites\/16\/2024\/02\/montessori-mondial-triangel-orange-hoger-topp-150x150-1.png\" class=\"attachment-hero-lg size-hero-lg\" alt=\"Geometrisk form.\" sizes=\"(max-width: 150px) 100vw, 150px\" \/><\/picture>\n\t\t<\/div>\n\t\n<\/section>\n","protected":false},"excerpt":{"rendered":"<p>Om f\u00f6rskolan p\u00e5 Montessori Mondial Liding\u00f6 V\u00e5r montessorif\u00f6rskola Montessori Mondial Liding\u00f6s f\u00f6rskola best\u00e5r av fyra avdelningar. Tv\u00e5 f\u00f6r de yngsta barnen 1-3 \u00e5r samt tv\u00e5 f\u00f6r de \u00e4ldre barnen 3-5 \u00e5r. Vi \u00f6ppnar och b\u00f6rjar alltid dagen utomhus. Barnen \u00e4r sedan ute under f\u00f6rmiddagen om de inte har en aktivitet i mindre grupper inomhus fr\u00e5n&#8230;<\/p>\n","protected":false},"author":6,"featured_media":0,"parent":20,"menu_order":0,"comment_status":"closed","ping_status":"closed","template":"","meta":{"footnotes":""},"yoast_head":"<!-- This site is optimized with the Yoast SEO plugin v22.0 - https:\/\/yoast.com\/wordpress\/plugins\/seo\/ -->\n<title>F\u00f6rskola p\u00e5 Liding\u00f6 | Montessori Mondial<\/title>\n<meta name=\"description\" content=\"L\u00e4s mer om v\u00e5r moderna montessorif\u00f6rskola p\u00e5 Liding\u00f6 d\u00e4r barnens nyfikenhet och lust att l\u00e4ra st\u00e5r i centrum.\" \/>\n<meta name=\"robots\" content=\"index, follow, max-snippet:-1, max-image-preview:large, max-video-preview:-1\" \/>\n<link rel=\"canonical\" href=\"https:\/\/montessorimondial.se\/lidingo\/om\/forskola\/\" \/>\n<meta property=\"og:locale\" content=\"sv_SE\" \/>\n<meta property=\"og:type\" content=\"article\" \/>\n<meta property=\"og:title\" content=\"F\u00f6rskola p\u00e5 Liding\u00f6 | Montessori Mondial\" \/>\n<meta property=\"og:description\" content=\"L\u00e4s mer om v\u00e5r moderna montessorif\u00f6rskola p\u00e5 Liding\u00f6 d\u00e4r barnens nyfikenhet och lust att l\u00e4ra st\u00e5r i centrum.\" \/>\n<meta property=\"og:url\" content=\"https:\/\/montessorimondial.se\/lidingo\/om\/forskola\/\" \/>\n<meta property=\"og:site_name\" content=\"Liding\u00f6\" \/>\n<meta property=\"article:modified_time\" content=\"2025-06-24T07:33:16+00:00\" \/>\n<meta name=\"twitter:card\" content=\"summary_large_image\" \/>\n<meta name=\"twitter:title\" content=\"F\u00f6rskola p\u00e5 Liding\u00f6 | Montessori Mondial\" \/>\n<meta name=\"twitter:description\" content=\"L\u00e4s mer om v\u00e5r moderna montessorif\u00f6rskola p\u00e5 Liding\u00f6 d\u00e4r barnens nyfikenhet och lust att l\u00e4ra st\u00e5r i centrum.\" \/>\n<meta name=\"twitter:label1\" content=\"Ber\u00e4knad l\u00e4stid\" \/>\n\t<meta name=\"twitter:data1\" content=\"4 minuter\" \/>\n<script type=\"application\/ld+json\" class=\"yoast-schema-graph\">{\"@context\":\"https:\/\/schema.org\",\"@graph\":[{\"@type\":\"WebPage\",\"@id\":\"https:\/\/montessorimondial.se\/lidingo\/om\/forskola\/\",\"url\":\"https:\/\/montessorimondial.se\/lidingo\/om\/forskola\/\",\"name\":\"F\u00f6rskola p\u00e5 Liding\u00f6 | Montessori Mondial\",\"isPartOf\":{\"@id\":\"https:\/\/montessorimondial.se\/lidingo\/#website\"},\"datePublished\":\"2021-08-19T15:52:57+00:00\",\"dateModified\":\"2025-06-24T07:33:16+00:00\",\"description\":\"L\u00e4s mer om v\u00e5r moderna montessorif\u00f6rskola p\u00e5 Liding\u00f6 d\u00e4r barnens nyfikenhet och lust att l\u00e4ra st\u00e5r i centrum.\",\"breadcrumb\":{\"@id\":\"https:\/\/montessorimondial.se\/lidingo\/om\/forskola\/#breadcrumb\"},\"inLanguage\":\"sv-SE\",\"potentialAction\":[{\"@type\":\"ReadAction\",\"target\":[\"https:\/\/montessorimondial.se\/lidingo\/om\/forskola\/\"]}]},{\"@type\":\"BreadcrumbList\",\"@id\":\"https:\/\/montessorimondial.se\/lidingo\/om\/forskola\/#breadcrumb\",\"itemListElement\":[{\"@type\":\"ListItem\",\"position\":1,\"name\":\"Start\",\"item\":\"https:\/\/montessorimondial.se\/lidingo\/\"},{\"@type\":\"ListItem\",\"position\":2,\"name\":\"Om skolan\",\"item\":\"https:\/\/montessorimondial.se\/lidingo\/om\/\"},{\"@type\":\"ListItem\",\"position\":3,\"name\":\"F\u00f6rskola\"}]},{\"@type\":\"WebSite\",\"@id\":\"https:\/\/montessorimondial.se\/lidingo\/#website\",\"url\":\"https:\/\/montessorimondial.se\/lidingo\/\",\"name\":\"Liding\u00f6\",\"description\":\"Montessori Mondial Kungsholmen\",\"potentialAction\":[{\"@type\":\"SearchAction\",\"target\":{\"@type\":\"EntryPoint\",\"urlTemplate\":\"https:\/\/montessorimondial.se\/lidingo\/?s={search_term_string}\"},\"query-input\":\"required name=search_term_string\"}],\"inLanguage\":\"sv-SE\"}]}<\/script>\n<!-- \/ Yoast SEO plugin. -->","yoast_head_json":{"title":"F\u00f6rskola p\u00e5 Liding\u00f6 | Montessori Mondial","description":"L\u00e4s mer om v\u00e5r moderna montessorif\u00f6rskola p\u00e5 Liding\u00f6 d\u00e4r barnens nyfikenhet och lust att l\u00e4ra st\u00e5r i centrum.","robots":{"index":"index","follow":"follow","max-snippet":"max-snippet:-1","max-image-preview":"max-image-preview:large","max-video-preview":"max-video-preview:-1"},"canonical":"https:\/\/montessorimondial.se\/lidingo\/om\/forskola\/","og_locale":"sv_SE","og_type":"article","og_title":"F\u00f6rskola p\u00e5 Liding\u00f6 | Montessori Mondial","og_description":"L\u00e4s mer om v\u00e5r moderna montessorif\u00f6rskola p\u00e5 Liding\u00f6 d\u00e4r barnens nyfikenhet och lust att l\u00e4ra st\u00e5r i centrum.","og_url":"https:\/\/montessorimondial.se\/lidingo\/om\/forskola\/","og_site_name":"Liding\u00f6","article_modified_time":"2025-06-24T07:33:16+00:00","twitter_card":"summary_large_image","twitter_title":"F\u00f6rskola p\u00e5 Liding\u00f6 | Montessori Mondial","twitter_description":"L\u00e4s mer om v\u00e5r moderna montessorif\u00f6rskola p\u00e5 Liding\u00f6 d\u00e4r barnens nyfikenhet och lust att l\u00e4ra st\u00e5r i centrum.","twitter_misc":{"Ber\u00e4knad l\u00e4stid":"4 minuter"},"schema":{"@context":"https:\/\/schema.org","@graph":[{"@type":"WebPage","@id":"https:\/\/montessorimondial.se\/lidingo\/om\/forskola\/","url":"https:\/\/montessorimondial.se\/lidingo\/om\/forskola\/","name":"F\u00f6rskola p\u00e5 Liding\u00f6 | Montessori Mondial","isPartOf":{"@id":"https:\/\/montessorimondial.se\/lidingo\/#website"},"datePublished":"2021-08-19T15:52:57+00:00","dateModified":"2025-06-24T07:33:16+00:00","description":"L\u00e4s mer om v\u00e5r moderna montessorif\u00f6rskola p\u00e5 Liding\u00f6 d\u00e4r barnens nyfikenhet och lust att l\u00e4ra st\u00e5r i centrum.","breadcrumb":{"@id":"https:\/\/montessorimondial.se\/lidingo\/om\/forskola\/#breadcrumb"},"inLanguage":"sv-SE","potentialAction":[{"@type":"ReadAction","target":["https:\/\/montessorimondial.se\/lidingo\/om\/forskola\/"]}]},{"@type":"BreadcrumbList","@id":"https:\/\/montessorimondial.se\/lidingo\/om\/forskola\/#breadcrumb","itemListElement":[{"@type":"ListItem","position":1,"name":"Start","item":"https:\/\/montessorimondial.se\/lidingo\/"},{"@type":"ListItem","position":2,"name":"Om skolan","item":"https:\/\/montessorimondial.se\/lidingo\/om\/"},{"@type":"ListItem","position":3,"name":"F\u00f6rskola"}]},{"@type":"WebSite","@id":"https:\/\/montessorimondial.se\/lidingo\/#website","url":"https:\/\/montessorimondial.se\/lidingo\/","name":"Liding\u00f6","description":"Montessori Mondial Kungsholmen","potentialAction":[{"@type":"SearchAction","target":{"@type":"EntryPoint","urlTemplate":"https:\/\/montessorimondial.se\/lidingo\/?s={search_term_string}"},"query-input":"required name=search_term_string"}],"inLanguage":"sv-SE"}]}},"_links":{"self":[{"href":"https:\/\/montessorimondial.se\/lidingo\/wp-json\/wp\/v2\/pages\/1799"}],"collection":[{"href":"https:\/\/montessorimondial.se\/lidingo\/wp-json\/wp\/v2\/pages"}],"about":[{"href":"https:\/\/montessorimondial.se\/lidingo\/wp-json\/wp\/v2\/types\/page"}],"author":[{"embeddable":true,"href":"https:\/\/montessorimondial.se\/lidingo\/wp-json\/wp\/v2\/users\/6"}],"replies":[{"embeddable":true,"href":"https:\/\/montessorimondial.se\/lidingo\/wp-json\/wp\/v2\/comments?post=1799"}],"version-history":[{"count":10,"href":"https:\/\/montessorimondial.se\/lidingo\/wp-json\/wp\/v2\/pages\/1799\/revisions"}],"predecessor-version":[{"id":3192,"href":"https:\/\/montessorimondial.se\/lidingo\/wp-json\/wp\/v2\/pages\/1799\/revisions\/3192"}],"up":[{"embeddable":true,"href":"https:\/\/montessorimondial.se\/lidingo\/wp-json\/wp\/v2\/pages\/20"}],"wp:attachment":[{"href":"https:\/\/montessorimondial.se\/lidingo\/wp-json\/wp\/v2\/media?parent=1799"}],"curies":[{"name":"wp","href":"https:\/\/api.w.org\/{rel}","templated":true}]}}