{"id":25,"date":"2020-09-01T22:07:07","date_gmt":"2020-09-01T20:07:07","guid":{"rendered":"https:\/\/montessorimondial.se\/kopieringsunderlag\/?page_id=25"},"modified":"2026-01-29T21:39:43","modified_gmt":"2026-01-29T20:39:43","slug":"grundskola","status":"publish","type":"page","link":"https:\/\/montessorimondial.se\/nacka\/om\/grundskola\/","title":{"rendered":"Grundskola"},"content":{"rendered":"\n<div class=\"wp-block-columns is-layout-flex wp-container-core-columns-layout-1 wp-block-columns-is-layout-flex\">\n<div class=\"wp-block-column is-layout-flow wp-block-column-is-layout-flow\" style=\"flex-basis:66.66%\">\n<h1 class=\"wp-block-heading\">Om grundskolan p\u00e5 Montessori Mondial Nacka<\/h1>\n\n\n\n<p   class=\"site__ingress container text-left  site__text-color--dark  site__free_text--ingress p-0\">\n\tP\u00e5 v\u00e5r moderna montessorigrundskola s\u00e4tts elevens individuella l\u00e4rprocess i fokus. V\u00e5r undervisning \u00e4r utformad f\u00f6r att v\u00e5ra elever ska k\u00e4nna arbetsgl\u00e4dje och lust att l\u00e4ra. N\u00e4r v\u00e5ra elever l\u00e4mnar Montessori Mondial Nacka kan du som v\u00e5rdnadshavare k\u00e4nna dig trygg med att ditt barn har med sig relevanta kunskaper f\u00f6r livet.<\/p>\n\n\n\n\n\n<h2 class=\"wp-block-heading\">F\u00f6rskoleklass till \u00e5rskurs 9<\/h2>\n\n\n\n<p>Montessori Mondial Nacka har f\u00f6rskoleklass till och med \u00e5rskurs nio. Totalt har vi ungef\u00e4r 200 barn och elever p\u00e5 f\u00f6r- och grundskolan. <\/p>\n\n\n\n<h2 class=\"wp-block-heading\">S\u00e5 jobbar vi p\u00e5 l\u00e5gstadiet, mellanstadiet och h\u00f6gstadiet<\/h2>\n\n\n\n<p>Vi \u00e4r m\u00e5na om att alltid erbjuda undervisning som h\u00e5ller h\u00f6g kvalitet och tror p\u00e5 att l\u00e5ta eleven arbeta sj\u00e4lvst\u00e4ndigt, inom ramar och under v\u00e4gledning av pedagogen. Det g\u00f6r att vi f\u00e5r en skola anpassad efter varje individ. Vi g\u00e5r efter Maria Montessoris utbildningsteori om hur barns inl\u00e4rning och utveckling ser ut. Det st\u00e4ller h\u00f6ga krav p\u00e5 barnen, eftersom de tillsammans med pedagogerna f\u00e5r ta ansvar f\u00f6r sina \u00e4mnen i kursplanen.<\/p>\n<\/div>\n\n\n\n<div class=\"wp-block-column wp-column-block-margin-fix is-layout-flow wp-block-column-is-layout-flow\" style=\"flex-basis:33.33%\"><\/div>\n<\/div>\n\n\n\n\n<section  class=\"ams-cta ams-cta--stacked c-block l-stacked\" data-color-scheme=\"nyans1_av_p2\">\n\t<div class=\"l-container l-stack l-stack-fluid-2xl u-pt-fluid-2xl-4xl u-pb-fluid-md-xl is-left is-left@md\">\n\t\t\t\t\t<div class=\"ams-cta__intro l-stack l-stack-lg\">\n\t\t\t\t\t\n\t<h2\n\tclass=\"c-heading u-font-title-1 \"\n\tstyle=\"\">\n\t\t\n\t\t\t\t\tEn vanlig dag f\u00f6r v\u00e5r f\u00f6rskoleklass\n\t\t\t\t\n\t<\/h2>\n\n\t\t\t\t\t\t\t\t\t<div class=\"c-text l-stack u-cs-xl u-font-body\">\n\t\t\t\t\t\t<p data-start=\"224\" data-end=\"433\">Dagen b\u00f6rjar med en gemensam samling som skapar lugn och struktur. Vi g\u00e5r igenom dagens inneh\u00e5ll och g\u00f6r en kort aktivitet tillsammans. D\u00e4refter f\u00f6ljer h\u00f6gl\u00e4sning och samtal d\u00e4r varje barn f\u00e5r komma till tals.<\/p>\n<h2 data-start=\"435\" data-end=\"464\">Utforskande i egen takt<\/h2>\n<p data-start=\"465\" data-end=\"740\">F\u00f6rmiddagen fylls av sj\u00e4lvst\u00e4ndigt arbete med material inom spr\u00e5k, matematik, sensomotorik eller praktiska \u00f6vningar \u2013 alltid anpassat efter barnets niv\u00e5 och intressen. Efter frukt och lek forts\u00e4tter arbetet med f\u00f6rnyad energi innan vi samlas f\u00f6r en gemensam matematikuppgift.<\/p>\n<h2 data-start=\"742\" data-end=\"774\">Lek och l\u00e4rande hela dagen<\/h2>\n<p data-start=\"775\" data-end=\"1015\">Efter en n\u00e4ringsrik lunch fr\u00e5n v\u00e5r egen kock v\u00e4ntar fri lek p\u00e5 skolg\u00e5rden. Dagen avslutas med en samling kring spr\u00e5k och ett sista arbetspass. F\u00f6r m\u00e5nga forts\u00e4tter eftermiddagen p\u00e5 v\u00e5rt fritids \u2013 en trygg plats f\u00f6r fortsatt lek och l\u00e4rande.<\/p>\n<h2 data-start=\"485\" data-end=\"658\">H\u00d6JDPUNKTER F\u00d6R ELEVERNA I VARDAGEN<\/h2>\n<p>Upplevelsen av att f\u00e5 vara sj\u00e4lvst\u00e4ndig och f\u00f6lja sig egen drivkraft g\u00f6r eleverna stolta hela skoldagen. Moment som elever tycker om \u00e4r att skapa \u2013 g\u00e4rna tillsammans med andra. H\u00f6jdpunkten blir lusten att l\u00e4ra!<\/p>\n\n\t\t\t\t\t<\/div>\n\t\t\t\t\t\t\t<\/div>\n\t\t\n\t\t\n\t\t\t<\/div>\n\n\t\t\n\n<\/section>\n\n\n\n<div class=\"wp-block-columns is-layout-flex wp-container-core-columns-layout-2 wp-block-columns-is-layout-flex\">\n<div class=\"wp-block-column is-layout-flow wp-block-column-is-layout-flow\">\t<div\n\t\t class=\"container-fluid images-module\" >\n\t\t<div class=\"row my-2\">\n\t\t\t<div\n\t\t\t\t\tclass=\"col-md-12 order-md-1 images_module__img_l images_module__content_spacing_img_l_m  images-module__color-plate-left-bg_site__secondary-bg--100 \">\n\t\t\t\t<div class=\"d-inline-block position-relative\">\n\n\n\t\t\t\t\t<div class=\"images__wrapper\" style=\"\n\t\t\t\t\tmax-width: 440px;\t\t\t\t\tmax-height: 494px;\">\n\t\t\t\t\t\t<img decoding=\"async\" width=\"773\" height=\"666\" src=\"https:\/\/montessorimondial.se\/wp-content\/uploads\/sites\/14\/2025\/06\/montessori-mondialkungsholmen202504lagstadiewebb3-e1750766292258.jpg\" class=\"d-block images__image_ratio  \" alt=\"Tv\u00e5 elever i f\u00f6rskoleklass sitter i en f\u00e5t\u00f6lj och l\u00e4ser i bok.\" style=\"aspect-ratio: 440 \/ 494;object-position: center center;\" srcset=\"https:\/\/montessorimondial.se\/wp-content\/uploads\/sites\/14\/2025\/06\/montessori-mondialkungsholmen202504lagstadiewebb3-e1750766292258.jpg 773w, https:\/\/montessorimondial.se\/wp-content\/uploads\/sites\/14\/2025\/06\/montessori-mondialkungsholmen202504lagstadiewebb3-e1750766292258-300x258.jpg 300w, https:\/\/montessorimondial.se\/wp-content\/uploads\/sites\/14\/2025\/06\/montessori-mondialkungsholmen202504lagstadiewebb3-e1750766292258-400x345.jpg 400w, https:\/\/montessorimondial.se\/wp-content\/uploads\/sites\/14\/2025\/06\/montessori-mondialkungsholmen202504lagstadiewebb3-e1750766292258-600x517.jpg 600w\" sizes=\"(max-width: 773px) 100vw, 773px\" \/>\t\t\t\t\t<\/div>\n\n\t\t\t\t\t\n\n\t\t\t\t\t\t\t\t\t<\/div>\n\t\t\t<\/div>\n\t\t<\/div>\n\t<\/div>\n\t\n\n\n<script>\n\tvar images_display_descriptive_text = \"\";\n<\/script>\n<\/div>\n\n\n\n<div class=\"wp-block-column is-layout-flow wp-block-column-is-layout-flow\">\n<h2 class=\"wp-block-heading\">Vi garanterar barnets l\u00e4s-, skriv- och r\u00e4knekunskaper<\/h2>\n\n\n\n<p>F\u00f6r oss p\u00e5 Montessori Mondial \u00e4r det en grundl\u00e4ggande r\u00e4ttighet att kunna l\u00e4sa, skriva och r\u00e4kna. D\u00e4rf\u00f6r har det tagits fram en garanti f\u00f6r att grundskolorna tidigt ska f\u00e5nga upp elever och uppm\u00e4rksamma vilken niv\u00e5 de befinner sig p\u00e5 kunskapsm\u00e4ssigt. Detta g\u00f6rs genom screeningar och unders\u00f6kningar f\u00f6r varje elev, d\u00e4r vi m\u00e4ter deras kunskapsniv\u00e5. Det g\u00f6rs f\u00f6r att uppt\u00e4cka barn som beh\u00f6ver extra st\u00f6d i undervisningen, eller de som beh\u00f6ver ytterligare utmaningar. Vi vill skapa de b\u00e4sta f\u00f6ruts\u00e4ttningarna f\u00f6r barnens utveckling och genom att tidigt ta tag i detta, kan vi s\u00e4tta in \u00e5tg\u00e4rder f\u00f6r att hj\u00e4lpa eleven att utvecklas i sin egen takt och p\u00e5 sitt s\u00e4tt. L\u00e4s g\u00e4rna mer om hur vi arbetar med <a href=\"https:\/\/montessorimondial.se\/om\/kvalitet\/\">kvalitet<\/a> p\u00e5 grundskolan.<\/p>\n<\/div>\n<\/div>\n\n\n\n<div class=\"wp-block-columns is-layout-flex wp-container-core-columns-layout-3 wp-block-columns-is-layout-flex\">\n<div class=\"wp-block-column is-layout-flow wp-block-column-is-layout-flow\">\n<h2 class=\"wp-block-heading\">IUP \u2013 Individuella Utvecklingsplaner<\/h2>\n\n\n\n<p>Varje elev har en individuell utvecklingsplan till hj\u00e4lp f\u00f6r att utveckla sitt l\u00e4rande och som st\u00f6d f\u00f6r utv\u00e4rdering och reflektion. Det \u00e4r en plan som tas fram tillsammans med pedagog, elev och v\u00e5rdnadshavare och skrivs in i SchoolSoft.<\/p>\n\n\n\n<h2 class=\"wp-block-heading\">Utvecklingssamtal<\/h2>\n\n\n\n<p>Skolan bjuder in till utvecklingssamtal en g\u00e5ng varje termin f\u00f6r ett samtal mellan elev, mentor och v\u00e5rdnadshavare. Till grund f\u00f6r utvecklingssamtalet ligger barnets IUP, individuella utvecklingsplan, och vi g\u00e5r igenom hur eleven ligger till. Genom detta f\u00e5r vi en b\u00e4ttre m\u00f6jlighet till ett l\u00e5ngsiktigt perspektiv p\u00e5 elevernas l\u00e4rande.<\/p>\n\n\n\n<h2 class=\"wp-block-heading\">Fritidsaktiviteter<\/h2>\n\n\n\n<p>V\u00e5rt fritids ses som en f\u00f6rl\u00e4ngning av skoldagen och aktiviteterna \u00e4r kopplade till det barnen l\u00e4r sig i skolan. Fritids omfattar elever fr\u00e5n f\u00f6rskoleklass till och med \u00e5rskurs tre 3. F\u00f6r de elever som g\u00e5r i \u00e5rskurs 4\u20136 erbjuder vi fritidsklubb. H\u00e4r hittar du mer information om v\u00e5r <a href=\"https:\/\/montessorimondial.se\/nacka\/om\/fritids\/\">fritidsverksamhet<\/a>.<\/p>\n\n\n\n<h2 class=\"wp-block-heading\">Avgift<\/h2>\n\n\n\n<p>Grundskolan \u00e4r kostnadsfri. Kostnad f\u00f6r fritidshem tillkommer och d\u00e4r vi till\u00e4mpar <a href=\"https:\/\/www.nacka.se\/forskola-skola\/forskola-och-pedagogisk-omsorg\/avgifter-forskola-fritidshem\/\" target=\"_blank\" rel=\"noreferrer noopener\">Nackas maxtaxa f\u00f6r fritidshem<\/a>.<\/p>\n<\/div>\n\n\n\n<div class=\"wp-block-column is-layout-flow wp-block-column-is-layout-flow\">\t<div\n\t\t class=\"container-fluid images-module\" >\n\t\t<div class=\"row my-2\">\n\t\t\t<div class=\"col-md-12 images_module__img_r images_module__content_spacing_img_r_m  images-module__color-plate-right-bg_site__secondary-bg--100 \">\n\t\t\t\t<div class=\"position-relative text-right\">\n\t\t\t\t\t<div class=\"images__wrapper\" style=\"float:right; max-width: 440px; max-height: 494px;\">\n\t\t\t\t\t\t<img decoding=\"async\" width=\"1000\" height=\"667\" src=\"https:\/\/montessorimondial.se\/wp-content\/uploads\/sites\/14\/2025\/06\/montessori-mondialsjostaden202504forskeklasswebb28.jpg\" class=\"d-block images__image_ratio  \" alt=\"Elever p\u00e5 Montessori Mondial l\u00e4r tillsammans.\" style=\"aspect-ratio: 440 \/ 494;object-position: center center;\" srcset=\"https:\/\/montessorimondial.se\/wp-content\/uploads\/sites\/14\/2025\/06\/montessori-mondialsjostaden202504forskeklasswebb28.jpg 1000w, https:\/\/montessorimondial.se\/wp-content\/uploads\/sites\/14\/2025\/06\/montessori-mondialsjostaden202504forskeklasswebb28-300x200.jpg 300w, https:\/\/montessorimondial.se\/wp-content\/uploads\/sites\/14\/2025\/06\/montessori-mondialsjostaden202504forskeklasswebb28-400x267.jpg 400w, https:\/\/montessorimondial.se\/wp-content\/uploads\/sites\/14\/2025\/06\/montessori-mondialsjostaden202504forskeklasswebb28-600x400.jpg 600w, https:\/\/montessorimondial.se\/wp-content\/uploads\/sites\/14\/2025\/06\/montessori-mondialsjostaden202504forskeklasswebb28-800x534.jpg 800w\" sizes=\"(max-width: 1000px) 100vw, 1000px\" \/>\t\t\t\t\t<\/div>\n\t\t\t\t\t<div style=\"clear:both;\">\n\t\t\t\t\t\t\n\t\t\t\t\t\t\t\t\t\t\t<\/div>\n\t\t\t\t<\/div>\n\t\t\t<\/div>\n\t\t<\/div>\n\t<\/div>\n\t\n\n\n<script>\n\tvar images_display_descriptive_text = \"\";\n<\/script>\n<\/div>\n<\/div>\n\n\n\n\t<div class=\"module_wrapper ams_remote_pages_module \">\n\t\t\n\n<section  class=\"ams-cta ams-cta--stacked c-block l-stacked\" data-color-scheme=\"beige\">\n\t<div class=\"l-container-narrow l-stack l-stack-fluid-2xl u-pt-fluid-3xl-6xl u-pb-fluid-3xl-6xl is-center is-center@md\">\n\t\t\t\t\t<div class=\"ams-cta__intro l-stack l-stack-lg\">\n\t\t\t\t\t\n\t<h2\n\tclass=\"c-heading u-font-title-1 \"\n\tstyle=\"\">\n\t\t\n\t\t\t\t\tS\u00f6ka f\u00f6rskola eller grundskola\n\t\t\t\t\n\t<\/h2>\n\n\t\t\t\t\t\t\t\t\t<div class=\"c-text l-stack u-cs-xl u-font-body\">\n\t\t\t\t\t\t<p>L\u00e4s mer om k\u00f6anm\u00e4lan och st\u00e4ll ditt barn i k\u00f6 till Montessori Mondial Nacka.<\/p>\n\n\t\t\t\t\t<\/div>\n\t\t\t\t\t\t\t<\/div>\n\t\t\n\t\t\n\t\t\t<div class=\"ams-cta__action u-inline-items\">\n\t\t\t\t\t\t\t\n\n\n<a href=\"https:\/\/montessorimondial.se\/nacka\/koanmalan\/\"\n\t\n\tclass=\"c-btn \"\n\tdata-style=\"rounded\"\n\tdata-size=\"md\"\n\tdata-width=\"full-mobile\"\n\tdata-variant=\"default\"\n\ttarget=\"_self\">\n\t\t\t<span class=\"label\"> Till k\u00f6anm\u00e4lan<\/span>\n\t\t\t<\/a>\n\t\t\t<\/div>\n\t<\/div>\n\n\t\t\n\t\t\t\n\t\t\t\t\t\t\t\n\t\t\t\t<div class=\"c-bg c-bg--img\" data-settings=\"{&quot;desktop_settings&quot;:{&quot;size&quot;:&quot;auto&quot;,&quot;position&quot;:&quot;top-right&quot;},&quot;mobile_settings&quot;:{&quot;size&quot;:&quot;auto&quot;,&quot;position&quot;:&quot;top-right&quot;}}\" data-position=\"middle-center\" data-size=\"cover\">\n\t\t\t<picture><source media=\"(min-width: 48em)\" srcset=\"https:\/\/montessorimondial.se\/wp-content\/uploads\/sites\/14\/2024\/02\/montessori-mondial-triangel-orange-hoger-topp-150x150-1.png\" sizes=\"(max-width: 150px) 100vw, 150px\" \/><source srcset=\"https:\/\/montessorimondial.se\/wp-content\/uploads\/sites\/14\/2024\/02\/montessori-mondial-triangel-orange-hoger-topp-75x75-1.png\" sizes=\"(max-width: 75px) 100vw, 75px\" \/><img decoding=\"async\" width=\"150\" height=\"150\" src=\"https:\/\/montessorimondial.se\/wp-content\/uploads\/sites\/14\/2024\/02\/montessori-mondial-triangel-orange-hoger-topp-150x150-1.png\" class=\"attachment-hero-lg size-hero-lg\" alt=\"Geometrisk form.\" sizes=\"(max-width: 150px) 100vw, 150px\" \/><\/picture>\n\t\t<\/div>\n\t\t\t\n\t\t\t\t\t\t\t\n\t\t\t\t<div class=\"c-bg c-bg--img\" data-settings=\"{&quot;desktop_settings&quot;:{&quot;size&quot;:&quot;auto&quot;,&quot;position&quot;:&quot;bottom-left&quot;},&quot;mobile_settings&quot;:{&quot;size&quot;:&quot;auto&quot;,&quot;position&quot;:&quot;bottom-left&quot;}}\" data-position=\"middle-center\" data-size=\"cover\">\n\t\t\t<picture><source media=\"(min-width: 48em)\" srcset=\"https:\/\/montessorimondial.se\/wp-content\/uploads\/sites\/14\/2024\/02\/montessori-mondial-kvartscirkel-lila-vanster-botten-150x150-1.png\" sizes=\"(max-width: 150px) 100vw, 150px\" \/><source srcset=\"https:\/\/montessorimondial.se\/wp-content\/uploads\/sites\/14\/2024\/02\/montessori-mondial-kvartscirkel-lila-vanster-botten-75x75-1.png\" sizes=\"(max-width: 75px) 100vw, 75px\" \/><img decoding=\"async\" width=\"150\" height=\"150\" src=\"https:\/\/montessorimondial.se\/wp-content\/uploads\/sites\/14\/2024\/02\/montessori-mondial-kvartscirkel-lila-vanster-botten-150x150-1.png\" class=\"attachment-hero-lg size-hero-lg\" alt=\"Geometrisk form.\" sizes=\"(max-width: 150px) 100vw, 150px\" \/><\/picture>\n\t\t<\/div>\n\t\n<\/section>\n\t<\/div>\n\n\t","protected":false},"excerpt":{"rendered":"<p>Om grundskolan p\u00e5 Montessori Mondial Nacka F\u00f6rskoleklass till \u00e5rskurs 9 Montessori Mondial Nacka har f\u00f6rskoleklass till och med \u00e5rskurs nio. Totalt har vi ungef\u00e4r 200 barn och elever p\u00e5 f\u00f6r- och grundskolan. S\u00e5 jobbar vi p\u00e5 l\u00e5gstadiet, mellanstadiet och h\u00f6gstadiet Vi \u00e4r m\u00e5na om att alltid erbjuda undervisning som h\u00e5ller h\u00f6g kvalitet och tror p\u00e5&#8230;<\/p>\n","protected":false},"author":1,"featured_media":0,"parent":20,"menu_order":0,"comment_status":"closed","ping_status":"closed","template":"","meta":{"footnotes":""},"yoast_head":"<!-- This site is optimized with the Yoast SEO plugin v22.0 - https:\/\/yoast.com\/wordpress\/plugins\/seo\/ -->\n<title>Grundskola f\u00f6rskoleklass-\u00e5k 9 | Montessori Mondial Nacka<\/title>\n<meta name=\"description\" content=\"Hos oss kan barnen b\u00f6rja i grundskolan och g\u00e5 hela v\u00e4gen fr\u00e5n f\u00f6rskoleklass till \u00e5rskurs 9. L\u00e4s mer om hur en skoldag hos oss ser ut hos oss.\" \/>\n<meta name=\"robots\" content=\"index, follow, max-snippet:-1, max-image-preview:large, max-video-preview:-1\" \/>\n<link rel=\"canonical\" href=\"https:\/\/montessorimondial.se\/nacka\/om\/grundskola\/\" \/>\n<meta property=\"og:locale\" content=\"sv_SE\" \/>\n<meta property=\"og:type\" content=\"article\" \/>\n<meta property=\"og:title\" content=\"Grundskola f\u00f6rskoleklass-\u00e5k 9 | Montessori Mondial Nacka\" \/>\n<meta property=\"og:description\" content=\"Hos oss kan barnen b\u00f6rja i grundskolan och g\u00e5 hela v\u00e4gen fr\u00e5n f\u00f6rskoleklass till \u00e5rskurs 9. L\u00e4s mer om hur en skoldag hos oss ser ut hos oss.\" \/>\n<meta property=\"og:url\" content=\"https:\/\/montessorimondial.se\/nacka\/om\/grundskola\/\" \/>\n<meta property=\"og:site_name\" content=\"Nacka\" \/>\n<meta property=\"article:modified_time\" content=\"2026-01-29T20:39:43+00:00\" \/>\n<meta name=\"twitter:card\" content=\"summary_large_image\" \/>\n<meta name=\"twitter:title\" content=\"Grundskola f\u00f6rskoleklass-\u00e5k 9 | Montessori Mondial Nacka\" \/>\n<meta name=\"twitter:description\" content=\"Hos oss kan barnen b\u00f6rja i grundskolan och g\u00e5 hela v\u00e4gen fr\u00e5n f\u00f6rskoleklass till \u00e5rskurs 9. L\u00e4s mer om hur en skoldag hos oss ser ut hos oss.\" \/>\n<meta name=\"twitter:label1\" content=\"Ber\u00e4knad l\u00e4stid\" \/>\n\t<meta name=\"twitter:data1\" content=\"4 minuter\" \/>\n<script type=\"application\/ld+json\" class=\"yoast-schema-graph\">{\"@context\":\"https:\/\/schema.org\",\"@graph\":[{\"@type\":\"WebPage\",\"@id\":\"https:\/\/montessorimondial.se\/nacka\/om\/grundskola\/\",\"url\":\"https:\/\/montessorimondial.se\/nacka\/om\/grundskola\/\",\"name\":\"Grundskola f\u00f6rskoleklass-\u00e5k 9 | Montessori Mondial Nacka\",\"isPartOf\":{\"@id\":\"https:\/\/montessorimondial.se\/nacka\/#website\"},\"datePublished\":\"2020-09-01T20:07:07+00:00\",\"dateModified\":\"2026-01-29T20:39:43+00:00\",\"description\":\"Hos oss kan barnen b\u00f6rja i grundskolan och g\u00e5 hela v\u00e4gen fr\u00e5n f\u00f6rskoleklass till \u00e5rskurs 9. L\u00e4s mer om hur en skoldag hos oss ser ut hos oss.\",\"breadcrumb\":{\"@id\":\"https:\/\/montessorimondial.se\/nacka\/om\/grundskola\/#breadcrumb\"},\"inLanguage\":\"sv-SE\",\"potentialAction\":[{\"@type\":\"ReadAction\",\"target\":[\"https:\/\/montessorimondial.se\/nacka\/om\/grundskola\/\"]}]},{\"@type\":\"BreadcrumbList\",\"@id\":\"https:\/\/montessorimondial.se\/nacka\/om\/grundskola\/#breadcrumb\",\"itemListElement\":[{\"@type\":\"ListItem\",\"position\":1,\"name\":\"Start\",\"item\":\"https:\/\/montessorimondial.se\/nacka\/\"},{\"@type\":\"ListItem\",\"position\":2,\"name\":\"Om skolan\",\"item\":\"https:\/\/montessorimondial.se\/nacka\/om\/\"},{\"@type\":\"ListItem\",\"position\":3,\"name\":\"Grundskola\"}]},{\"@type\":\"WebSite\",\"@id\":\"https:\/\/montessorimondial.se\/nacka\/#website\",\"url\":\"https:\/\/montessorimondial.se\/nacka\/\",\"name\":\"Nacka\",\"description\":\"Montessori Mondial Kungsholmen\",\"potentialAction\":[{\"@type\":\"SearchAction\",\"target\":{\"@type\":\"EntryPoint\",\"urlTemplate\":\"https:\/\/montessorimondial.se\/nacka\/?s={search_term_string}\"},\"query-input\":\"required name=search_term_string\"}],\"inLanguage\":\"sv-SE\"}]}<\/script>\n<!-- \/ Yoast SEO plugin. -->","yoast_head_json":{"title":"Grundskola f\u00f6rskoleklass-\u00e5k 9 | Montessori Mondial Nacka","description":"Hos oss kan barnen b\u00f6rja i grundskolan och g\u00e5 hela v\u00e4gen fr\u00e5n f\u00f6rskoleklass till \u00e5rskurs 9. L\u00e4s mer om hur en skoldag hos oss ser ut hos oss.","robots":{"index":"index","follow":"follow","max-snippet":"max-snippet:-1","max-image-preview":"max-image-preview:large","max-video-preview":"max-video-preview:-1"},"canonical":"https:\/\/montessorimondial.se\/nacka\/om\/grundskola\/","og_locale":"sv_SE","og_type":"article","og_title":"Grundskola f\u00f6rskoleklass-\u00e5k 9 | Montessori Mondial Nacka","og_description":"Hos oss kan barnen b\u00f6rja i grundskolan och g\u00e5 hela v\u00e4gen fr\u00e5n f\u00f6rskoleklass till \u00e5rskurs 9. L\u00e4s mer om hur en skoldag hos oss ser ut hos oss.","og_url":"https:\/\/montessorimondial.se\/nacka\/om\/grundskola\/","og_site_name":"Nacka","article_modified_time":"2026-01-29T20:39:43+00:00","twitter_card":"summary_large_image","twitter_title":"Grundskola f\u00f6rskoleklass-\u00e5k 9 | Montessori Mondial Nacka","twitter_description":"Hos oss kan barnen b\u00f6rja i grundskolan och g\u00e5 hela v\u00e4gen fr\u00e5n f\u00f6rskoleklass till \u00e5rskurs 9. L\u00e4s mer om hur en skoldag hos oss ser ut hos oss.","twitter_misc":{"Ber\u00e4knad l\u00e4stid":"4 minuter"},"schema":{"@context":"https:\/\/schema.org","@graph":[{"@type":"WebPage","@id":"https:\/\/montessorimondial.se\/nacka\/om\/grundskola\/","url":"https:\/\/montessorimondial.se\/nacka\/om\/grundskola\/","name":"Grundskola f\u00f6rskoleklass-\u00e5k 9 | Montessori Mondial Nacka","isPartOf":{"@id":"https:\/\/montessorimondial.se\/nacka\/#website"},"datePublished":"2020-09-01T20:07:07+00:00","dateModified":"2026-01-29T20:39:43+00:00","description":"Hos oss kan barnen b\u00f6rja i grundskolan och g\u00e5 hela v\u00e4gen fr\u00e5n f\u00f6rskoleklass till \u00e5rskurs 9. L\u00e4s mer om hur en skoldag hos oss ser ut hos oss.","breadcrumb":{"@id":"https:\/\/montessorimondial.se\/nacka\/om\/grundskola\/#breadcrumb"},"inLanguage":"sv-SE","potentialAction":[{"@type":"ReadAction","target":["https:\/\/montessorimondial.se\/nacka\/om\/grundskola\/"]}]},{"@type":"BreadcrumbList","@id":"https:\/\/montessorimondial.se\/nacka\/om\/grundskola\/#breadcrumb","itemListElement":[{"@type":"ListItem","position":1,"name":"Start","item":"https:\/\/montessorimondial.se\/nacka\/"},{"@type":"ListItem","position":2,"name":"Om skolan","item":"https:\/\/montessorimondial.se\/nacka\/om\/"},{"@type":"ListItem","position":3,"name":"Grundskola"}]},{"@type":"WebSite","@id":"https:\/\/montessorimondial.se\/nacka\/#website","url":"https:\/\/montessorimondial.se\/nacka\/","name":"Nacka","description":"Montessori Mondial Kungsholmen","potentialAction":[{"@type":"SearchAction","target":{"@type":"EntryPoint","urlTemplate":"https:\/\/montessorimondial.se\/nacka\/?s={search_term_string}"},"query-input":"required name=search_term_string"}],"inLanguage":"sv-SE"}]}},"_links":{"self":[{"href":"https:\/\/montessorimondial.se\/nacka\/wp-json\/wp\/v2\/pages\/25"}],"collection":[{"href":"https:\/\/montessorimondial.se\/nacka\/wp-json\/wp\/v2\/pages"}],"about":[{"href":"https:\/\/montessorimondial.se\/nacka\/wp-json\/wp\/v2\/types\/page"}],"author":[{"embeddable":true,"href":"https:\/\/montessorimondial.se\/nacka\/wp-json\/wp\/v2\/users\/1"}],"replies":[{"embeddable":true,"href":"https:\/\/montessorimondial.se\/nacka\/wp-json\/wp\/v2\/comments?post=25"}],"version-history":[{"count":9,"href":"https:\/\/montessorimondial.se\/nacka\/wp-json\/wp\/v2\/pages\/25\/revisions"}],"predecessor-version":[{"id":2909,"href":"https:\/\/montessorimondial.se\/nacka\/wp-json\/wp\/v2\/pages\/25\/revisions\/2909"}],"up":[{"embeddable":true,"href":"https:\/\/montessorimondial.se\/nacka\/wp-json\/wp\/v2\/pages\/20"}],"wp:attachment":[{"href":"https:\/\/montessorimondial.se\/nacka\/wp-json\/wp\/v2\/media?parent=25"}],"curies":[{"name":"wp","href":"https:\/\/api.w.org\/{rel}","templated":true}]}}