{"id":28,"date":"2020-09-01T22:07:29","date_gmt":"2020-09-01T20:07:29","guid":{"rendered":"https:\/\/montessorimondial.se\/kopieringsunderlag\/?page_id=28"},"modified":"2024-02-23T15:44:39","modified_gmt":"2024-02-23T14:44:39","slug":"fritids","status":"publish","type":"page","link":"https:\/\/montessorimondial.se\/nacka\/om\/fritids\/","title":{"rendered":"Fritids"},"content":{"rendered":"\n<div class=\"wp-block-columns is-layout-flex wp-container-core-columns-layout-1 wp-block-columns-is-layout-flex\">\n<div class=\"wp-block-column is-layout-flow wp-block-column-is-layout-flow\" style=\"flex-basis:66.66%\">\n<h1 class=\"wp-block-heading\"><strong>Fritidsverksamhet<\/strong>en<\/h1>\n\n\n\n<p   class=\"site__ingress container text-left  site__text-color--dark  site__free_text--ingress p-0\">\n\tV\u00e4lkommen till v\u00e5r fritidsverksamhet! H\u00e4r hittar vi varje dag p\u00e5 aktiviteter efter skolan. Barnen f\u00e5r skapa, l\u00e4ra och leka tillsammans med utbildade pedagoger.<\/p>\n\n\n\n\n\n<h2 class=\"wp-block-heading\">Fritids och fritidsklubb<\/h2>\n\n\n\n<p>P\u00e5 Montessori Mondial Nacka erbjuder vi fritids f\u00f6r elever i f\u00f6rskoleklass upp till \u00e5rskurs 3. F\u00f6r de elever som g\u00e5r i \u00e5rskurs 4\u20136 erbjuder vi fritidsklubb. V\u00e5r fritidsverksamhet har som uppgift att komplettera f\u00f6rskoleklassen och skolan samt att g\u00f6ra det m\u00f6jligt f\u00f6r v\u00e5rdnadshavare att f\u00f6rena f\u00f6r\u00e4ldraskap med arbete eller studier.<\/p>\n<\/div>\n\n\n\n<div class=\"wp-block-column is-layout-flow wp-block-column-is-layout-flow\" style=\"flex-basis:33.33%\">\n<p><\/p>\n<\/div>\n<\/div>\n\n\n\n<div class=\"wp-block-columns is-layout-flex wp-container-core-columns-layout-2 wp-block-columns-is-layout-flex\">\n<div class=\"wp-block-column is-layout-flow wp-block-column-is-layout-flow\">\t<div\n\t\t class=\"container-fluid images-module\" >\n\t\t<div class=\"row my-2\">\n\t\t\t<div\n\t\t\t\t\tclass=\"col-md-12 order-md-1 images_module__img_l images_module__content_spacing_img_l_m  images-module__color-plate-left-bg_site__secondary-bg--100 \">\n\t\t\t\t<div class=\"d-inline-block position-relative\">\n\n\n\t\t\t\t\t<div class=\"images__wrapper\" style=\"\n\t\t\t\t\tmax-width: 440px;\t\t\t\t\tmax-height: 494px;\">\n\t\t\t\t\t\t<img decoding=\"async\" width=\"2048\" height=\"1365\" src=\"https:\/\/montessorimondial.se\/wp-content\/uploads\/sites\/14\/2023\/08\/montessori-mondialmalarhojden202305-2028052-2.jpg\" class=\"d-block images__image_ratio  \" alt=\"Elever sitter p\u00e5 golvet i ett klassrum och g\u00f6r en \u00f6vning\" style=\"aspect-ratio: 440 \/ 494;object-position: center center;\" srcset=\"https:\/\/montessorimondial.se\/wp-content\/uploads\/sites\/14\/2023\/08\/montessori-mondialmalarhojden202305-2028052-2.jpg 2048w, https:\/\/montessorimondial.se\/wp-content\/uploads\/sites\/14\/2023\/08\/montessori-mondialmalarhojden202305-2028052-2-300x200.jpg 300w, https:\/\/montessorimondial.se\/wp-content\/uploads\/sites\/14\/2023\/08\/montessori-mondialmalarhojden202305-2028052-2-400x267.jpg 400w, https:\/\/montessorimondial.se\/wp-content\/uploads\/sites\/14\/2023\/08\/montessori-mondialmalarhojden202305-2028052-2-600x400.jpg 600w, https:\/\/montessorimondial.se\/wp-content\/uploads\/sites\/14\/2023\/08\/montessori-mondialmalarhojden202305-2028052-2-800x533.jpg 800w, https:\/\/montessorimondial.se\/wp-content\/uploads\/sites\/14\/2023\/08\/montessori-mondialmalarhojden202305-2028052-2-1024x683.jpg 1024w, https:\/\/montessorimondial.se\/wp-content\/uploads\/sites\/14\/2023\/08\/montessori-mondialmalarhojden202305-2028052-2-1200x800.jpg 1200w\" sizes=\"(max-width: 2048px) 100vw, 2048px\" \/>\t\t\t\t\t<\/div>\n\n\t\t\t\t\t\n\n\t\t\t\t\t\t\t\t\t<\/div>\n\t\t\t<\/div>\n\t\t<\/div>\n\t<\/div>\n\t\n\n\n<script>\n\tvar images_display_descriptive_text = \"\";\n<\/script>\n<\/div>\n\n\n\n<div class=\"wp-block-column is-layout-flow wp-block-column-is-layout-flow\">\n<h2 class=\"wp-block-heading\">S\u00e5 jobbar vi p\u00e5 fritids<\/h2>\n\n\n\n<p>Vi str\u00e4var alltid efter att ge varje barn och elev en v\u00e4rdefull och givande eftermiddag d\u00e4r v\u00e5r verksamhet byggs utifr\u00e5n deras id\u00e9er. Stor vikt l\u00e4ggs p\u00e5 att utveckla sj\u00e4lvk\u00e4nsla, sociala kompetenser, ansvar och respekt.<\/p>\n\n\n\n<p>V\u00e5rt fritids tar vid d\u00e4r skolan slutar och alla elever har m\u00f6jlighet att p\u00e5verka och v\u00e4lja de aktiviteter de vill under dagen. De som g\u00e5r p\u00e5 fritidsklubben har ett st\u00f6rre eget ansvar och utrymme f\u00f6r egen kreativitet och fria aktiviteter.<\/p>\n\n\n\n<h2 class=\"wp-block-heading\">Ans\u00f6k om fritidsplats<\/h2>\n\n\n\n<p>Om du vill ans\u00f6ka till v\u00e5rt fritids g\u00f6r du det via&nbsp;<a href=\"https:\/\/www.nacka.se\/forskola-skola\/fritidshem-och-fritidsklubb\/\" target=\"_blank\" rel=\"noreferrer noopener\">Nacka kommun<\/a>. H\u00e4r anm\u00e4ler du ocks\u00e5 om du vill avsluta ditt barns fritidsplats. F\u00f6r fritidsklubben tecknas ett avtal per termin och det administreras av skolan.<\/p>\n<\/div>\n<\/div>\n\n\n\n<section \n\t\t class=\"\n\t\t ams-contact\n\t\t \n\t\t c-block l-stacked\n\t\t \n\t\t \n\t\t js-load-more\n\t\t \"\n\t\t data-color-scheme=\"beige\"\n\t\t\t\t\tdata-count=\"3\"\n\t\t\t\t\t\t\tdata-count-mobile=\"2\"\n\t\t\t\t>\n\t<div\n\t\t class=\"\n\t\t l-container\n\t\t l-stack l-stack-fluid-2xl\n\t\t u-pt-fluid-3xl-6xl\n\t\t u-pb-fluid-3xl-6xl\n\t\t is-center\n\t\t is-center@md\n\t\t \">\n\t\t\t\t\t<div class=\"ams-contact__intro l-stack l-stack-lg\">\n\t\t\t\t\t\n\t<h2\n\tclass=\"c-heading u-font-title-1 \"\n\tstyle=\"\">\n\t\t\n\t\t\t\t\tHar du fr\u00e5gor om v\u00e5rt fritids?\n\t\t\t\t\n\t<\/h2>\n\n\t\t\t\t\t\t\t<\/div>\n\t\t\n\t\t\n\t\t    \t\n\t\t\n\t\t<ul\n\t\t\tid=\"contact-grid-69f3d6c201af9\"\n\t\t\tclass=\"ams-contact__list l-grid u-gap-fluid-2xl-4xl u-justify-center js-results \"\n\t\t\taria-label=\"Kontakter\"\n\t\t\tdata-filter-animation=\"off\"\n\t\t\t>\n\t\t\t\t\t\t\t\t\t\t\t\n\t\t\t\t\n\t\t\t\t<li class=\"l-col-12 \" data-filter=\"e\">\n\t\t\t\t\t<article class=\"c-card u-justify-center\" data-variant=\"inline\">\n\t\t\t\t\t\t<div class=\"c-card__content u-flex-basis-auto u-flex-grow-0 u-text-center@mobile\">\n\t\t\t\t\t\t\t\t\t\t\t\t\t\t\t<h3 class=\"c-card__title u-font-title-3\">\n\t\t\t\t\t\t\t\t\tFritids och Fritidsklubben\n\t\t\t\t\t\t\t\t<\/h3>\n\t\t\t\t\t\t\t\n\t\t\t\t\t\t\t\n\t\t\t\t\t\t\t\t\t\t\t\t\t\t\t<div class=\"contact-info u-font-body\">\n\t\t\t\t\t\t\t\t\t\t\t\t\t\t\t\t\t\t\t\t\t\t\t\t\t\t\t\t\t\t<p class=\"phone\"><a\n\t\t\t\t\t\t\t\t\t\t\t\t\thref=\"tel:0703999338\"\n\t\t\t\t\t\t\t\t\t\t\t\t\tclass=\"u-text-link\">0703-99 93 38<\/a>\n\t\t\t\t\t\t\t\t\t\t\t<\/p>\n\t\t\t\t\t\t\t\t\t\t\t\t\t\t\t\t\t\t\t\n\t\t\t\t\t\t\t\t\t\t\t\t\t\t\t\t\t<\/div>\n\t\t\t\t\t\t\t\n\t\t\t\t\t\t\t\t\t\t\t\t\t<\/div>\n\t\t\t\t\t\t<div class=\"c-card__media\">\n\t\t\t\t\t\t\t\t\t\t\t\t\t\t\t\t\t\t\t\t\t\t\t\t\t\t\t\t\t\t\t\t\t\t\t\t\t\t\t\t\t\t\t\t\t\t\t\t\t<img decoding=\"async\" src=\"https:\/\/montessorimondial.se\/wp-content\/uploads\/2020\/10\/montessorimondialavatar2.svg\" class=\"u-radius-round u-ratio-landscape  \" alt=\"\" sizes=\"(max-width: 300px) 100vw, 300px\" height=\"242\" width=\"242\" \/>\n\t\t\t\t\t\t<\/div>\n\t\t\t\t\t<\/article>\n\t\t\t\t<\/li>\n\t\t\t\t\t<\/ul>\n\n\t\t\n\t\t    <div class=\"ams-contact__more u-inline-items js-load-more-btn\">\n        <button href=\"#\"\n                class=\"c-btn\"\n                data-style=\"rounded\"\n                data-size=\"md\"\n                data-width=\"full-mobile\"\n                data-variant=\"outline\">\n        \tVisa mer\n        <\/button>\n    <\/div>\n\n\t\t\t<\/div>\n\n\t\t\n\n<\/section>\n\n\n<div   id=\"page-relative-menu\" class=\"site__font-monospace   container_width--full_width_conIcon   d-lg-none  \">\n\n\t\t\t\n<\/div>\n","protected":false},"excerpt":{"rendered":"<p>Fritidsverksamheten Fritids och fritidsklubb P\u00e5 Montessori Mondial Nacka erbjuder vi fritids f\u00f6r elever i f\u00f6rskoleklass upp till \u00e5rskurs 3. F\u00f6r de elever som g\u00e5r i \u00e5rskurs 4\u20136 erbjuder vi fritidsklubb. V\u00e5r fritidsverksamhet har som uppgift att komplettera f\u00f6rskoleklassen och skolan samt att g\u00f6ra det m\u00f6jligt f\u00f6r v\u00e5rdnadshavare att f\u00f6rena f\u00f6r\u00e4ldraskap med arbete eller studier. S\u00e5&#8230;<\/p>\n","protected":false},"author":1,"featured_media":0,"parent":20,"menu_order":0,"comment_status":"closed","ping_status":"closed","template":"","meta":{"footnotes":""},"yoast_head":"<!-- This site is optimized with the Yoast SEO plugin v22.0 - https:\/\/yoast.com\/wordpress\/plugins\/seo\/ -->\n<title>Fritids och Fritidsklubben | Montessori Mondial Nacka<\/title>\n<meta name=\"description\" content=\"L\u00e4s om vad barnen g\u00f6r p\u00e5 fritids och fritidsklubben. Du hittar \u00e4ven information om vad vi hittar p\u00e5, avgifter samt kontaktuppgifter.\" \/>\n<meta name=\"robots\" content=\"index, follow, max-snippet:-1, max-image-preview:large, max-video-preview:-1\" \/>\n<link rel=\"canonical\" href=\"https:\/\/montessorimondial.se\/nacka\/om\/fritids\/\" \/>\n<meta property=\"og:locale\" content=\"sv_SE\" \/>\n<meta property=\"og:type\" content=\"article\" \/>\n<meta property=\"og:title\" content=\"Fritids och Fritidsklubben | Montessori Mondial Nacka\" \/>\n<meta property=\"og:description\" content=\"L\u00e4s om vad barnen g\u00f6r p\u00e5 fritids och fritidsklubben. Du hittar \u00e4ven information om vad vi hittar p\u00e5, avgifter samt kontaktuppgifter.\" \/>\n<meta property=\"og:url\" content=\"https:\/\/montessorimondial.se\/nacka\/om\/fritids\/\" \/>\n<meta property=\"og:site_name\" content=\"Nacka\" \/>\n<meta property=\"article:modified_time\" content=\"2024-02-23T14:44:39+00:00\" \/>\n<meta name=\"twitter:card\" content=\"summary_large_image\" \/>\n<meta name=\"twitter:title\" content=\"Fritids och Fritidsklubben | Montessori Mondial Nacka\" \/>\n<meta name=\"twitter:description\" content=\"L\u00e4s om vad barnen g\u00f6r p\u00e5 fritids och fritidsklubben. Du hittar \u00e4ven information om vad vi hittar p\u00e5, avgifter samt kontaktuppgifter.\" \/>\n<meta name=\"twitter:label1\" content=\"Ber\u00e4knad l\u00e4stid\" \/>\n\t<meta name=\"twitter:data1\" content=\"1 minut\" \/>\n<script type=\"application\/ld+json\" class=\"yoast-schema-graph\">{\"@context\":\"https:\/\/schema.org\",\"@graph\":[{\"@type\":\"WebPage\",\"@id\":\"https:\/\/montessorimondial.se\/nacka\/om\/fritids\/\",\"url\":\"https:\/\/montessorimondial.se\/nacka\/om\/fritids\/\",\"name\":\"Fritids och Fritidsklubben | Montessori Mondial Nacka\",\"isPartOf\":{\"@id\":\"https:\/\/montessorimondial.se\/nacka\/#website\"},\"datePublished\":\"2020-09-01T20:07:29+00:00\",\"dateModified\":\"2024-02-23T14:44:39+00:00\",\"description\":\"L\u00e4s om vad barnen g\u00f6r p\u00e5 fritids och fritidsklubben. Du hittar \u00e4ven information om vad vi hittar p\u00e5, avgifter samt kontaktuppgifter.\",\"breadcrumb\":{\"@id\":\"https:\/\/montessorimondial.se\/nacka\/om\/fritids\/#breadcrumb\"},\"inLanguage\":\"sv-SE\",\"potentialAction\":[{\"@type\":\"ReadAction\",\"target\":[\"https:\/\/montessorimondial.se\/nacka\/om\/fritids\/\"]}]},{\"@type\":\"BreadcrumbList\",\"@id\":\"https:\/\/montessorimondial.se\/nacka\/om\/fritids\/#breadcrumb\",\"itemListElement\":[{\"@type\":\"ListItem\",\"position\":1,\"name\":\"Start\",\"item\":\"https:\/\/montessorimondial.se\/nacka\/\"},{\"@type\":\"ListItem\",\"position\":2,\"name\":\"Om skolan\",\"item\":\"https:\/\/montessorimondial.se\/nacka\/om\/\"},{\"@type\":\"ListItem\",\"position\":3,\"name\":\"Fritids\"}]},{\"@type\":\"WebSite\",\"@id\":\"https:\/\/montessorimondial.se\/nacka\/#website\",\"url\":\"https:\/\/montessorimondial.se\/nacka\/\",\"name\":\"Nacka\",\"description\":\"Montessori Mondial Kungsholmen\",\"potentialAction\":[{\"@type\":\"SearchAction\",\"target\":{\"@type\":\"EntryPoint\",\"urlTemplate\":\"https:\/\/montessorimondial.se\/nacka\/?s={search_term_string}\"},\"query-input\":\"required name=search_term_string\"}],\"inLanguage\":\"sv-SE\"}]}<\/script>\n<!-- \/ Yoast SEO plugin. -->","yoast_head_json":{"title":"Fritids och Fritidsklubben | Montessori Mondial Nacka","description":"L\u00e4s om vad barnen g\u00f6r p\u00e5 fritids och fritidsklubben. Du hittar \u00e4ven information om vad vi hittar p\u00e5, avgifter samt kontaktuppgifter.","robots":{"index":"index","follow":"follow","max-snippet":"max-snippet:-1","max-image-preview":"max-image-preview:large","max-video-preview":"max-video-preview:-1"},"canonical":"https:\/\/montessorimondial.se\/nacka\/om\/fritids\/","og_locale":"sv_SE","og_type":"article","og_title":"Fritids och Fritidsklubben | Montessori Mondial Nacka","og_description":"L\u00e4s om vad barnen g\u00f6r p\u00e5 fritids och fritidsklubben. Du hittar \u00e4ven information om vad vi hittar p\u00e5, avgifter samt kontaktuppgifter.","og_url":"https:\/\/montessorimondial.se\/nacka\/om\/fritids\/","og_site_name":"Nacka","article_modified_time":"2024-02-23T14:44:39+00:00","twitter_card":"summary_large_image","twitter_title":"Fritids och Fritidsklubben | Montessori Mondial Nacka","twitter_description":"L\u00e4s om vad barnen g\u00f6r p\u00e5 fritids och fritidsklubben. Du hittar \u00e4ven information om vad vi hittar p\u00e5, avgifter samt kontaktuppgifter.","twitter_misc":{"Ber\u00e4knad l\u00e4stid":"1 minut"},"schema":{"@context":"https:\/\/schema.org","@graph":[{"@type":"WebPage","@id":"https:\/\/montessorimondial.se\/nacka\/om\/fritids\/","url":"https:\/\/montessorimondial.se\/nacka\/om\/fritids\/","name":"Fritids och Fritidsklubben | Montessori Mondial Nacka","isPartOf":{"@id":"https:\/\/montessorimondial.se\/nacka\/#website"},"datePublished":"2020-09-01T20:07:29+00:00","dateModified":"2024-02-23T14:44:39+00:00","description":"L\u00e4s om vad barnen g\u00f6r p\u00e5 fritids och fritidsklubben. Du hittar \u00e4ven information om vad vi hittar p\u00e5, avgifter samt kontaktuppgifter.","breadcrumb":{"@id":"https:\/\/montessorimondial.se\/nacka\/om\/fritids\/#breadcrumb"},"inLanguage":"sv-SE","potentialAction":[{"@type":"ReadAction","target":["https:\/\/montessorimondial.se\/nacka\/om\/fritids\/"]}]},{"@type":"BreadcrumbList","@id":"https:\/\/montessorimondial.se\/nacka\/om\/fritids\/#breadcrumb","itemListElement":[{"@type":"ListItem","position":1,"name":"Start","item":"https:\/\/montessorimondial.se\/nacka\/"},{"@type":"ListItem","position":2,"name":"Om skolan","item":"https:\/\/montessorimondial.se\/nacka\/om\/"},{"@type":"ListItem","position":3,"name":"Fritids"}]},{"@type":"WebSite","@id":"https:\/\/montessorimondial.se\/nacka\/#website","url":"https:\/\/montessorimondial.se\/nacka\/","name":"Nacka","description":"Montessori Mondial Kungsholmen","potentialAction":[{"@type":"SearchAction","target":{"@type":"EntryPoint","urlTemplate":"https:\/\/montessorimondial.se\/nacka\/?s={search_term_string}"},"query-input":"required name=search_term_string"}],"inLanguage":"sv-SE"}]}},"_links":{"self":[{"href":"https:\/\/montessorimondial.se\/nacka\/wp-json\/wp\/v2\/pages\/28"}],"collection":[{"href":"https:\/\/montessorimondial.se\/nacka\/wp-json\/wp\/v2\/pages"}],"about":[{"href":"https:\/\/montessorimondial.se\/nacka\/wp-json\/wp\/v2\/types\/page"}],"author":[{"embeddable":true,"href":"https:\/\/montessorimondial.se\/nacka\/wp-json\/wp\/v2\/users\/1"}],"replies":[{"embeddable":true,"href":"https:\/\/montessorimondial.se\/nacka\/wp-json\/wp\/v2\/comments?post=28"}],"version-history":[{"count":10,"href":"https:\/\/montessorimondial.se\/nacka\/wp-json\/wp\/v2\/pages\/28\/revisions"}],"predecessor-version":[{"id":2696,"href":"https:\/\/montessorimondial.se\/nacka\/wp-json\/wp\/v2\/pages\/28\/revisions\/2696"}],"up":[{"embeddable":true,"href":"https:\/\/montessorimondial.se\/nacka\/wp-json\/wp\/v2\/pages\/20"}],"wp:attachment":[{"href":"https:\/\/montessorimondial.se\/nacka\/wp-json\/wp\/v2\/media?parent=28"}],"curies":[{"name":"wp","href":"https:\/\/api.w.org\/{rel}","templated":true}]}}