{"id":34,"date":"2020-09-01T22:08:40","date_gmt":"2020-09-01T20:08:40","guid":{"rendered":"https:\/\/montessorimondial.se\/kopieringsunderlag\/?page_id=34"},"modified":"2023-08-14T11:08:55","modified_gmt":"2023-08-14T09:08:55","slug":"skolmat","status":"publish","type":"page","link":"https:\/\/montessorimondial.se\/nacka\/om\/skolmat\/","title":{"rendered":"V\u00e5r mat"},"content":{"rendered":"\n<div class=\"wp-block-columns is-layout-flex wp-container-core-columns-layout-1 wp-block-columns-is-layout-flex\">\n<div class=\"wp-block-column is-layout-flow wp-block-column-is-layout-flow\" style=\"flex-basis:66.66%\">\n<h1 class=\"wp-block-heading\">Maten p\u00e5 Montessori Mondial Nacka<\/h1>\n\n\n\n<p   class=\"site__ingress container text-left  site__text-color--dark  site__free_text--ingress p-0\">\n\tI v\u00e5rt k\u00f6k lagas maten fr\u00e5n grunden av v\u00e5ra egna kockar som har l\u00e5ng erfarenhet fr\u00e5n restaurangbranschen. Vi arbetar alltid med f\u00e4rska r\u00e5varor av h\u00f6g kvalitet och prioriterar att handla ekologiskt.<\/p>\n\n\n\n\n\n<h2 class=\"wp-block-heading\">Vi st\u00e4ller h\u00f6ga krav p\u00e5 skolmaten<\/h2>\n\n\n\n<p>P\u00e5 Montessori Mondial vet vi att bra matvanor \u00e4r en f\u00f6ruts\u00e4ttning f\u00f6r att varje elev ska m\u00e5 bra, utvecklas och orka g\u00e5 i skolan. Elever som \u00e4ter en tillr\u00e4cklig lunch orkar koncentrera sig under lektionerna och har d\u00e4rf\u00f6r b\u00e4ttre f\u00f6ruts\u00e4ttningar att prestera bra i skolan.<\/p>\n\n\n\n<h2 class=\"wp-block-heading\">V\u00e4llagad mat i skolans egen matsal<\/h2>\n\n\n\n<p>P\u00e5 Montessori Mondial Nacka har vi ett eget k\u00f6k d\u00e4r v\u00e5ra erfarna kockar lagar maten fr\u00e5n grunden och vi ser till att undvika halvfabrikat, on\u00f6diga tillsatser och socker i maten. Vi handlar i st\u00f6rsta m\u00f6jliga m\u00e5n ekologiskt, MSC-m\u00e4rkt fisk samt svensk kyckling. Vi serverar dagligen en v\u00e4llagad ordinarie huvudr\u00e4tt och ett vegetariskt alternativ. Vi serverar fisk en till tv\u00e5 g\u00e5nger i veckan och en till tv\u00e5 dagar \u00e4r helt vegetariskt.<\/p>\n\n\n\n<h2 class=\"wp-block-heading\">Var med och p\u00e5verka skollunchen<\/h2>\n\n\n\n<p>I v\u00e5r fina matsal jobbar vi aktivt f\u00f6r att skapa en lugn trevlig och v\u00e4lkomnande milj\u00f6. Du som f\u00f6r\u00e4lder \u00e4r v\u00e4lkommen att komma och \u00e4ta hos oss med ditt barn. F\u00f6r oss \u00e4r det viktigt att v\u00e5ra elever och du som f\u00f6r\u00e4lder har m\u00f6jlighet att p\u00e5verka maten, d\u00e4rf\u00f6r tar vi g\u00e4rna emot \u00f6nskem\u00e5l om vilken mat som ska serveras under veckan.<\/p>\n\n\n\n<h2 class=\"wp-block-heading\">Matsedel och specialkost<\/h2>\n\n\n\n<p>F\u00f6r att ta del av matsedeln, logga in p\u00e5 Schoolsoft. H\u00e4r kan du \u00e4ven anm\u00e4la specialkost \u00e5t ditt barn.<\/p>\n\n\n\n<div style=\"height:45px\" aria-hidden=\"true\" class=\"wp-block-spacer\"><\/div>\n\n\n\n<p><img decoding=\"async\" class=\"wp-image-716\" style=\"width: 150px;\" src=\"https:\/\/montessorimondial.se\/wp-content\/uploads\/2022\/11\/eu-logo-skolmjolk.jpeg\" alt=\"\"><\/p>\n<\/div>\n\n\n\n<div class=\"wp-block-column is-layout-flow wp-block-column-is-layout-flow\" style=\"flex-basis:33.33%\">\n<p><\/p>\n<\/div>\n<\/div>\n\n\n\t<div\n\t\t class=\"container images-module\" >\n\t\t<div class=\"row\">\n\t\t\t<div\n\t\t\t\t\tclass=\"col-12 p-0 position-relative images_module__slideshow images_module__slideshow-container \">\n\t\t\t\t<div class=\"images_module__slide\" data-slide=\"\"\n\t\t\t\t\t data-duration=\"\"><\/div>\n\t\t\t\t\t\t\t\t\t<div\n\t\t\t\t\t\t class=\"images_module__slides \">\n\n\n\t\t\t\t\t\t<div class=\"images__wrapper\" style=\"aspect-ratio: 1200 \/ 531;\">\n\t\t\t\t\t\t\t<img decoding=\"async\" width=\"2048\" height=\"1365\" src=\"https:\/\/montessorimondial.se\/wp-content\/uploads\/sites\/14\/2023\/08\/montessori-mondialmalarhojden202305-202805-1.jpg\" class=\"images__image_ratio  \" alt=\"En kock som st\u00e5r i k\u00f6ket och f\u00f6rbereder mat\" style=\"aspect-ratio: 1200 \/ 531;object-position: center center;\" srcset=\"https:\/\/montessorimondial.se\/wp-content\/uploads\/sites\/14\/2023\/08\/montessori-mondialmalarhojden202305-202805-1.jpg 2048w, https:\/\/montessorimondial.se\/wp-content\/uploads\/sites\/14\/2023\/08\/montessori-mondialmalarhojden202305-202805-1-300x200.jpg 300w, https:\/\/montessorimondial.se\/wp-content\/uploads\/sites\/14\/2023\/08\/montessori-mondialmalarhojden202305-202805-1-400x267.jpg 400w, https:\/\/montessorimondial.se\/wp-content\/uploads\/sites\/14\/2023\/08\/montessori-mondialmalarhojden202305-202805-1-600x400.jpg 600w, https:\/\/montessorimondial.se\/wp-content\/uploads\/sites\/14\/2023\/08\/montessori-mondialmalarhojden202305-202805-1-800x533.jpg 800w, https:\/\/montessorimondial.se\/wp-content\/uploads\/sites\/14\/2023\/08\/montessori-mondialmalarhojden202305-202805-1-1024x683.jpg 1024w, https:\/\/montessorimondial.se\/wp-content\/uploads\/sites\/14\/2023\/08\/montessori-mondialmalarhojden202305-202805-1-1200x800.jpg 1200w\" sizes=\"(max-width: 2048px) 100vw, 2048px\" \/>\t\t\t\t\t\t<\/div>\n\n\t\t\t\t\t\t\n\n\t\t\t\t\t\t\t\t\t\t\t<\/div>\n\t\t\t\t\n\t\t\t\t<div class=\"images_module__container_dot\">\n\t\t\t\t\t<div style=\"text-align:center\">\n\t\t\t\t\t\t\t\t\t\t\t\t\t<span   data-i=\"0\"\n\t\t\t\t\t\t\t\t  class=\"\n\t\t\t\t\t\t\timages_module__dot\n\t\t\t\t\t\t\t\t\t\t\t\t\t\t\"\n\t\t\t\t\t\t\t><\/span>\n\t\t\t\t\t\t\t\t\t\t\t<\/div>\n\t\t\t\t<\/div>\n\n\t\t\t<\/div>\n\t\t<\/div>\n\t<\/div>\n\t\n\n\n<script>\n\tvar images_display_descriptive_text = \"\";\n<\/script>\n\n\n<div   id=\"page-relative-menu\" class=\"site__font-monospace   container_width--full_width_conIcon   d-lg-none  \">\n\n\t\t\t\n<\/div>\n","protected":false},"excerpt":{"rendered":"<p>Maten p\u00e5 Montessori Mondial Nacka Vi st\u00e4ller h\u00f6ga krav p\u00e5 skolmaten P\u00e5 Montessori Mondial vet vi att bra matvanor \u00e4r en f\u00f6ruts\u00e4ttning f\u00f6r att varje elev ska m\u00e5 bra, utvecklas och orka g\u00e5 i skolan. Elever som \u00e4ter en tillr\u00e4cklig lunch orkar koncentrera sig under lektionerna och har d\u00e4rf\u00f6r b\u00e4ttre f\u00f6ruts\u00e4ttningar att prestera bra i&#8230;<\/p>\n","protected":false},"author":1,"featured_media":0,"parent":20,"menu_order":0,"comment_status":"closed","ping_status":"closed","template":"","meta":{"footnotes":""},"yoast_head":"<!-- This site is optimized with the Yoast SEO plugin v22.0 - https:\/\/yoast.com\/wordpress\/plugins\/seo\/ -->\n<title>Skolmaten p\u00e5 v\u00e5r skola | Montessori Mondial Nacka<\/title>\n<meta name=\"description\" content=\"H\u00e4r kan du l\u00e4sa om v\u00e5r skolmat med en gr\u00f6n meny med flera valm\u00f6jligheter och en salladsbuff\u00e9. L\u00e4s om hur du best\u00e4ller specialkost.\" \/>\n<meta name=\"robots\" content=\"index, follow, max-snippet:-1, max-image-preview:large, max-video-preview:-1\" \/>\n<link rel=\"canonical\" href=\"https:\/\/montessorimondial.se\/nacka\/om\/skolmat\/\" \/>\n<meta property=\"og:locale\" content=\"sv_SE\" \/>\n<meta property=\"og:type\" content=\"article\" \/>\n<meta property=\"og:title\" content=\"Skolmaten p\u00e5 v\u00e5r skola | Montessori Mondial Nacka\" \/>\n<meta property=\"og:description\" content=\"H\u00e4r kan du l\u00e4sa om v\u00e5r skolmat med en gr\u00f6n meny med flera valm\u00f6jligheter och en salladsbuff\u00e9. L\u00e4s om hur du best\u00e4ller specialkost.\" \/>\n<meta property=\"og:url\" content=\"https:\/\/montessorimondial.se\/nacka\/om\/skolmat\/\" \/>\n<meta property=\"og:site_name\" content=\"Nacka\" \/>\n<meta property=\"article:modified_time\" content=\"2023-08-14T09:08:55+00:00\" \/>\n<meta property=\"og:image\" content=\"https:\/\/montessorimondial.se\/wp-content\/uploads\/sites\/14\/2023\/08\/montessori-mondialmalarhojden202305-202805-1-1200x630.jpg\" \/>\n<meta name=\"twitter:card\" content=\"summary_large_image\" \/>\n<meta name=\"twitter:title\" content=\"Skolmaten p\u00e5 v\u00e5r skola | Montessori Mondial Nacka\" \/>\n<meta name=\"twitter:description\" content=\"H\u00e4r kan du l\u00e4sa om v\u00e5r skolmat med en gr\u00f6n meny med flera valm\u00f6jligheter och en salladsbuff\u00e9. L\u00e4s om hur du best\u00e4ller specialkost.\" \/>\n<meta name=\"twitter:image\" content=\"https:\/\/montessorimondial.se\/wp-content\/uploads\/sites\/14\/2023\/08\/montessori-mondialmalarhojden202305-202805-1-1200x630.jpg\" \/>\n<meta name=\"twitter:label1\" content=\"Ber\u00e4knad l\u00e4stid\" \/>\n\t<meta name=\"twitter:data1\" content=\"2 minuter\" \/>\n<script type=\"application\/ld+json\" class=\"yoast-schema-graph\">{\"@context\":\"https:\/\/schema.org\",\"@graph\":[{\"@type\":\"WebPage\",\"@id\":\"https:\/\/montessorimondial.se\/nacka\/om\/skolmat\/\",\"url\":\"https:\/\/montessorimondial.se\/nacka\/om\/skolmat\/\",\"name\":\"Skolmaten p\u00e5 v\u00e5r skola | Montessori Mondial Nacka\",\"isPartOf\":{\"@id\":\"https:\/\/montessorimondial.se\/nacka\/#website\"},\"datePublished\":\"2020-09-01T20:08:40+00:00\",\"dateModified\":\"2023-08-14T09:08:55+00:00\",\"description\":\"H\u00e4r kan du l\u00e4sa om v\u00e5r skolmat med en gr\u00f6n meny med flera valm\u00f6jligheter och en salladsbuff\u00e9. L\u00e4s om hur du best\u00e4ller specialkost.\",\"breadcrumb\":{\"@id\":\"https:\/\/montessorimondial.se\/nacka\/om\/skolmat\/#breadcrumb\"},\"inLanguage\":\"sv-SE\",\"potentialAction\":[{\"@type\":\"ReadAction\",\"target\":[\"https:\/\/montessorimondial.se\/nacka\/om\/skolmat\/\"]}]},{\"@type\":\"BreadcrumbList\",\"@id\":\"https:\/\/montessorimondial.se\/nacka\/om\/skolmat\/#breadcrumb\",\"itemListElement\":[{\"@type\":\"ListItem\",\"position\":1,\"name\":\"Start\",\"item\":\"https:\/\/montessorimondial.se\/nacka\/\"},{\"@type\":\"ListItem\",\"position\":2,\"name\":\"Om skolan\",\"item\":\"https:\/\/montessorimondial.se\/nacka\/om\/\"},{\"@type\":\"ListItem\",\"position\":3,\"name\":\"V\u00e5r mat\"}]},{\"@type\":\"WebSite\",\"@id\":\"https:\/\/montessorimondial.se\/nacka\/#website\",\"url\":\"https:\/\/montessorimondial.se\/nacka\/\",\"name\":\"Nacka\",\"description\":\"Montessori Mondial Kungsholmen\",\"potentialAction\":[{\"@type\":\"SearchAction\",\"target\":{\"@type\":\"EntryPoint\",\"urlTemplate\":\"https:\/\/montessorimondial.se\/nacka\/?s={search_term_string}\"},\"query-input\":\"required name=search_term_string\"}],\"inLanguage\":\"sv-SE\"}]}<\/script>\n<!-- \/ Yoast SEO plugin. -->","yoast_head_json":{"title":"Skolmaten p\u00e5 v\u00e5r skola | Montessori Mondial Nacka","description":"H\u00e4r kan du l\u00e4sa om v\u00e5r skolmat med en gr\u00f6n meny med flera valm\u00f6jligheter och en salladsbuff\u00e9. L\u00e4s om hur du best\u00e4ller specialkost.","robots":{"index":"index","follow":"follow","max-snippet":"max-snippet:-1","max-image-preview":"max-image-preview:large","max-video-preview":"max-video-preview:-1"},"canonical":"https:\/\/montessorimondial.se\/nacka\/om\/skolmat\/","og_locale":"sv_SE","og_type":"article","og_title":"Skolmaten p\u00e5 v\u00e5r skola | Montessori Mondial Nacka","og_description":"H\u00e4r kan du l\u00e4sa om v\u00e5r skolmat med en gr\u00f6n meny med flera valm\u00f6jligheter och en salladsbuff\u00e9. L\u00e4s om hur du best\u00e4ller specialkost.","og_url":"https:\/\/montessorimondial.se\/nacka\/om\/skolmat\/","og_site_name":"Nacka","article_modified_time":"2023-08-14T09:08:55+00:00","og_image":[{"url":"https:\/\/montessorimondial.se\/wp-content\/uploads\/sites\/14\/2023\/08\/montessori-mondialmalarhojden202305-202805-1-1200x630.jpg"}],"twitter_card":"summary_large_image","twitter_title":"Skolmaten p\u00e5 v\u00e5r skola | Montessori Mondial Nacka","twitter_description":"H\u00e4r kan du l\u00e4sa om v\u00e5r skolmat med en gr\u00f6n meny med flera valm\u00f6jligheter och en salladsbuff\u00e9. L\u00e4s om hur du best\u00e4ller specialkost.","twitter_image":"https:\/\/montessorimondial.se\/wp-content\/uploads\/sites\/14\/2023\/08\/montessori-mondialmalarhojden202305-202805-1-1200x630.jpg","twitter_misc":{"Ber\u00e4knad l\u00e4stid":"2 minuter"},"schema":{"@context":"https:\/\/schema.org","@graph":[{"@type":"WebPage","@id":"https:\/\/montessorimondial.se\/nacka\/om\/skolmat\/","url":"https:\/\/montessorimondial.se\/nacka\/om\/skolmat\/","name":"Skolmaten p\u00e5 v\u00e5r skola | Montessori Mondial Nacka","isPartOf":{"@id":"https:\/\/montessorimondial.se\/nacka\/#website"},"datePublished":"2020-09-01T20:08:40+00:00","dateModified":"2023-08-14T09:08:55+00:00","description":"H\u00e4r kan du l\u00e4sa om v\u00e5r skolmat med en gr\u00f6n meny med flera valm\u00f6jligheter och en salladsbuff\u00e9. L\u00e4s om hur du best\u00e4ller specialkost.","breadcrumb":{"@id":"https:\/\/montessorimondial.se\/nacka\/om\/skolmat\/#breadcrumb"},"inLanguage":"sv-SE","potentialAction":[{"@type":"ReadAction","target":["https:\/\/montessorimondial.se\/nacka\/om\/skolmat\/"]}]},{"@type":"BreadcrumbList","@id":"https:\/\/montessorimondial.se\/nacka\/om\/skolmat\/#breadcrumb","itemListElement":[{"@type":"ListItem","position":1,"name":"Start","item":"https:\/\/montessorimondial.se\/nacka\/"},{"@type":"ListItem","position":2,"name":"Om skolan","item":"https:\/\/montessorimondial.se\/nacka\/om\/"},{"@type":"ListItem","position":3,"name":"V\u00e5r mat"}]},{"@type":"WebSite","@id":"https:\/\/montessorimondial.se\/nacka\/#website","url":"https:\/\/montessorimondial.se\/nacka\/","name":"Nacka","description":"Montessori Mondial Kungsholmen","potentialAction":[{"@type":"SearchAction","target":{"@type":"EntryPoint","urlTemplate":"https:\/\/montessorimondial.se\/nacka\/?s={search_term_string}"},"query-input":"required name=search_term_string"}],"inLanguage":"sv-SE"}]}},"_links":{"self":[{"href":"https:\/\/montessorimondial.se\/nacka\/wp-json\/wp\/v2\/pages\/34"}],"collection":[{"href":"https:\/\/montessorimondial.se\/nacka\/wp-json\/wp\/v2\/pages"}],"about":[{"href":"https:\/\/montessorimondial.se\/nacka\/wp-json\/wp\/v2\/types\/page"}],"author":[{"embeddable":true,"href":"https:\/\/montessorimondial.se\/nacka\/wp-json\/wp\/v2\/users\/1"}],"replies":[{"embeddable":true,"href":"https:\/\/montessorimondial.se\/nacka\/wp-json\/wp\/v2\/comments?post=34"}],"version-history":[{"count":10,"href":"https:\/\/montessorimondial.se\/nacka\/wp-json\/wp\/v2\/pages\/34\/revisions"}],"predecessor-version":[{"id":2584,"href":"https:\/\/montessorimondial.se\/nacka\/wp-json\/wp\/v2\/pages\/34\/revisions\/2584"}],"up":[{"embeddable":true,"href":"https:\/\/montessorimondial.se\/nacka\/wp-json\/wp\/v2\/pages\/20"}],"wp:attachment":[{"href":"https:\/\/montessorimondial.se\/nacka\/wp-json\/wp\/v2\/media?parent=34"}],"curies":[{"name":"wp","href":"https:\/\/api.w.org\/{rel}","templated":true}]}}