{"id":229,"date":"2020-09-23T11:14:32","date_gmt":"2020-09-23T09:14:32","guid":{"rendered":"https:\/\/montessorimondial.se\/sandskogen\/?page_id=229"},"modified":"2026-06-12T11:52:33","modified_gmt":"2026-06-12T09:52:33","slug":"startsida","status":"publish","type":"page","link":"https:\/\/montessorimondial.se\/sandskogen\/","title":{"rendered":"Startsida"},"content":{"rendered":"\n\t\n\t\n\t\n\t\n\t\n\n<section \n\tclass=\"ams-hero ams-hero--classic ams-hero--75 c-block l-stacked  \"\n\tdata-color-scheme=\"hero\"\n\tstyle=\"\">\n\t<div class=\"ams-hero__container u-items-center u-justify-center\">\n\t\t<div\n\t\t\tclass=\"ams-hero__content l-stack l-stack-xl is-center is-center@md\" >\n\t\t\t<div class=\"l-stack l-stack-lg\">\n\t\t\t\t\t\n\t<h1\n\tclass=\"c-heading u-font-large \"\n\tstyle=\"\">\n\t\t\n\t\t\t\t\t\t\t\t\tMontessori Mondial Sandskogen\n\t\t\t\t<span class=\"c-heading__sub is-below u-font-title-3\">\n\t\t\t\t\tEn f\u00f6rskola och grundskola i Ystad med montessoripedagogik\n\t\t\t\t<\/span>\n\t\t\t\t\t\t\t\n\t<\/h1>\n\n\t\t\t\t\t\t\t\t\t<div class=\"text l-stack u-font-body\">\n\t\t\t\t\t\t<p>P\u00e5 Montessori Mondial Sandskogen (tidigare Villa My Regementet) g\u00e5r ca 200 barn och elever, fr\u00e5n f\u00f6rskola till \u00e5rskurs 6. Barnens egen nyfikenhet \u00e4r v\u00e5r utg\u00e5ngspunkt \u2013 f\u00f6r vi vet att n\u00e4r deras inre drivkrafter f\u00e5r ta plats, formas trygga, sj\u00e4lvst\u00e4ndiga individer. Sj\u00e4lvtillit \u00e4r grunden f\u00f6r att vilja och v\u00e5ga l\u00e4ra hela livet.<\/p>\n\n\t\t\t\t\t<\/div>\n\t\t\t\t\t\t\t<\/div>\n\n\t\t\t\t<div class=\"ams-hero__action u-inline-items\">\n\t\t\t\t\t\t\t\n\n\n\n<a href=\"https:\/\/montessorimondial.se\/sandskogen\/om\/forskola\/\"\n\t\n\tclass=\"c-btn \"\n\tdata-style=\"rounded\"\n\tdata-size=\"md\"\n\tdata-width=\"full-mobile\"\n\tdata-variant=\"outline\"\n\ttarget=\"_self\">\n\t\t\t<span class=\"label\"> V\u00e5r f\u00f6rskola<\/span>\n\t\t\t\t\t\t\n\t<\/a>\n\t\t\t\t\t\t\t\n\n\n\n<a href=\"https:\/\/montessorimondial.se\/sandskogen\/om\/grundskola\/\"\n\t\n\tclass=\"c-btn \"\n\tdata-style=\"rounded\"\n\tdata-size=\"md\"\n\tdata-width=\"full-mobile\"\n\tdata-variant=\"outline\"\n\ttarget=\"_self\">\n\t\t\t<span class=\"label\"> V\u00e5r grundskola<\/span>\n\t\t\t\t\t\t\n\t<\/a>\n\t\t\t<\/div>\n\t\t<\/div>\n\t<\/div>\n\n\t\n\t\t\t\n\t\t\t\t\t\t\t\n\t\t\t\t<div class=\"c-bg c-bg--img\" data-settings=\"{&quot;desktop_settings&quot;:{&quot;size&quot;:&quot;cover&quot;,&quot;position&quot;:&quot;middle-center&quot;},&quot;mobile_settings&quot;:{&quot;size&quot;:&quot;cover&quot;,&quot;position&quot;:&quot;middle-center&quot;}}\" data-position=\"middle-center\" data-size=\"cover\">\n\t\t\t<img decoding=\"async\" width=\"1920\" height=\"1080\" src=\"https:\/\/montessorimondial.se\/wp-content\/uploads\/sites\/18\/2024\/02\/montessori-mondial-nacka-202305-1920x1080.jpg\" class=\"attachment-hero-lg size-hero-lg\" alt=\"Tv\u00e5 elever p\u00e5 Montessori Mondial Nacka sitter vid ett bord och tittar p\u00e5 en jordglob.\" sizes=\"(max-width: 1920px) 100vw, 1920px\" \/>\n\t\t<\/div>\n\t\t\t\n\t\t\t\t\t\t\t\n\t\t\t\t<div class=\"c-bg c-bg--img\" data-settings=\"{&quot;desktop_settings&quot;:{&quot;size&quot;:&quot;auto&quot;,&quot;position&quot;:&quot;top-right&quot;},&quot;mobile_settings&quot;:{&quot;size&quot;:&quot;auto&quot;,&quot;position&quot;:&quot;top-right&quot;}}\" data-position=\"middle-center\" data-size=\"cover\">\n\t\t\t<picture><source media=\"(min-width: 48em)\" srcset=\"https:\/\/montessorimondial.se\/wp-content\/uploads\/sites\/18\/2024\/02\/montessori-mondial-triangel-orange-hoger-topp-150x150-1.png\" sizes=\"(max-width: 150px) 100vw, 150px\" \/><source srcset=\"https:\/\/montessorimondial.se\/wp-content\/uploads\/sites\/18\/2024\/02\/montessori-mondial-triangel-orange-hoger-topp-75x75-1.png\" sizes=\"(max-width: 75px) 100vw, 75px\" \/><img decoding=\"async\" width=\"150\" height=\"150\" src=\"https:\/\/montessorimondial.se\/wp-content\/uploads\/sites\/18\/2024\/02\/montessori-mondial-triangel-orange-hoger-topp-150x150-1.png\" class=\"attachment-hero-lg size-hero-lg\" alt=\"Geometrisk form.\" sizes=\"(max-width: 150px) 100vw, 150px\" \/><\/picture>\n\t\t<\/div>\n\t\t\t\n\t\t\t\t\t\t\t\n\t\t\t\t<div class=\"c-bg c-bg--img\" data-settings=\"{&quot;desktop_settings&quot;:{&quot;size&quot;:&quot;auto&quot;,&quot;position&quot;:&quot;bottom-left&quot;},&quot;mobile_settings&quot;:{&quot;size&quot;:&quot;auto&quot;,&quot;position&quot;:&quot;bottom-left&quot;}}\" data-position=\"middle-center\" data-size=\"cover\">\n\t\t\t<picture><source media=\"(min-width: 48em)\" srcset=\"https:\/\/montessorimondial.se\/wp-content\/uploads\/sites\/18\/2024\/02\/montessori-mondial-ring-orange-vanster-botten-150x150-1.png\" sizes=\"(max-width: 150px) 100vw, 150px\" \/><source srcset=\"https:\/\/montessorimondial.se\/wp-content\/uploads\/sites\/18\/2024\/02\/montessori-mondial-ring-orange-vanster-botten-75x75-1.png\" sizes=\"(max-width: 75px) 100vw, 75px\" \/><img decoding=\"async\" width=\"150\" height=\"150\" src=\"https:\/\/montessorimondial.se\/wp-content\/uploads\/sites\/18\/2024\/02\/montessori-mondial-ring-orange-vanster-botten-150x150-1.png\" class=\"attachment-hero-lg size-hero-lg\" alt=\"Geometrisk form.\" sizes=\"(max-width: 150px) 100vw, 150px\" \/><\/picture>\n\t\t<\/div>\n\t\n<\/section>\n\n\n\n<section  class=\"ams-usp c-block l-stacked\" data-color-scheme=\"2\">\n\t<div class=\"l-container l-stack l-stack-fluid-2xl u-pt-fluid-3xl-6xl u-pb-fluid-3xl-6xl is-center is-center@md\">\n\t\t\t\t\t<div class=\"ams-usp__intro l-stack l-stack-lg\">\n\t\t\t\t\t\n\t<h2\n\tclass=\"c-heading u-font-title-1 \"\n\tstyle=\"\">\n\t\t\n\t\t\t\t\tDet h\u00e4r \u00e4r Montessori Mondial Sandskogen\n\t\t\t\t\n\t<\/h2>\n\n\t\t\t\t\t\t\t<\/div>\n\t\t\n\t\t\t<ul class=\"ams-usp__list l-grid u-justify-center u-gap-fluid-2xl-4xl\">\n\t\t\t\t\t<li class=\"l-col-6@md l-col-4@lg\">\n\t\t\t\t<article\n\t\t\t\t\tclass=\"\n\t\t\t\t\tc-card\n\t\t\t\t\thas-media-zoom\n\t\t\t\t\t\n\t\t\t\t\t\n\t\t\t\t\t\"\n\t\t\t\t\tdata-variant=\"neutral\"\n\t\t\t\t\tdata-style=\"square\"\n\t\t\t\t\t\n\t\t\t\t\t>\n\t\t\t\t\t\t\t\t\t\t\t<div class=\"c-card__content l-stack l-stack-sm u-text-center\">\n\t\t\t\t\t\t\t\t\t\t\t\t\t\t\t<h3 class=\"c-card__title u-font-title-3\">\n\t\t\t\t\t\t\t\t\t\t\t\t\t\t\t\t\t\t\t\t\t\t\t\t\t\t\t\t\t\tResultatinriktad pedagogik\n\t\t\t\t\t\t\t\t\t\t\t\t\t\t\t\t\t\t\t\t\t\t\t\t\t\t\t<\/h3>\n\t\t\t\t\t\t\t\n\t\t\t\t\t\t\t\t\t\t\t\t\t\t\t<div class=\"c-card__text l-stack-xs u-font-body\">\n\t\t\t\t\t\t\t\t\t<p>Hos oss jobbar engagerade l\u00e4rare, som genom resultatinriktad montessoripedagogik ser till att varje elev f\u00e5r uppt\u00e4cka kraften i att l\u00e4ra. V\u00e5ra pedagoger fokuserar p\u00e5 elevernas unika f\u00f6ruts\u00e4ttningar f\u00f6r utveckling.<\/p>\n\n\t\t\t\t\t\t\t\t<\/div>\n\t\t\t\t\t\t\t\t\t\t\t\t\t<\/div>\n\t\t\t\t\t\n\t\t\t\t\t<div class=\"c-card__media\">\n\t\t\t\t\t\t\t\t\t\t\t\t\t<img decoding=\"async\" width=\"400\" height=\"267\" src=\"https:\/\/montessorimondial.se\/wp-content\/uploads\/2022\/02\/montessori-mondialmalarhojden202305-2028052-1-400x267.jpg\" class=\"u-radius-round u-ratio-landscape  ams_icon_size_usp\" alt=\"Pedagog st\u00e5r bakom tv\u00e5 elever och hj\u00e4lper den ena med skolarbete\" srcset=\"https:\/\/montessorimondial.se\/wp-content\/uploads\/2022\/02\/montessori-mondialmalarhojden202305-2028052-1-400x267.jpg 400w, https:\/\/montessorimondial.se\/wp-content\/uploads\/2022\/02\/montessori-mondialmalarhojden202305-2028052-1-300x200.jpg 300w, https:\/\/montessorimondial.se\/wp-content\/uploads\/2022\/02\/montessori-mondialmalarhojden202305-2028052-1-600x400.jpg 600w, https:\/\/montessorimondial.se\/wp-content\/uploads\/2022\/02\/montessori-mondialmalarhojden202305-2028052-1-800x533.jpg 800w, https:\/\/montessorimondial.se\/wp-content\/uploads\/2022\/02\/montessori-mondialmalarhojden202305-2028052-1-1024x683.jpg 1024w, https:\/\/montessorimondial.se\/wp-content\/uploads\/2022\/02\/montessori-mondialmalarhojden202305-2028052-1-1200x800.jpg 1200w, https:\/\/montessorimondial.se\/wp-content\/uploads\/2022\/02\/montessori-mondialmalarhojden202305-2028052-1.jpg 2048w\" sizes=\"(max-width: 400px) 100vw, 400px\" \/>\n\t\t\t\t\t\t\t\t\t\t\t<\/div>\n\t\t\t\t<\/article>\n\t\t\t<\/li>\n\n\t\t\t\t\t<li class=\"l-col-6@md l-col-4@lg\">\n\t\t\t\t<article\n\t\t\t\t\tclass=\"\n\t\t\t\t\tc-card\n\t\t\t\t\thas-media-zoom\n\t\t\t\t\t\n\t\t\t\t\t\n\t\t\t\t\t\"\n\t\t\t\t\tdata-variant=\"neutral\"\n\t\t\t\t\tdata-style=\"square\"\n\t\t\t\t\t\n\t\t\t\t\t>\n\t\t\t\t\t\t\t\t\t\t\t<div class=\"c-card__content l-stack l-stack-sm u-text-center\">\n\t\t\t\t\t\t\t\t\t\t\t\t\t\t\t<h3 class=\"c-card__title u-font-title-3\">\n\t\t\t\t\t\t\t\t\t\t\t\t\t\t\t\t\t\t\t\t\t\t\t\t\t\t\t\t\t\tH\u00f6g m\u00e5luppfyllelse\n\t\t\t\t\t\t\t\t\t\t\t\t\t\t\t\t\t\t\t\t\t\t\t\t\t\t\t<\/h3>\n\t\t\t\t\t\t\t\n\t\t\t\t\t\t\t\t\t\t\t\t\t\t\t<div class=\"c-card__text l-stack-xs u-font-body\">\n\t\t\t\t\t\t\t\t\t<p>Det \u00e4r viktigt att eleverna utvecklas under hela sin skolg\u00e5ng. D\u00e4rf\u00f6r arbetar vi utifr\u00e5n vetenskaplig grund med r\u00e4tt verktyg f\u00f6r att alla elever ska ha s\u00e5 h\u00f6g m\u00e5luppfyllelse som m\u00f6jligt genom hela sin tid hos oss.<\/p>\n\n\t\t\t\t\t\t\t\t<\/div>\n\t\t\t\t\t\t\t\t\t\t\t\t\t<\/div>\n\t\t\t\t\t\n\t\t\t\t\t<div class=\"c-card__media\">\n\t\t\t\t\t\t\t\t\t\t\t\t\t<img decoding=\"async\" width=\"400\" height=\"267\" src=\"https:\/\/montessorimondial.se\/wp-content\/uploads\/2023\/08\/montessori-mondialmalarhojden202305elevmaterial78-400x267.jpg\" class=\"u-radius-round u-ratio-landscape  ams_icon_size_usp\" alt=\"Fem elever sitter och studerar\" srcset=\"https:\/\/montessorimondial.se\/wp-content\/uploads\/2023\/08\/montessori-mondialmalarhojden202305elevmaterial78-400x267.jpg 400w, https:\/\/montessorimondial.se\/wp-content\/uploads\/2023\/08\/montessori-mondialmalarhojden202305elevmaterial78-300x200.jpg 300w, https:\/\/montessorimondial.se\/wp-content\/uploads\/2023\/08\/montessori-mondialmalarhojden202305elevmaterial78-600x400.jpg 600w, https:\/\/montessorimondial.se\/wp-content\/uploads\/2023\/08\/montessori-mondialmalarhojden202305elevmaterial78-800x533.jpg 800w, https:\/\/montessorimondial.se\/wp-content\/uploads\/2023\/08\/montessori-mondialmalarhojden202305elevmaterial78-1024x683.jpg 1024w, https:\/\/montessorimondial.se\/wp-content\/uploads\/2023\/08\/montessori-mondialmalarhojden202305elevmaterial78-1200x800.jpg 1200w, https:\/\/montessorimondial.se\/wp-content\/uploads\/2023\/08\/montessori-mondialmalarhojden202305elevmaterial78.jpg 2048w\" sizes=\"(max-width: 400px) 100vw, 400px\" \/>\n\t\t\t\t\t\t\t\t\t\t\t<\/div>\n\t\t\t\t<\/article>\n\t\t\t<\/li>\n\n\t\t\t\t\t<li class=\"l-col-6@md l-col-4@lg\">\n\t\t\t\t<article\n\t\t\t\t\tclass=\"\n\t\t\t\t\tc-card\n\t\t\t\t\thas-media-zoom\n\t\t\t\t\t\n\t\t\t\t\t\n\t\t\t\t\t\"\n\t\t\t\t\tdata-variant=\"neutral\"\n\t\t\t\t\tdata-style=\"square\"\n\t\t\t\t\t\n\t\t\t\t\t>\n\t\t\t\t\t\t\t\t\t\t\t<div class=\"c-card__content l-stack l-stack-sm u-text-center\">\n\t\t\t\t\t\t\t\t\t\t\t\t\t\t\t<h3 class=\"c-card__title u-font-title-3\">\n\t\t\t\t\t\t\t\t\t\t\t\t\t\t\t\t\t\t\t\t\t\t\t\t\t\t\t\t\t\tEn optimal milj\u00f6 f\u00f6r eleverna\n\t\t\t\t\t\t\t\t\t\t\t\t\t\t\t\t\t\t\t\t\t\t\t\t\t\t\t<\/h3>\n\t\t\t\t\t\t\t\n\t\t\t\t\t\t\t\t\t\t\t\t\t\t\t<div class=\"c-card__text l-stack-xs u-font-body\">\n\t\t\t\t\t\t\t\t\t<p>F\u00f6r oss \u00e4r l\u00e4randemilj\u00f6n viktig. Den best\u00e5r av b\u00e5de fysiska och sociala faktorer f\u00f6r att skapa en trivsam tillvaro. L\u00e4randet tar plats b\u00e5de i och utanf\u00f6r klassrummet, med fokus p\u00e5 frihet under ansvar och studiero.<\/p>\n\n\t\t\t\t\t\t\t\t<\/div>\n\t\t\t\t\t\t\t\t\t\t\t\t\t<\/div>\n\t\t\t\t\t\n\t\t\t\t\t<div class=\"c-card__media\">\n\t\t\t\t\t\t\t\t\t\t\t\t\t<img decoding=\"async\" width=\"400\" height=\"400\" src=\"https:\/\/montessorimondial.se\/wp-content\/uploads\/2020\/09\/montessori-mondialmalarhojden202305-2028053-3-400x400.jpg\" class=\"u-radius-round u-ratio-landscape  ams_icon_size_usp\" alt=\"En elev som sitter och skriver\" srcset=\"https:\/\/montessorimondial.se\/wp-content\/uploads\/2020\/09\/montessori-mondialmalarhojden202305-2028053-3-400x400.jpg 400w, https:\/\/montessorimondial.se\/wp-content\/uploads\/2020\/09\/montessori-mondialmalarhojden202305-2028053-3-150x150.jpg 150w, https:\/\/montessorimondial.se\/wp-content\/uploads\/2020\/09\/montessori-mondialmalarhojden202305-2028053-3-300x300.jpg 300w, https:\/\/montessorimondial.se\/wp-content\/uploads\/2020\/09\/montessori-mondialmalarhojden202305-2028053-3-600x600.jpg 600w, https:\/\/montessorimondial.se\/wp-content\/uploads\/2020\/09\/montessori-mondialmalarhojden202305-2028053-3-800x800.jpg 800w, https:\/\/montessorimondial.se\/wp-content\/uploads\/2020\/09\/montessori-mondialmalarhojden202305-2028053-3-1024x1024.jpg 1024w, https:\/\/montessorimondial.se\/wp-content\/uploads\/2020\/09\/montessori-mondialmalarhojden202305-2028053-3.jpg 1080w\" sizes=\"(max-width: 400px) 100vw, 400px\" \/>\n\t\t\t\t\t\t\t\t\t\t\t<\/div>\n\t\t\t\t<\/article>\n\t\t\t<\/li>\n\n\t\t\t<\/ul>\n\n\t\t\t<div class=\"ams-usp__action u-inline-items\">\n\t\t\t\t\t\t\t\n\n\n\n<a href=\"https:\/\/montessorimondial.se\/sandskogen\/om\/\"\n\t\n\tclass=\"c-btn \"\n\tdata-style=\"rounded\"\n\tdata-size=\"md\"\n\tdata-width=\"full-mobile\"\n\tdata-variant=\"default\"\n\ttarget=\"_self\">\n\t\t\t<span class=\"label\"> Mer om oss<\/span>\n\t\t\t\t\t\t\n\t<\/a>\n\t\t\t<\/div>\n\t<\/div>\n\n\t\t\n\n<\/section>\n\n\n\n\t\n\t\n\t\n\n\t\n\t\n\t\t\n<section  class=\"c-block l-stacked  \" data-color-scheme=\"beige\">\n\t<div class=\"ams-fifty ams-fifty--container ams-fifty--left ams-fifty--bottom l-container u-pt-fluid-3xl-6xl u-pb-fluid-3xl-6xl\">\n\t\t<div class=\"ams-fifty__content l-stack l-stack-xl is-left is-left@lg\">\n\t\t\t<div class=\"ams-fifty__text l-stack l-stack-lg\">\n\t\t\t\t\t\n\t<h2\n\tclass=\"c-heading u-font-title-1 \"\n\tstyle=\"\">\n\t\t\n\t\t\t\t\tResultat att vara stolt \u00f6ver\n\t\t\t\t\n\t<\/h2>\n\n\t\t\t\t\t\t\t\t\t<div class=\"text l-stack u-font-body\">\n\t\t\t\t\t\t<p>P\u00e5 Montessori Mondial Sandskogen anpassar vi bepr\u00f6vad montessoripedagogik efter den senaste forskningen och arbetar utifr\u00e5n en vetenskaplig grund. N\u00e4r elever f\u00e5r utvecklas i en genomt\u00e4nkt milj\u00f6, med frihet och respekt, bygger de sj\u00e4lvst\u00e4ndighet och en stark grund f\u00f6r att bli ansvarstagande. H\u00e4r k\u00e4nner alla n\u00e4rhet till varandra och gl\u00e4dje i att l\u00e4ra och att utvecklas utifr\u00e5n sina egna f\u00f6ruts\u00e4ttningar.<\/p>\n\n\t\t\t\t\t<\/div>\n\t\t\t\t\t\t\t<\/div>\n\n\t\t\t\t<div class=\"ams-fifty__action u-inline-items\">\n\t\t\t\t\t\t\t\n\n\n\n<a href=\"https:\/\/montessorimondial.se\/sandskogen\/montessoripedagogik\/\"\n\t\n\tclass=\"c-btn \"\n\tdata-style=\"rounded\"\n\tdata-size=\"md\"\n\tdata-width=\"full-mobile\"\n\tdata-variant=\"outline\"\n\ttarget=\"_self\">\n\t\t\t<span class=\"label\"> L\u00e4s mer om montessoripedagogik<\/span>\n\t\t\t\t\t\t\n\t<\/a>\n\t\t\t<\/div>\n\t\t<\/div>\n\n\t\t <div class=\"ams-fifty__media u-ratio-widescreen\">\n\t\t \t\n\t\t\t\n\t\t\t\t\t\t\t<lite-youtube videoid=\"uh-j6kRZ5kw\" style=\"background-image: url('https:\/\/i.ytimg.com\/vi\/uh-j6kRZ5kw\/hqdefault.jpg');\">\n\t\t\t\t\t\t<button href=\"https:\/\/youtube.com\/watch?v=uh-j6kRZ5kw\" class=\"lty-playbtn\" title=\"Play Video\">\n\t\t\t\t\t\t\t<span class=\"lyt-visually-hidden\">Play Video<\/span>\n\t\t\t\t\t\t<\/button>\n\t\t\t\t\t<\/lite-youtube>\n\t\t\t\t\t<\/div>\n\t<\/div>\n\n\t\t\n\n<\/section>\n\n\n\n<section  class=\"ams-social-media-feed c-block l-stacked\">\n\t<div class=\"l-container l-stack l-stack-fluid-2xl u-pt-fluid-3xl-6xl u-pb-fluid-3xl-6xl is-center is-center@md\">\n\t\t\t\t\t<div class=\"ams-social-media-feed__intro l-stack l-stack-lg\">\n\t\t\t\t\t\n\t<h2\n\tclass=\"c-heading u-font-title-1 \"\n\tstyle=\"\">\n\t\t\n\t\t\t\t\tSE VAD SOM H\u00c4NDER HOS OSS\n\t\t\t\t\n\t<\/h2>\n\n\t\t\t\t\t\t\t<\/div>\n\t\t\n\t\t\t\t\t<div class=\"elfsight-app-64369f84-a452-4064-bb73-45b891b6ce13\"><\/div>\n\t\n\t\t\t<\/div>\n\n\t\t\n\n<\/section>\n","protected":false},"excerpt":{"rendered":"","protected":false},"author":5,"featured_media":0,"parent":0,"menu_order":0,"comment_status":"closed","ping_status":"closed","template":"","meta":{"footnotes":""},"yoast_head":"<!-- This site is optimized with the Yoast SEO plugin v22.0 - https:\/\/yoast.com\/wordpress\/plugins\/seo\/ -->\n<title>Montessori Mondial Sandskogen | Resultat att vara stolt \u00f6ver<\/title>\n<meta name=\"description\" content=\"Montessori Mondial \u00e4r skolan med fokus p\u00e5 att undervisa i resultatinriktad montessoripedagogik och ta vara p\u00e5 elevernas lust till l\u00e4rande.\" \/>\n<meta name=\"robots\" content=\"index, follow, max-snippet:-1, max-image-preview:large, max-video-preview:-1\" \/>\n<link rel=\"canonical\" href=\"https:\/\/montessorimondial.se\/sandskogen\/\" \/>\n<meta property=\"og:locale\" content=\"sv_SE\" \/>\n<meta property=\"og:type\" content=\"article\" \/>\n<meta property=\"og:title\" content=\"Montessori Mondial Sandskogen | Resultat att vara stolt \u00f6ver\" \/>\n<meta property=\"og:description\" content=\"Montessori Mondial \u00e4r skolan med fokus p\u00e5 att undervisa i resultatinriktad montessoripedagogik och ta vara p\u00e5 elevernas lust till l\u00e4rande.\" \/>\n<meta property=\"og:url\" content=\"https:\/\/montessorimondial.se\/sandskogen\/\" \/>\n<meta property=\"og:site_name\" content=\"Sandskogen\" \/>\n<meta property=\"article:modified_time\" content=\"2026-06-12T09:52:33+00:00\" \/>\n<meta name=\"twitter:card\" content=\"summary_large_image\" \/>\n<meta name=\"twitter:title\" content=\"Montessori Mondial Sandskogen | Resultat att vara stolt \u00f6ver\" \/>\n<meta name=\"twitter:description\" content=\"Montessori Mondial \u00e4r skolan med fokus p\u00e5 att undervisa i resultatinriktad montessoripedagogik och ta vara p\u00e5 elevernas lust till l\u00e4rande.\" \/>\n<meta name=\"twitter:label1\" content=\"Ber\u00e4knad l\u00e4stid\" \/>\n\t<meta name=\"twitter:data1\" content=\"2 minuter\" \/>\n<script type=\"application\/ld+json\" class=\"yoast-schema-graph\">{\"@context\":\"https:\/\/schema.org\",\"@graph\":[{\"@type\":\"WebPage\",\"@id\":\"https:\/\/montessorimondial.se\/sandskogen\/\",\"url\":\"https:\/\/montessorimondial.se\/sandskogen\/\",\"name\":\"Montessori Mondial Sandskogen | Resultat att vara stolt \u00f6ver\",\"isPartOf\":{\"@id\":\"https:\/\/montessorimondial.se\/sandskogen\/#website\"},\"datePublished\":\"2020-09-23T09:14:32+00:00\",\"dateModified\":\"2026-06-12T09:52:33+00:00\",\"description\":\"Montessori Mondial \u00e4r skolan med fokus p\u00e5 att undervisa i resultatinriktad montessoripedagogik och ta vara p\u00e5 elevernas lust till l\u00e4rande.\",\"breadcrumb\":{\"@id\":\"https:\/\/montessorimondial.se\/sandskogen\/#breadcrumb\"},\"inLanguage\":\"sv-SE\",\"potentialAction\":[{\"@type\":\"ReadAction\",\"target\":[\"https:\/\/montessorimondial.se\/sandskogen\/\"]}]},{\"@type\":\"BreadcrumbList\",\"@id\":\"https:\/\/montessorimondial.se\/sandskogen\/#breadcrumb\",\"itemListElement\":[{\"@type\":\"ListItem\",\"position\":1,\"name\":\"Start\",\"item\":\"https:\/\/montessorimondial.se\/sandskogen\/\"},{\"@type\":\"ListItem\",\"position\":2,\"name\":\"Startsida\"}]},{\"@type\":\"WebSite\",\"@id\":\"https:\/\/montessorimondial.se\/sandskogen\/#website\",\"url\":\"https:\/\/montessorimondial.se\/sandskogen\/\",\"name\":\"Sandskogen\",\"description\":\"Montessori Mondial Kungsholmen\",\"potentialAction\":[{\"@type\":\"SearchAction\",\"target\":{\"@type\":\"EntryPoint\",\"urlTemplate\":\"https:\/\/montessorimondial.se\/sandskogen\/?s={search_term_string}\"},\"query-input\":\"required name=search_term_string\"}],\"inLanguage\":\"sv-SE\"}]}<\/script>\n<!-- \/ Yoast SEO plugin. -->","yoast_head_json":{"title":"Montessori Mondial Sandskogen | Resultat att vara stolt \u00f6ver","description":"Montessori Mondial \u00e4r skolan med fokus p\u00e5 att undervisa i resultatinriktad montessoripedagogik och ta vara p\u00e5 elevernas lust till l\u00e4rande.","robots":{"index":"index","follow":"follow","max-snippet":"max-snippet:-1","max-image-preview":"max-image-preview:large","max-video-preview":"max-video-preview:-1"},"canonical":"https:\/\/montessorimondial.se\/sandskogen\/","og_locale":"sv_SE","og_type":"article","og_title":"Montessori Mondial Sandskogen | Resultat att vara stolt \u00f6ver","og_description":"Montessori Mondial \u00e4r skolan med fokus p\u00e5 att undervisa i resultatinriktad montessoripedagogik och ta vara p\u00e5 elevernas lust till l\u00e4rande.","og_url":"https:\/\/montessorimondial.se\/sandskogen\/","og_site_name":"Sandskogen","article_modified_time":"2026-06-12T09:52:33+00:00","twitter_card":"summary_large_image","twitter_title":"Montessori Mondial Sandskogen | Resultat att vara stolt \u00f6ver","twitter_description":"Montessori Mondial \u00e4r skolan med fokus p\u00e5 att undervisa i resultatinriktad montessoripedagogik och ta vara p\u00e5 elevernas lust till l\u00e4rande.","twitter_misc":{"Ber\u00e4knad l\u00e4stid":"2 minuter"},"schema":{"@context":"https:\/\/schema.org","@graph":[{"@type":"WebPage","@id":"https:\/\/montessorimondial.se\/sandskogen\/","url":"https:\/\/montessorimondial.se\/sandskogen\/","name":"Montessori Mondial Sandskogen | Resultat att vara stolt \u00f6ver","isPartOf":{"@id":"https:\/\/montessorimondial.se\/sandskogen\/#website"},"datePublished":"2020-09-23T09:14:32+00:00","dateModified":"2026-06-12T09:52:33+00:00","description":"Montessori Mondial \u00e4r skolan med fokus p\u00e5 att undervisa i resultatinriktad montessoripedagogik och ta vara p\u00e5 elevernas lust till l\u00e4rande.","breadcrumb":{"@id":"https:\/\/montessorimondial.se\/sandskogen\/#breadcrumb"},"inLanguage":"sv-SE","potentialAction":[{"@type":"ReadAction","target":["https:\/\/montessorimondial.se\/sandskogen\/"]}]},{"@type":"BreadcrumbList","@id":"https:\/\/montessorimondial.se\/sandskogen\/#breadcrumb","itemListElement":[{"@type":"ListItem","position":1,"name":"Start","item":"https:\/\/montessorimondial.se\/sandskogen\/"},{"@type":"ListItem","position":2,"name":"Startsida"}]},{"@type":"WebSite","@id":"https:\/\/montessorimondial.se\/sandskogen\/#website","url":"https:\/\/montessorimondial.se\/sandskogen\/","name":"Sandskogen","description":"Montessori Mondial Kungsholmen","potentialAction":[{"@type":"SearchAction","target":{"@type":"EntryPoint","urlTemplate":"https:\/\/montessorimondial.se\/sandskogen\/?s={search_term_string}"},"query-input":"required name=search_term_string"}],"inLanguage":"sv-SE"}]}},"_links":{"self":[{"href":"https:\/\/montessorimondial.se\/sandskogen\/wp-json\/wp\/v2\/pages\/229"}],"collection":[{"href":"https:\/\/montessorimondial.se\/sandskogen\/wp-json\/wp\/v2\/pages"}],"about":[{"href":"https:\/\/montessorimondial.se\/sandskogen\/wp-json\/wp\/v2\/types\/page"}],"author":[{"embeddable":true,"href":"https:\/\/montessorimondial.se\/sandskogen\/wp-json\/wp\/v2\/users\/5"}],"replies":[{"embeddable":true,"href":"https:\/\/montessorimondial.se\/sandskogen\/wp-json\/wp\/v2\/comments?post=229"}],"version-history":[{"count":9,"href":"https:\/\/montessorimondial.se\/sandskogen\/wp-json\/wp\/v2\/pages\/229\/revisions"}],"predecessor-version":[{"id":3159,"href":"https:\/\/montessorimondial.se\/sandskogen\/wp-json\/wp\/v2\/pages\/229\/revisions\/3159"}],"wp:attachment":[{"href":"https:\/\/montessorimondial.se\/sandskogen\/wp-json\/wp\/v2\/media?parent=229"}],"curies":[{"name":"wp","href":"https:\/\/api.w.org\/{rel}","templated":true}]}}