{"id":2722,"date":"2024-02-26T13:47:39","date_gmt":"2024-02-26T12:47:39","guid":{"rendered":"https:\/\/montessorimondial.se\/sandskogen\/?page_id=2722"},"modified":"2025-08-18T08:49:52","modified_gmt":"2025-08-18T06:49:52","slug":"artikel","status":"publish","type":"page","link":"https:\/\/montessorimondial.se\/sandskogen\/artikel\/","title":{"rendered":"Artikel"},"content":{"rendered":"\n\n\n<section  class=\"ams-article c-block l-stacked js-load-more\" data-color-scheme=\"transparent-hover-artikelkort_standard\" data-count=\"3\" data-count-mobile=\"2\">\n\t<div class=\"l-container l-stack l-stack-fluid-2xl u-pt-fluid-3xl-6xl u-pb-fluid-3xl-6xl is-center is-center@md\">\n\t\t\t\t\t<div class=\"ams-article__intro l-stack l-stack-lg\">\n\t\t\t\t\t\n\t<h1\n\tclass=\"c-heading u-font-title-1 \"\n\tstyle=\"\">\n\t\t\n\t\t\t\t\tNyheter fr\u00e5n Montessori Mondial Sandskogen\n\t\t\t\t\n\t<\/h1>\n\n\t\t\t\t\t\t\t<\/div>\n\t\t\n\t\t\t\t<div class=\"ams-filters u-inline-items c-filter\">\n\n\t\t\t\t\t<div>\n\t    \t    <div\n\t\t\t\tclass=\"c-select c-select--multi js-multi-select\"\n\t\t\t\tdata-button-class=\"c-btn c-btn--filter\"\n\t\t\t\tdata-no-selected-label=\"V\u00e4lj kategori\"\n\t\t\t\tdata-multi-selected-label=\"{n} alternativ valda\"\n\t\t\t\tdata-multi-selected-n=\"2\"\n\t\t\t\tdata-button-variant=\"outline\"\n\t\t\t\tdata-button-style=\"square\">\n\t\t\t\t\t<select class=\"c-select__input c-btn c-btn--filter\" name=\"filter-by-categories\" id=\"filter-by-categories\" multiple aria-controls=\"ams-article-list-69f56a08cb382\" data-filter=\"true\">\n\t\t\t\t\t\t\t\t\t\t\t        <option value=\"allmant\">Allm\u00e4nt<\/option>\n\t\t\t\t\t    \t\t\t\t\t        <option value=\"antagningsprocessen\">Antagningsprocessen<\/option>\n\t\t\t\t\t    \t\t\t\t\t        <option value=\"intervjuer\">Intervjuer<\/option>\n\t\t\t\t\t    \t\t\t\t\t        <option value=\"om-var-skola\">Om v\u00e5r skola<\/option>\n\t\t\t\t\t    \t\t\t\t\t<\/select>\n\t    \t        <svg class=\"ams-icon ams-icon__arrow-down\" width=\"24\" height=\"24\" viewBox=\"0 0 24 24\" fill=\"currentColor\" aria-hidden=\"true\" xmlns=\"http:\/\/www.w3.org\/2000\/svg\">\n\t    \t            <path d=\"m11.2033 18.4294-10.872894-10.67584c-.440539-.42594-.440539-1.1147 0-1.54065l.665495-.64345c.440539-.42595 1.152899-.42595 1.593439 0l9.41066 9.27114 9.4107-9.26207c.4405-.42595 1.1529-.42595 1.5934 0l.6655.64345c.4405.42594.4405 1.1147 0 1.54065l-10.8729 10.67587c-.4405.4168-1.1529.4168-1.5934-.0091z\"><\/path>\n\t    \t        <\/svg>\n\t    \t    <\/div>\n\t    \t<\/div>\n\t\t\n\t\t\t    \t<div>\n\t    \t    <div\n\t\t\t\tclass=\"c-select c-select--multi js-multi-select\"\n\t\t\t\tdata-button-class=\"c-btn c-btn--filter\"\n\t\t\t\tdata-no-selected-label=\"V\u00e4lj datum\"\n\t\t\t\tdata-multi-selected-label=\"{n} alternativ valda\"\n\t\t\t\tdata-multi-selected-n=\"2\"\n\t\t\t\tdata-button-style=\"square\"\n\t\t\t\tdata-button-variant=\"outline\">\n\t    \t        <select class=\"c-select__input c-btn c-btn--filter\" name=\"filter-by-dates\" id=\"filter-by-dates\" multiple aria-controls=\"ams-article-list-69f56a08cb382\" data-filter=\"true\">\n\t\t\t\t\t\t\t\t\t\t\t\t\t<option value=\"april-2026\">April 2026<\/option>\n\t    \t            \t\t\t\t\t\t\t<option value=\"november-2025\">November 2025<\/option>\n\t    \t            \t\t\t\t\t\t\t<option value=\"oktober-2025\">Oktober 2025<\/option>\n\t    \t            \t\t\t\t\t\t\t<option value=\"september-2025\">September 2025<\/option>\n\t    \t            \t\t\t\t\t\t\t<option value=\"augusti-2025\">Augusti 2025<\/option>\n\t    \t            \t\t\t\t\t\t\t<option value=\"maj-2025\">Maj 2025<\/option>\n\t    \t            \t\t\t\t\t\t\t<option value=\"mars-2025\">Mars 2025<\/option>\n\t    \t            \t    \t        <\/select>\n\t    \t        <svg class=\"ams-icon ams-icon__arrow-down\" width=\"24\" height=\"24\" viewBox=\"0 0 24 24\" fill=\"currentColor\" aria-hidden=\"true\" xmlns=\"http:\/\/www.w3.org\/2000\/svg\">\n\t    \t            <path d=\"m11.2033 18.4294-10.872894-10.67584c-.440539-.42594-.440539-1.1147 0-1.54065l.665495-.64345c.440539-.42595 1.152899-.42595 1.593439 0l9.41066 9.27114 9.4107-9.26207c.4405-.42595 1.1529-.42595 1.5934 0l.6655.64345c.4405.42594.4405 1.1147 0 1.54065l-10.8729 10.67587c-.4405.4168-1.1529.4168-1.5934-.0091z\"><\/path>\n\t    \t        <\/svg>\n\t    \t    <\/div>\n\t    \t<\/div>\n\t\t\n\t<\/div>\n\n\n\t    \n\t\n\t<ul id=\"ams-article-list-69f56a08cb382\" class=\"ams-article__list l-grid u-gap-2xl u-justify-center js-results js-filter\" aria-label=\"Artiklar\" data-filter-animation=\"off\">\n\t\t\t\t\t\t\t\t\t\t\t\t\t\t\t\t\t\n\t\t\t\n\t\t\t\n\t\t\t<li class=\"l-col-6@md l-col-4@lg js-filter__item\" data-filter=\"intervjuer april-2026\">\n\t\t\t\t<article class=\"c-card  has-media-zoom  \" data-variant=\"border\" data-style=\"square\" data-click-area>\n\t\t\t\t\t<div class=\"c-card__content l-stack l-stack-sm\">\n\n\t\t\t\t\t\t\t\t\t\t\t\t\t<time class=\"c-card__date u-font-small\" datetime=\"2026-04-17\">17 april, 2026<\/time>\n\t\t\t\t\t\t\n\t\t\t\t\t\t\t\t\t\t\t\t\t<h2 class=\"c-card__title u-font-title-3\">\n\t\t\t\t\t\t\t\t\t\t\t\t\t\t\t\t\t<a class=\"c-card__link\" href=\"https:\/\/montessorimondial.se\/sandskogen\/artikel\/elevroster\/\">\n\t\t\t\t\t\t\t\t\t\tElevr\u00f6ster\n\t\t\t\t\t\t\t\t\t<\/a>\n\t\t\t\t\t\t\t\t\t\t\t\t\t\t\t<\/h2>\n\t\t\t\t\t\t\n\t\t\t\t\t\t\t\t\t\t\t\t\t<p class=\"c-card__text l-stack-xs u-font-body\">\n\t\t\t\t\t\t\t\tHur \u00e4r det egentligen att g\u00e5 p\u00e5 Montessori Mondial Sandskogen? H\u00f6r v\u00e5ra elever b&#8230;\n\t\t\t\t\t\t\t<\/p>\n\t\t\t\t\t\t\n\t\t\t\t\t\t\t\t\t\t\t\t\t<ul class=\"c-card__tags l-stack-grow u-list-none u-pt-md\" aria-label=\"Kategorier\">\n\t\t\t\t\t\t\t\t\t\t\t\t\t\t\t\t\t<li><span class=\"c-tag\" data-variant=\"outline\">Intervjuer<\/span><\/li>\n\t\t\t\t\t\t\t\t\t\t\t\t\t\t\t<\/ul>\n\t\t\t\t\t\t\n\t\t\t\t\t\t<div class=\"c-card__icon\">\n\t\t\t\t\t\t\t\t\t\t\t\t\t\t<svg class=\"ams-icon ams-icon--arrow-right\" width=\"32\" height=\"32\" viewbox=\"0 0 32 32\" fill=\"currentColor\" aria-hidden=\"true\" xmlns=\"http:\/\/www.w3.org\/2000\/svg\">\n\t\t\t\t\t\t\t\t\t\t\t\t\t\t\t\t<path d=\"M15.4617 0.252159L14.9567 0.75931C14.6219 1.09545 14.6219 1.64048 14.9567 1.97669L27.7062 14.7806H0.857144C0.383786 14.7806 0 15.166 0 15.6414V16.3587C0 16.8341 0.383786 17.2195 0.857144 17.2195H27.7062L14.9567 30.0234C14.6219 30.3595 14.6219 30.9045 14.9567 31.2407L15.4617 31.7479C15.7964 32.084 16.3392 32.084 16.6739 31.7479L31.749 16.6087C32.0837 16.2725 32.0837 15.7275 31.749 15.3913L16.6739 0.252159C16.3392 -0.084053 15.7964 -0.084053 15.4617 0.252159Z\"\/>\n\t\t\t\t\t\t\t\n\t\t\t\t\t\t\t<\/svg>\n\t\t\t\t\t\t<\/div>\n\t\t\t\t\t<\/div>\n\n\t\t\t\t\t<div class=\"c-card__media \" style=\" \">\n\t\t\t\t\t\t\n\t\t\t\t\t<\/div>\n\t\t\t\t<\/article>\n\t\t\t<\/li>\n\t\t\t\t\t\t\t\t\t\t\t\t\t\t\t\t\t\n\t\t\t\n\t\t\t\n\t\t\t<li class=\"l-col-6@md l-col-4@lg js-filter__item\" data-filter=\"intervjuer november-2025\">\n\t\t\t\t<article class=\"c-card  has-media-zoom  \" data-variant=\"border\" data-style=\"square\" data-click-area>\n\t\t\t\t\t<div class=\"c-card__content l-stack l-stack-sm\">\n\n\t\t\t\t\t\t\t\t\t\t\t\t\t<time class=\"c-card__date u-font-small\" datetime=\"2025-11-14\">14 november, 2025<\/time>\n\t\t\t\t\t\t\n\t\t\t\t\t\t\t\t\t\t\t\t\t<h2 class=\"c-card__title u-font-title-3\">\n\t\t\t\t\t\t\t\t\t\t\t\t\t\t\t\t\t<a class=\"c-card__link\" href=\"https:\/\/montessorimondial.se\/sandskogen\/artikel\/pedagoger\/\">\n\t\t\t\t\t\t\t\t\t\tL\u00e4r k\u00e4nna v\u00e5ra l\u00e4rare\n\t\t\t\t\t\t\t\t\t<\/a>\n\t\t\t\t\t\t\t\t\t\t\t\t\t\t\t<\/h2>\n\t\t\t\t\t\t\n\t\t\t\t\t\t\t\t\t\t\t\t\t<p class=\"c-card__text l-stack-xs u-font-body\">\n\t\t\t\t\t\t\t\tL\u00e4r k\u00e4nna v\u00e5ra l\u00e4rare lite b\u00e4ttre. Vad tycker de \u00e4r mest givande med att jobba p&#8230;\n\t\t\t\t\t\t\t<\/p>\n\t\t\t\t\t\t\n\t\t\t\t\t\t\t\t\t\t\t\t\t<ul class=\"c-card__tags l-stack-grow u-list-none u-pt-md\" aria-label=\"Kategorier\">\n\t\t\t\t\t\t\t\t\t\t\t\t\t\t\t\t\t<li><span class=\"c-tag\" data-variant=\"outline\">Intervjuer<\/span><\/li>\n\t\t\t\t\t\t\t\t\t\t\t\t\t\t\t<\/ul>\n\t\t\t\t\t\t\n\t\t\t\t\t\t<div class=\"c-card__icon\">\n\t\t\t\t\t\t\t\t\t\t\t\t\t\t<svg class=\"ams-icon ams-icon--arrow-right\" width=\"32\" height=\"32\" viewbox=\"0 0 32 32\" fill=\"currentColor\" aria-hidden=\"true\" xmlns=\"http:\/\/www.w3.org\/2000\/svg\">\n\t\t\t\t\t\t\t\t\t\t\t\t\t\t\t\t<path d=\"M15.4617 0.252159L14.9567 0.75931C14.6219 1.09545 14.6219 1.64048 14.9567 1.97669L27.7062 14.7806H0.857144C0.383786 14.7806 0 15.166 0 15.6414V16.3587C0 16.8341 0.383786 17.2195 0.857144 17.2195H27.7062L14.9567 30.0234C14.6219 30.3595 14.6219 30.9045 14.9567 31.2407L15.4617 31.7479C15.7964 32.084 16.3392 32.084 16.6739 31.7479L31.749 16.6087C32.0837 16.2725 32.0837 15.7275 31.749 15.3913L16.6739 0.252159C16.3392 -0.084053 15.7964 -0.084053 15.4617 0.252159Z\"\/>\n\t\t\t\t\t\t\t\n\t\t\t\t\t\t\t<\/svg>\n\t\t\t\t\t\t<\/div>\n\t\t\t\t\t<\/div>\n\n\t\t\t\t\t<div class=\"c-card__media \" style=\" \">\n\t\t\t\t\t\t<img decoding=\"async\" width=\"400\" height=\"533\" src=\"https:\/\/montessorimondial.se\/wp-content\/uploads\/sites\/18\/2025\/11\/haidi-thun-400x533.jpeg\" class=\"attachment-sm size-sm\" alt=\"Personportr\u00e4tt.\" sizes=\"(min-width: 64em) 300px, (min-width: 48em) calc(.50 * (100vw - 224px)), calc(100vw - 160px)\" srcset=\"https:\/\/montessorimondial.se\/wp-content\/uploads\/sites\/18\/2025\/11\/haidi-thun-400x533.jpeg 400w, https:\/\/montessorimondial.se\/wp-content\/uploads\/sites\/18\/2025\/11\/haidi-thun-300x400.jpeg 300w, https:\/\/montessorimondial.se\/wp-content\/uploads\/sites\/18\/2025\/11\/haidi-thun.jpeg 480w\" \/>\n\t\t\t\t\t<\/div>\n\t\t\t\t<\/article>\n\t\t\t<\/li>\n\t\t\t\t\t\t\t\t\t\t\t\t\t\t\t\t\t\n\t\t\t\n\t\t\t\n\t\t\t<li class=\"l-col-6@md l-col-4@lg js-filter__item\" data-filter=\"allmant oktober-2025\">\n\t\t\t\t<article class=\"c-card  has-media-zoom  \" data-variant=\"border\" data-style=\"square\" data-click-area>\n\t\t\t\t\t<div class=\"c-card__content l-stack l-stack-sm\">\n\n\t\t\t\t\t\t\t\t\t\t\t\t\t<time class=\"c-card__date u-font-small\" datetime=\"2025-10-24\">24 oktober, 2025<\/time>\n\t\t\t\t\t\t\n\t\t\t\t\t\t\t\t\t\t\t\t\t<h2 class=\"c-card__title u-font-title-3\">\n\t\t\t\t\t\t\t\t\t\t\t\t\t\t\t\t\t<a class=\"c-card__link\" href=\"https:\/\/montessorimondial.se\/sandskogen\/artikel\/lokal\/fndagen-i-skolan\">\n\t\t\t\t\t\t\t\t\t\tElevernas nyfikenhet f\u00f6r v\u00e4rlden\n\t\t\t\t\t\t\t\t\t<\/a>\n\t\t\t\t\t\t\t\t\t\t\t\t\t\t\t<\/h2>\n\t\t\t\t\t\t\n\t\t\t\t\t\t\t\t\t\t\t\t\t<p class=\"c-card__text l-stack-xs u-font-body\">\n\t\t\t\t\t\t\t\t Fokus p\u00e5 barns r\u00e4ttigheter, globalt ansvar och h\u00e5llbar utveckling i skolan.\n\t\t\t\t\t\t\t<\/p>\n\t\t\t\t\t\t\n\t\t\t\t\t\t\t\t\t\t\t\t\t<ul class=\"c-card__tags l-stack-grow u-list-none u-pt-md\" aria-label=\"Kategorier\">\n\t\t\t\t\t\t\t\t\t\t\t\t\t\t\t\t\t<li><span class=\"c-tag\" data-variant=\"outline\">Allm\u00e4nt<\/span><\/li>\n\t\t\t\t\t\t\t\t\t\t\t\t\t\t\t<\/ul>\n\t\t\t\t\t\t\n\t\t\t\t\t\t<div class=\"c-card__icon\">\n\t\t\t\t\t\t\t\t\t\t\t\t\t\t<svg class=\"ams-icon ams-icon--arrow-right\" width=\"32\" height=\"32\" viewbox=\"0 0 32 32\" fill=\"currentColor\" aria-hidden=\"true\" xmlns=\"http:\/\/www.w3.org\/2000\/svg\">\n\t\t\t\t\t\t\t\t\t\t\t\t\t\t\t\t<path d=\"M15.4617 0.252159L14.9567 0.75931C14.6219 1.09545 14.6219 1.64048 14.9567 1.97669L27.7062 14.7806H0.857144C0.383786 14.7806 0 15.166 0 15.6414V16.3587C0 16.8341 0.383786 17.2195 0.857144 17.2195H27.7062L14.9567 30.0234C14.6219 30.3595 14.6219 30.9045 14.9567 31.2407L15.4617 31.7479C15.7964 32.084 16.3392 32.084 16.6739 31.7479L31.749 16.6087C32.0837 16.2725 32.0837 15.7275 31.749 15.3913L16.6739 0.252159C16.3392 -0.084053 15.7964 -0.084053 15.4617 0.252159Z\"\/>\n\t\t\t\t\t\t\t\n\t\t\t\t\t\t\t<\/svg>\n\t\t\t\t\t\t<\/div>\n\t\t\t\t\t<\/div>\n\n\t\t\t\t\t<div class=\"c-card__media \" style=\" \">\n\t\t\t\t\t\t<img decoding=\"async\" width=\"400\" height=\"267\" src=\"https:\/\/montessorimondial.se\/wp-content\/uploads\/2025\/10\/montessori-mondial-fndagen-sjostaden202504-400x267.jpg\" class=\"attachment-sm size-sm\" alt=\"En elev i f\u00f6rskoleklass h\u00e5ller i en jordglob och klasskompisarna sjunger i en ring runt henne.\" sizes=\"(min-width: 64em) 300px, (min-width: 48em) calc(.50 * (100vw - 224px)), calc(100vw - 160px)\" srcset=\"https:\/\/montessorimondial.se\/wp-content\/uploads\/2025\/10\/montessori-mondial-fndagen-sjostaden202504-400x267.jpg 400w, https:\/\/montessorimondial.se\/wp-content\/uploads\/2025\/10\/montessori-mondial-fndagen-sjostaden202504-300x200.jpg 300w, https:\/\/montessorimondial.se\/wp-content\/uploads\/2025\/10\/montessori-mondial-fndagen-sjostaden202504-600x400.jpg 600w, https:\/\/montessorimondial.se\/wp-content\/uploads\/2025\/10\/montessori-mondial-fndagen-sjostaden202504-800x534.jpg 800w, https:\/\/montessorimondial.se\/wp-content\/uploads\/2025\/10\/montessori-mondial-fndagen-sjostaden202504.jpg 1000w\" \/>\n\t\t\t\t\t<\/div>\n\t\t\t\t<\/article>\n\t\t\t<\/li>\n\t\t\t\t\t\t\t\t\t\t\t\t\t\t\t\t\t\n\t\t\t\n\t\t\t\n\t\t\t<li class=\"l-col-6@md l-col-4@lg js-filter__item\" data-filter=\"om-var-skola september-2025\">\n\t\t\t\t<article class=\"c-card  has-media-zoom  \" data-variant=\"border\" data-style=\"square\" data-click-area>\n\t\t\t\t\t<div class=\"c-card__content l-stack l-stack-sm\">\n\n\t\t\t\t\t\t\t\t\t\t\t\t\t<time class=\"c-card__date u-font-small\" datetime=\"2025-09-24\">24 september, 2025<\/time>\n\t\t\t\t\t\t\n\t\t\t\t\t\t\t\t\t\t\t\t\t<h2 class=\"c-card__title u-font-title-3\">\n\t\t\t\t\t\t\t\t\t\t\t\t\t\t\t\t\t<a class=\"c-card__link\" href=\"https:\/\/montessorimondial.se\/sandskogen\/artikel\/lokal\/vanliga-fragor-montessoriskola\">\n\t\t\t\t\t\t\t\t\t\tVanliga fr\u00e5gor om montessoripedagogik\n\t\t\t\t\t\t\t\t\t<\/a>\n\t\t\t\t\t\t\t\t\t\t\t\t\t\t\t<\/h2>\n\t\t\t\t\t\t\n\t\t\t\t\t\t\t\t\t\t\t\t\t<p class=\"c-card__text l-stack-xs u-font-body\">\n\t\t\t\t\t\t\t\tF\u00e5 svar p\u00e5 de vanligaste fr\u00e5gorna om montessoriskola och v\u00e5r pedagogik.\n\t\t\t\t\t\t\t<\/p>\n\t\t\t\t\t\t\n\t\t\t\t\t\t\t\t\t\t\t\t\t<ul class=\"c-card__tags l-stack-grow u-list-none u-pt-md\" aria-label=\"Kategorier\">\n\t\t\t\t\t\t\t\t\t\t\t\t\t\t\t\t\t<li><span class=\"c-tag\" data-variant=\"outline\">Om v\u00e5r skola<\/span><\/li>\n\t\t\t\t\t\t\t\t\t\t\t\t\t\t\t<\/ul>\n\t\t\t\t\t\t\n\t\t\t\t\t\t<div class=\"c-card__icon\">\n\t\t\t\t\t\t\t\t\t\t\t\t\t\t<svg class=\"ams-icon ams-icon--arrow-right\" width=\"32\" height=\"32\" viewbox=\"0 0 32 32\" fill=\"currentColor\" aria-hidden=\"true\" xmlns=\"http:\/\/www.w3.org\/2000\/svg\">\n\t\t\t\t\t\t\t\t\t\t\t\t\t\t\t\t<path d=\"M15.4617 0.252159L14.9567 0.75931C14.6219 1.09545 14.6219 1.64048 14.9567 1.97669L27.7062 14.7806H0.857144C0.383786 14.7806 0 15.166 0 15.6414V16.3587C0 16.8341 0.383786 17.2195 0.857144 17.2195H27.7062L14.9567 30.0234C14.6219 30.3595 14.6219 30.9045 14.9567 31.2407L15.4617 31.7479C15.7964 32.084 16.3392 32.084 16.6739 31.7479L31.749 16.6087C32.0837 16.2725 32.0837 15.7275 31.749 15.3913L16.6739 0.252159C16.3392 -0.084053 15.7964 -0.084053 15.4617 0.252159Z\"\/>\n\t\t\t\t\t\t\t\n\t\t\t\t\t\t\t<\/svg>\n\t\t\t\t\t\t<\/div>\n\t\t\t\t\t<\/div>\n\n\t\t\t\t\t<div class=\"c-card__media \" style=\" \">\n\t\t\t\t\t\t<img decoding=\"async\" width=\"400\" height=\"267\" src=\"https:\/\/montessorimondial.se\/wp-content\/uploads\/2025\/09\/montessori-mondialsjostaden202504forskoleklasswebb16-400x267.jpg\" class=\"attachment-sm size-sm\" alt=\"Tv\u00e5 elever l\u00e4r med hj\u00e4lp av klossar tillsammans med pedagog.\" sizes=\"(min-width: 64em) 300px, (min-width: 48em) calc(.50 * (100vw - 224px)), calc(100vw - 160px)\" srcset=\"https:\/\/montessorimondial.se\/wp-content\/uploads\/2025\/09\/montessori-mondialsjostaden202504forskoleklasswebb16-400x267.jpg 400w, https:\/\/montessorimondial.se\/wp-content\/uploads\/2025\/09\/montessori-mondialsjostaden202504forskoleklasswebb16-300x200.jpg 300w, https:\/\/montessorimondial.se\/wp-content\/uploads\/2025\/09\/montessori-mondialsjostaden202504forskoleklasswebb16-600x400.jpg 600w, https:\/\/montessorimondial.se\/wp-content\/uploads\/2025\/09\/montessori-mondialsjostaden202504forskoleklasswebb16-800x534.jpg 800w, https:\/\/montessorimondial.se\/wp-content\/uploads\/2025\/09\/montessori-mondialsjostaden202504forskoleklasswebb16.jpg 1000w\" \/>\n\t\t\t\t\t<\/div>\n\t\t\t\t<\/article>\n\t\t\t<\/li>\n\t\t\t\t\t\t\t\t\t\t\t\t\t\t\t\t\t\n\t\t\t\n\t\t\t\n\t\t\t<li class=\"l-col-6@md l-col-4@lg js-filter__item\" data-filter=\"allmant augusti-2025\">\n\t\t\t\t<article class=\"c-card  has-media-zoom  \" data-variant=\"border\" data-style=\"square\" data-click-area>\n\t\t\t\t\t<div class=\"c-card__content l-stack l-stack-sm\">\n\n\t\t\t\t\t\t\t\t\t\t\t\t\t<time class=\"c-card__date u-font-small\" datetime=\"2025-08-29\">29 augusti, 2025<\/time>\n\t\t\t\t\t\t\n\t\t\t\t\t\t\t\t\t\t\t\t\t<h2 class=\"c-card__title u-font-title-3\">\n\t\t\t\t\t\t\t\t\t\t\t\t\t\t\t\t\t<a class=\"c-card__link\" href=\"https:\/\/montessorimondial.se\/sandskogen\/artikel\/lokal\/maria-montessoridagen-2025\">\n\t\t\t\t\t\t\t\t\t\tVi firar minnet av v\u00e5r stora f\u00f6rebild!\n\t\t\t\t\t\t\t\t\t<\/a>\n\t\t\t\t\t\t\t\t\t\t\t\t\t\t\t<\/h2>\n\t\t\t\t\t\t\n\t\t\t\t\t\t\t\t\t\t\t\t\t<p class=\"c-card__text l-stack-xs u-font-body\">\n\t\t\t\t\t\t\t\tMaria Montessori satte grunden f\u00f6r v\u00e5r pedagogik.\n\t\t\t\t\t\t\t<\/p>\n\t\t\t\t\t\t\n\t\t\t\t\t\t\t\t\t\t\t\t\t<ul class=\"c-card__tags l-stack-grow u-list-none u-pt-md\" aria-label=\"Kategorier\">\n\t\t\t\t\t\t\t\t\t\t\t\t\t\t\t\t\t<li><span class=\"c-tag\" data-variant=\"outline\">Allm\u00e4nt<\/span><\/li>\n\t\t\t\t\t\t\t\t\t\t\t\t\t\t\t<\/ul>\n\t\t\t\t\t\t\n\t\t\t\t\t\t<div class=\"c-card__icon\">\n\t\t\t\t\t\t\t\t\t\t\t\t\t\t<svg class=\"ams-icon ams-icon--arrow-right\" width=\"32\" height=\"32\" viewbox=\"0 0 32 32\" fill=\"currentColor\" aria-hidden=\"true\" xmlns=\"http:\/\/www.w3.org\/2000\/svg\">\n\t\t\t\t\t\t\t\t\t\t\t\t\t\t\t\t<path d=\"M15.4617 0.252159L14.9567 0.75931C14.6219 1.09545 14.6219 1.64048 14.9567 1.97669L27.7062 14.7806H0.857144C0.383786 14.7806 0 15.166 0 15.6414V16.3587C0 16.8341 0.383786 17.2195 0.857144 17.2195H27.7062L14.9567 30.0234C14.6219 30.3595 14.6219 30.9045 14.9567 31.2407L15.4617 31.7479C15.7964 32.084 16.3392 32.084 16.6739 31.7479L31.749 16.6087C32.0837 16.2725 32.0837 15.7275 31.749 15.3913L16.6739 0.252159C16.3392 -0.084053 15.7964 -0.084053 15.4617 0.252159Z\"\/>\n\t\t\t\t\t\t\t\n\t\t\t\t\t\t\t<\/svg>\n\t\t\t\t\t\t<\/div>\n\t\t\t\t\t<\/div>\n\n\t\t\t\t\t<div class=\"c-card__media \" style=\" \">\n\t\t\t\t\t\t<img decoding=\"async\" width=\"400\" height=\"389\" src=\"https:\/\/montessorimondial.se\/wp-content\/uploads\/2025\/08\/skarmavbild-2025-08-28-kl-091610-400x389.png\" class=\"attachment-sm size-sm\" alt=\"Portr\u00e4ttm\u00e5lning av Maria Montessori\" sizes=\"(min-width: 64em) 300px, (min-width: 48em) calc(.50 * (100vw - 224px)), calc(100vw - 160px)\" srcset=\"https:\/\/montessorimondial.se\/wp-content\/uploads\/2025\/08\/skarmavbild-2025-08-28-kl-091610-400x389.png 400w, https:\/\/montessorimondial.se\/wp-content\/uploads\/2025\/08\/skarmavbild-2025-08-28-kl-091610-300x292.png 300w, https:\/\/montessorimondial.se\/wp-content\/uploads\/2025\/08\/skarmavbild-2025-08-28-kl-091610-600x584.png 600w, https:\/\/montessorimondial.se\/wp-content\/uploads\/2025\/08\/skarmavbild-2025-08-28-kl-091610-800x779.png 800w, https:\/\/montessorimondial.se\/wp-content\/uploads\/2025\/08\/skarmavbild-2025-08-28-kl-091610-1024x997.png 1024w, https:\/\/montessorimondial.se\/wp-content\/uploads\/2025\/08\/skarmavbild-2025-08-28-kl-091610.png 1194w\" \/>\n\t\t\t\t\t<\/div>\n\t\t\t\t<\/article>\n\t\t\t<\/li>\n\t\t\t\t\t\t\t\t\t\t\t\t\t\t\t\t\t\n\t\t\t\n\t\t\t\n\t\t\t<li class=\"l-col-6@md l-col-4@lg js-filter__item\" data-filter=\"allmant maj-2025\">\n\t\t\t\t<article class=\"c-card  has-media-zoom  \" data-variant=\"border\" data-style=\"square\" data-click-area>\n\t\t\t\t\t<div class=\"c-card__content l-stack l-stack-sm\">\n\n\t\t\t\t\t\t\t\t\t\t\t\t\t<time class=\"c-card__date u-font-small\" datetime=\"2025-05-15\">15 maj, 2025<\/time>\n\t\t\t\t\t\t\n\t\t\t\t\t\t\t\t\t\t\t\t\t<h2 class=\"c-card__title u-font-title-3\">\n\t\t\t\t\t\t\t\t\t\t\t\t\t\t\t\t\t<a class=\"c-card__link\" href=\"https:\/\/montessorimondial.se\/sandskogen\/artikel\/lokal\/forskolans-dag-2025\">\n\t\t\t\t\t\t\t\t\t\tF\u00f6rskolan uppm\u00e4rksammas\n\t\t\t\t\t\t\t\t\t<\/a>\n\t\t\t\t\t\t\t\t\t\t\t\t\t\t\t<\/h2>\n\t\t\t\t\t\t\n\t\t\t\t\t\t\t\t\t\t\t\t\t<p class=\"c-card__text l-stack-xs u-font-body\">\n\t\t\t\t\t\t\t\tS\u00e5 bygger barnen sj\u00e4lvf\u00f6rtroende och trygghet p\u00e5 v\u00e5r f\u00f6rskola.\n\t\t\t\t\t\t\t<\/p>\n\t\t\t\t\t\t\n\t\t\t\t\t\t\t\t\t\t\t\t\t<ul class=\"c-card__tags l-stack-grow u-list-none u-pt-md\" aria-label=\"Kategorier\">\n\t\t\t\t\t\t\t\t\t\t\t\t\t\t\t\t\t<li><span class=\"c-tag\" data-variant=\"outline\">Allm\u00e4nt<\/span><\/li>\n\t\t\t\t\t\t\t\t\t\t\t\t\t\t\t<\/ul>\n\t\t\t\t\t\t\n\t\t\t\t\t\t<div class=\"c-card__icon\">\n\t\t\t\t\t\t\t\t\t\t\t\t\t\t<svg class=\"ams-icon ams-icon--arrow-right\" width=\"32\" height=\"32\" viewbox=\"0 0 32 32\" fill=\"currentColor\" aria-hidden=\"true\" xmlns=\"http:\/\/www.w3.org\/2000\/svg\">\n\t\t\t\t\t\t\t\t\t\t\t\t\t\t\t\t<path d=\"M15.4617 0.252159L14.9567 0.75931C14.6219 1.09545 14.6219 1.64048 14.9567 1.97669L27.7062 14.7806H0.857144C0.383786 14.7806 0 15.166 0 15.6414V16.3587C0 16.8341 0.383786 17.2195 0.857144 17.2195H27.7062L14.9567 30.0234C14.6219 30.3595 14.6219 30.9045 14.9567 31.2407L15.4617 31.7479C15.7964 32.084 16.3392 32.084 16.6739 31.7479L31.749 16.6087C32.0837 16.2725 32.0837 15.7275 31.749 15.3913L16.6739 0.252159C16.3392 -0.084053 15.7964 -0.084053 15.4617 0.252159Z\"\/>\n\t\t\t\t\t\t\t\n\t\t\t\t\t\t\t<\/svg>\n\t\t\t\t\t\t<\/div>\n\t\t\t\t\t<\/div>\n\n\t\t\t\t\t<div class=\"c-card__media \" style=\" \">\n\t\t\t\t\t\t<img decoding=\"async\" width=\"400\" height=\"380\" src=\"https:\/\/montessorimondial.se\/wp-content\/uploads\/2025\/05\/montessori-mondialsjostaden202504forskolawebb27-e1750317579184-400x380.jpg\" class=\"attachment-sm size-sm\" alt=\"Pedagog pratar med f\u00f6rskolebarn utomhus.\" sizes=\"(min-width: 64em) 300px, (min-width: 48em) calc(.50 * (100vw - 224px)), calc(100vw - 160px)\" srcset=\"https:\/\/montessorimondial.se\/wp-content\/uploads\/2025\/05\/montessori-mondialsjostaden202504forskolawebb27-e1750317579184-400x380.jpg 400w, https:\/\/montessorimondial.se\/wp-content\/uploads\/2025\/05\/montessori-mondialsjostaden202504forskolawebb27-e1750317579184-300x285.jpg 300w, https:\/\/montessorimondial.se\/wp-content\/uploads\/2025\/05\/montessori-mondialsjostaden202504forskolawebb27-e1750317579184-600x570.jpg 600w, https:\/\/montessorimondial.se\/wp-content\/uploads\/2025\/05\/montessori-mondialsjostaden202504forskolawebb27-e1750317579184.jpg 701w\" \/>\n\t\t\t\t\t<\/div>\n\t\t\t\t<\/article>\n\t\t\t<\/li>\n\t\t\t\t\t\t\t\t\t\t\t\t\t\t\t\t\t\n\t\t\t\n\t\t\t\n\t\t\t<li class=\"l-col-6@md l-col-4@lg js-filter__item\" data-filter=\"om-var-skola mars-2025\">\n\t\t\t\t<article class=\"c-card  has-media-zoom  \" data-variant=\"border\" data-style=\"square\" data-click-area>\n\t\t\t\t\t<div class=\"c-card__content l-stack l-stack-sm\">\n\n\t\t\t\t\t\t\t\t\t\t\t\t\t<time class=\"c-card__date u-font-small\" datetime=\"2025-03-07\">7 mars, 2025<\/time>\n\t\t\t\t\t\t\n\t\t\t\t\t\t\t\t\t\t\t\t\t<h2 class=\"c-card__title u-font-title-3\">\n\t\t\t\t\t\t\t\t\t\t\t\t\t\t\t\t\t<a class=\"c-card__link\" href=\"https:\/\/montessorimondial.se\/sandskogen\/artikel\/lokal\/internationella-kvinnodagen\">\n\t\t\t\t\t\t\t\t\t\tMaria Montessori\n\t\t\t\t\t\t\t\t\t<\/a>\n\t\t\t\t\t\t\t\t\t\t\t\t\t\t\t<\/h2>\n\t\t\t\t\t\t\n\t\t\t\t\t\t\t\t\t\t\t\t\t<p class=\"c-card__text l-stack-xs u-font-body\">\n\t\t\t\t\t\t\t\tEn pionj\u00e4r som f\u00f6r\u00e4ndrade synen p\u00e5 utbildning och barns l\u00e4rande.\n\t\t\t\t\t\t\t<\/p>\n\t\t\t\t\t\t\n\t\t\t\t\t\t\t\t\t\t\t\t\t<ul class=\"c-card__tags l-stack-grow u-list-none u-pt-md\" aria-label=\"Kategorier\">\n\t\t\t\t\t\t\t\t\t\t\t\t\t\t\t\t\t<li><span class=\"c-tag\" data-variant=\"outline\">Om v\u00e5r skola<\/span><\/li>\n\t\t\t\t\t\t\t\t\t\t\t\t\t\t\t<\/ul>\n\t\t\t\t\t\t\n\t\t\t\t\t\t<div class=\"c-card__icon\">\n\t\t\t\t\t\t\t\t\t\t\t\t\t\t<svg class=\"ams-icon ams-icon--arrow-right\" width=\"32\" height=\"32\" viewbox=\"0 0 32 32\" fill=\"currentColor\" aria-hidden=\"true\" xmlns=\"http:\/\/www.w3.org\/2000\/svg\">\n\t\t\t\t\t\t\t\t\t\t\t\t\t\t\t\t<path d=\"M15.4617 0.252159L14.9567 0.75931C14.6219 1.09545 14.6219 1.64048 14.9567 1.97669L27.7062 14.7806H0.857144C0.383786 14.7806 0 15.166 0 15.6414V16.3587C0 16.8341 0.383786 17.2195 0.857144 17.2195H27.7062L14.9567 30.0234C14.6219 30.3595 14.6219 30.9045 14.9567 31.2407L15.4617 31.7479C15.7964 32.084 16.3392 32.084 16.6739 31.7479L31.749 16.6087C32.0837 16.2725 32.0837 15.7275 31.749 15.3913L16.6739 0.252159C16.3392 -0.084053 15.7964 -0.084053 15.4617 0.252159Z\"\/>\n\t\t\t\t\t\t\t\n\t\t\t\t\t\t\t<\/svg>\n\t\t\t\t\t\t<\/div>\n\t\t\t\t\t<\/div>\n\n\t\t\t\t\t<div class=\"c-card__media \" style=\" \">\n\t\t\t\t\t\t<img decoding=\"async\" width=\"400\" height=\"301\" src=\"https:\/\/montessorimondial.se\/wp-content\/uploads\/2024\/08\/montessori-mondial-maria-montessoridagen-400x301.jpg\" class=\"attachment-sm size-sm\" alt=\"Siluett av Maria Montessoris ansikte med vattenf\u00e4rg bakom.\" sizes=\"(min-width: 64em) 300px, (min-width: 48em) calc(.50 * (100vw - 224px)), calc(100vw - 160px)\" srcset=\"https:\/\/montessorimondial.se\/wp-content\/uploads\/2024\/08\/montessori-mondial-maria-montessoridagen-400x301.jpg 400w, https:\/\/montessorimondial.se\/wp-content\/uploads\/2024\/08\/montessori-mondial-maria-montessoridagen-300x225.jpg 300w, https:\/\/montessorimondial.se\/wp-content\/uploads\/2024\/08\/montessori-mondial-maria-montessoridagen-600x451.jpg 600w, https:\/\/montessorimondial.se\/wp-content\/uploads\/2024\/08\/montessori-mondial-maria-montessoridagen.jpg 724w\" \/>\n\t\t\t\t\t<\/div>\n\t\t\t\t<\/article>\n\t\t\t<\/li>\n\t\t\t<\/ul>\n\n\t<div class=\"no-results u-mt-0 u-hide\" data-filter-fallback-id=\"ams-article-list-69f56a08cb382\">\n\t<p>Det finns inga resultat som matchar din filtrering.<\/p>\n<\/div>\n\n\t    <div class=\"ams-article__more u-inline-items js-load-more-btn\">\n        <button href=\"#\"\n                class=\"c-btn\"\n                data-style=\"rounded\"\n                data-size=\"md\"\n                data-width=\"full-mobile\"\n                data-variant=\"outline\">\n        \tVisa fler nyheter\n        <\/button>\n    <\/div>\n\n\n\t\t\n\t\t\t<\/div>\n\n\t\t\n\n<\/section>\n","protected":false},"excerpt":{"rendered":"","protected":false},"author":32,"featured_media":0,"parent":0,"menu_order":0,"comment_status":"closed","ping_status":"closed","template":"archive-article.php","meta":{"footnotes":""},"yoast_head":"<!-- This site is optimized with the Yoast SEO plugin v22.0 - https:\/\/yoast.com\/wordpress\/plugins\/seo\/ -->\n<title>Sandskogen<\/title>\n<meta name=\"robots\" content=\"index, follow, max-snippet:-1, max-image-preview:large, max-video-preview:-1\" \/>\n<link rel=\"canonical\" href=\"https:\/\/montessorimondial.se\/sandskogen\/artikel\/\" \/>\n<meta property=\"og:locale\" content=\"sv_SE\" \/>\n<meta property=\"og:type\" content=\"article\" \/>\n<meta property=\"og:url\" content=\"https:\/\/montessorimondial.se\/sandskogen\/artikel\/\" \/>\n<meta property=\"og:site_name\" content=\"Sandskogen\" \/>\n<meta property=\"article:modified_time\" content=\"2025-08-18T06:49:52+00:00\" \/>\n<meta name=\"twitter:card\" content=\"summary_large_image\" \/>\n<meta name=\"twitter:label1\" content=\"Ber\u00e4knad l\u00e4stid\" \/>\n\t<meta name=\"twitter:data1\" content=\"1 minut\" \/>\n<script type=\"application\/ld+json\" class=\"yoast-schema-graph\">{\"@context\":\"https:\/\/schema.org\",\"@graph\":[{\"@type\":\"WebPage\",\"@id\":\"https:\/\/montessorimondial.se\/sandskogen\/artikel\/\",\"url\":\"https:\/\/montessorimondial.se\/sandskogen\/artikel\/\",\"name\":\"Artikel - Sandskogen\",\"isPartOf\":{\"@id\":\"https:\/\/montessorimondial.se\/sandskogen\/#website\"},\"datePublished\":\"2024-02-26T12:47:39+00:00\",\"dateModified\":\"2025-08-18T06:49:52+00:00\",\"breadcrumb\":{\"@id\":\"https:\/\/montessorimondial.se\/sandskogen\/artikel\/#breadcrumb\"},\"inLanguage\":\"sv-SE\",\"potentialAction\":[{\"@type\":\"ReadAction\",\"target\":[\"https:\/\/montessorimondial.se\/sandskogen\/artikel\/\"]}]},{\"@type\":\"BreadcrumbList\",\"@id\":\"https:\/\/montessorimondial.se\/sandskogen\/artikel\/#breadcrumb\",\"itemListElement\":[{\"@type\":\"ListItem\",\"position\":1,\"name\":\"Start\",\"item\":\"https:\/\/montessorimondial.se\/sandskogen\/\"},{\"@type\":\"ListItem\",\"position\":2,\"name\":\"Artikel\"}]},{\"@type\":\"WebSite\",\"@id\":\"https:\/\/montessorimondial.se\/sandskogen\/#website\",\"url\":\"https:\/\/montessorimondial.se\/sandskogen\/\",\"name\":\"Sandskogen\",\"description\":\"Montessori Mondial Kungsholmen\",\"potentialAction\":[{\"@type\":\"SearchAction\",\"target\":{\"@type\":\"EntryPoint\",\"urlTemplate\":\"https:\/\/montessorimondial.se\/sandskogen\/?s={search_term_string}\"},\"query-input\":\"required name=search_term_string\"}],\"inLanguage\":\"sv-SE\"}]}<\/script>\n<!-- \/ Yoast SEO plugin. -->","yoast_head_json":{"title":"Sandskogen","robots":{"index":"index","follow":"follow","max-snippet":"max-snippet:-1","max-image-preview":"max-image-preview:large","max-video-preview":"max-video-preview:-1"},"canonical":"https:\/\/montessorimondial.se\/sandskogen\/artikel\/","og_locale":"sv_SE","og_type":"article","og_url":"https:\/\/montessorimondial.se\/sandskogen\/artikel\/","og_site_name":"Sandskogen","article_modified_time":"2025-08-18T06:49:52+00:00","twitter_card":"summary_large_image","twitter_misc":{"Ber\u00e4knad l\u00e4stid":"1 minut"},"schema":{"@context":"https:\/\/schema.org","@graph":[{"@type":"WebPage","@id":"https:\/\/montessorimondial.se\/sandskogen\/artikel\/","url":"https:\/\/montessorimondial.se\/sandskogen\/artikel\/","name":"Artikel - Sandskogen","isPartOf":{"@id":"https:\/\/montessorimondial.se\/sandskogen\/#website"},"datePublished":"2024-02-26T12:47:39+00:00","dateModified":"2025-08-18T06:49:52+00:00","breadcrumb":{"@id":"https:\/\/montessorimondial.se\/sandskogen\/artikel\/#breadcrumb"},"inLanguage":"sv-SE","potentialAction":[{"@type":"ReadAction","target":["https:\/\/montessorimondial.se\/sandskogen\/artikel\/"]}]},{"@type":"BreadcrumbList","@id":"https:\/\/montessorimondial.se\/sandskogen\/artikel\/#breadcrumb","itemListElement":[{"@type":"ListItem","position":1,"name":"Start","item":"https:\/\/montessorimondial.se\/sandskogen\/"},{"@type":"ListItem","position":2,"name":"Artikel"}]},{"@type":"WebSite","@id":"https:\/\/montessorimondial.se\/sandskogen\/#website","url":"https:\/\/montessorimondial.se\/sandskogen\/","name":"Sandskogen","description":"Montessori Mondial Kungsholmen","potentialAction":[{"@type":"SearchAction","target":{"@type":"EntryPoint","urlTemplate":"https:\/\/montessorimondial.se\/sandskogen\/?s={search_term_string}"},"query-input":"required name=search_term_string"}],"inLanguage":"sv-SE"}]}},"_links":{"self":[{"href":"https:\/\/montessorimondial.se\/sandskogen\/wp-json\/wp\/v2\/pages\/2722"}],"collection":[{"href":"https:\/\/montessorimondial.se\/sandskogen\/wp-json\/wp\/v2\/pages"}],"about":[{"href":"https:\/\/montessorimondial.se\/sandskogen\/wp-json\/wp\/v2\/types\/page"}],"author":[{"embeddable":true,"href":"https:\/\/montessorimondial.se\/sandskogen\/wp-json\/wp\/v2\/users\/32"}],"replies":[{"embeddable":true,"href":"https:\/\/montessorimondial.se\/sandskogen\/wp-json\/wp\/v2\/comments?post=2722"}],"version-history":[{"count":8,"href":"https:\/\/montessorimondial.se\/sandskogen\/wp-json\/wp\/v2\/pages\/2722\/revisions"}],"predecessor-version":[{"id":2953,"href":"https:\/\/montessorimondial.se\/sandskogen\/wp-json\/wp\/v2\/pages\/2722\/revisions\/2953"}],"wp:attachment":[{"href":"https:\/\/montessorimondial.se\/sandskogen\/wp-json\/wp\/v2\/media?parent=2722"}],"curies":[{"name":"wp","href":"https:\/\/api.w.org\/{rel}","templated":true}]}}